{"id":5065,"date":"2022-06-20T13:46:56","date_gmt":"2022-06-20T13:46:56","guid":{"rendered":"https:\/\/asystems-backup.mediagrafik.cz\/?page_id=5065"},"modified":"2023-12-20T14:19:55","modified_gmt":"2023-12-20T14:19:55","slug":"future-talent-program","status":"publish","type":"page","link":"https:\/\/asystems-backup.mediagrafik.cz\/sk\/nase-resenia\/future-talent-program\/","title":{"rendered":"Talent program pre bud\u00facnos\u0165"},"content":{"rendered":"\n    \n    <div class=\"hero\">\n        <div class=\"hero__content content content--regular\">\n            <div class=\"hero__inside-wrapper\">\n\n                                    <p class=\"hero__subheading\">Objavte silu potenci\u00e1lu va\u0161ich talentov<\/p>\n                \n                <h1 class=\"hero__title\">Talent program pre bud\u00facnos\u0165<\/h1>\n\n                                    <p class=\"hero__text\">Talenty s\u00fa k\u013e\u00fa\u010dov\u00ed \u013eudia vo va\u0161ej organiz\u00e1cii, ktor\u00ed najviac prispievaj\u00fa k jej \u00faspechu. Ve\u013emi d\u00f4le\u017eit\u00fd je v\u0161ak dobre navrhnut\u00fd talentov\u00fd program, ktor\u00fd v nich zap\u00e1li potrebn\u00fa silu a vyu\u017eije ich potenci\u00e1l.<\/p>\n                \n                \n            <\/div>\n\n                            <img decoding=\"async\" src=\"https:\/\/asystems-backup.mediagrafik.cz\/wp-content\/themes\/asystems-new\/img\/svg\/slogan.svg\" alt=\"Slogan\" class=\"hero__slogan\">\n                    <\/div>\n\n                    <div class=\"hero__image\">\n                <img fetchpriority=\"high\" decoding=\"async\" width=\"1920\" height=\"700\" src=\"https:\/\/asystems-backup.mediagrafik.cz\/wp-content\/uploads\/2022\/06\/header-slider-bg-1920x700.jpg\" class=\"absolute-image\" alt=\"\" loading=\"eager\" srcset=\"https:\/\/asystems-backup.mediagrafik.cz\/wp-content\/uploads\/2022\/06\/header-slider-bg.jpg 1920w, https:\/\/asystems-backup.mediagrafik.cz\/wp-content\/uploads\/2022\/06\/header-slider-bg-300x109.jpg 300w, https:\/\/asystems-backup.mediagrafik.cz\/wp-content\/uploads\/2022\/06\/header-slider-bg-1024x373.jpg 1024w, https:\/\/asystems-backup.mediagrafik.cz\/wp-content\/uploads\/2022\/06\/header-slider-bg-768x280.jpg 768w, https:\/\/asystems-backup.mediagrafik.cz\/wp-content\/uploads\/2022\/06\/header-slider-bg-1536x560.jpg 1536w\" sizes=\"(max-width: 1920px) 100vw, 1920px\" \/>            <\/div>\n        \n    <\/div>\n\n\n\n<section class=\"section is-style-section--normal\">\n<div class=\"content content--regular global-style\">\n\n<h3 class=\"wp-block-heading\">Ak\u00e9 v\u00fdzvy je v tejto oblasti potrebn\u00e9 rie\u0161i\u0165<\/h3>\n\n<p>N\u00e1\u0161 &#8222;Talent program pre bud\u00facnos\u0165&#8220; vyu\u017eijete, pokia\u013e va\u0161a organiz\u00e1cia:<\/p>\n\n<ul class=\"wp-block-list\">\n<li>ch\u00e1pe<strong>\u00a0potrebu identifik\u00e1cie k\u013e\u00fa\u010dov\u00fdch bud\u00facich l\u00eddrov<\/strong>\u00a0a je pripraven\u00e1 akt\u00edvne smerova\u0165 do bud\u00facnosti<\/li>\n\n\n\n<li>prech\u00e1dza kult\u00farnou transform\u00e1ciou a chce zaisti\u0165, aby va\u0161i bud\u00faci l\u00eddri&nbsp;<strong>zodpovedali nov\u00fdm kult\u00farnym \u0161tandardom<\/strong><\/li>\n\n\n\n<li>predv\u00edda nadch\u00e1dzaj\u00facu&nbsp;<strong>genera\u010dn\u00fa obmenu<\/strong>, ktor\u00e1 je sp\u00f4soben\u00e1 technologick\u00fdmi alebo trhov\u00fdmi zmenami<\/li>\n\n\n\n<li>chce&nbsp;<strong>objavi\u0165<\/strong>&nbsp;a plne vyu\u017ei\u0165 <strong>potenci\u00e1l svojich talentov<\/strong><\/li>\n\n\n\n<li>chce si&nbsp;<strong>udr\u017ea\u0165 svojich k\u013e\u00fa\u010dov\u00fdch \u013eud\u00ed<\/strong>&nbsp;\u2013 \u0161pi\u010dkov\u00ed pracovn\u00edci a \u013eudia s vysok\u00fdm potenci\u00e1lom<\/li>\n\n\n\n<li>chce&nbsp;<strong>pride\u013eova\u0165 talenty do spr\u00e1vnych rol\u00ed<\/strong><\/li>\n<\/ul>\n\n<h2 class=\"wp-block-heading\">Ako v\u00e1m pom\u00f4\u017eeme?<\/h2>\n\n<p>Na\u0161a koncepcia je medzin\u00e1rodne osved\u010den\u00fd proces, ktor\u00fd vytv\u00e1ra priamu v\u00e4zbu na strategick\u00e9 potreby va\u0161ej spolo\u010dnosti t\u00fdm, \u017ee rozv\u00edja r\u00f4zne talenty smerom k\u00a0jej bud\u00facim potreb\u00e1m.\u00a0<strong>Pos\u00fava firemn\u00fa strat\u00e9giu na va\u0161ich \u013eud\u00ed<\/strong>, ktor\u00ed ju n\u00e1sledne aplikuj\u00fa v dlhodobom horizonte. Program bol zostaven\u00fd modul\u00e1rne, aby \u010do najlep\u0161ie zodpovedal \u0161pecifick\u00fdm potreb\u00e1m va\u0161ej organiz\u00e1cie. Metodika je zalo\u017een\u00e1 na na\u0161ich najlep\u0161\u00edch postupoch a znalostiach v oblasti rozvoja talentov a leadershipu, ktor\u00e9 sme z\u00edskali v priebehu posledn\u00fdch dvadsiatich rokoch.<\/p>\n<\/div><!--\/ .container -->\n<\/section><!--\/ .group -->\n\n\n\n                <div class=\"cta cta--blue\">\n            <div class=\"cta__content content content--regular\">\n\n                                    <div class=\"cta__text\">Vyu\u017eite potenci\u00e1l svojich talentov!<\/div>\n                \n                \n                                            <a href=\"https:\/\/sk.asystems.as\/kontakt\/\" class=\"button\" target=\"_blank\" rel=\"noopener\">Kontaktujte n\u00e1s<\/a>\n                    \n                \n            <\/div>\n        <\/div>\n    \n    \n\n\n<section class=\"section is-style-section--pattern\">\n<div class=\"content content--regular global-style\">\n\n<h2 class=\"wp-block-heading\"> Model bud\u00facich talentov<\/h2>\n\n        \n        <div class=\"model\">\n            <div class=\"model__left \">\n\n                                                    <div class=\"model__item\">\n\n                                            <h4 class=\"model__title\">1. Architekt<\/h4>\n                    \n                                            <p>Vytvorenie koncepcie, ktor\u00e1 priamo prep\u00e1ja talenty so strat\u00e9giou.<\/p>\n                    \n                <\/div>\n\n                                                    <div class=\"model__item\">\n\n                                            <h4 class=\"model__title\">2. Vyhodnotenie<\/h4>\n                    \n                                            <p>Objekt\u00edvny poh\u013ead na va\u0161e talenty v porovnan\u00ed s medzin\u00e1rodn\u00fdmi \u0161tandardmi.<\/p>\n                    \n                <\/div>\n\n                                                    <div class=\"model__item\">\n\n                                            <h4 class=\"model__title\">3. Aktiv\u00e1cia<\/h4>\n                    \n                                            <p>Rozvoj je pl\u00e1novan\u00fd so zapojen\u00edm k\u013e\u00fa\u010dov\u00fdch zainteresovan\u00fdch str\u00e1n.<\/p>\n                    \n                <\/div>\n\n                                                    <div class=\"model__item\">\n\n                                            <h4 class=\"model__title\">4. Akceler\u00e1cia<\/h4>\n                    \n                                            <p>Viacrozmern\u00fd proces rastu talentov, zameran\u00fd na identifikovan\u00e9 oblasti rozvoja.<\/p>\n                    \n                <\/div>\n\n                                                    <div class=\"model__item\">\n\n                                            <h4 class=\"model__title\">5. Zaistenie<\/h4>\n                    \n                                            <p>Vyhodnotenie v\u00fdsledkov spolu so strategick\u00fdmi cie\u013emi. Pom\u00e1ha zaisti\u0165 hodnotu talentov.<\/p>\n                    \n                <\/div>\n\n                \n            <\/div>\n\n                            <div class=\"model__right\">\n                    <img decoding=\"async\" width=\"417\" height=\"417\" src=\"https:\/\/asystems-backup.mediagrafik.cz\/wp-content\/uploads\/2022\/06\/talent-model.png\" class=\"attachment-full size-full\" alt=\"\" srcset=\"https:\/\/asystems-backup.mediagrafik.cz\/wp-content\/uploads\/2022\/06\/talent-model.png 417w, https:\/\/asystems-backup.mediagrafik.cz\/wp-content\/uploads\/2022\/06\/talent-model-300x300.png 300w\" sizes=\"(max-width: 417px) 100vw, 417px\" \/>                <\/div>\n            \n        <\/div>\n\n    \n\n<h2 class=\"wp-block-heading\">Pre\u010do Assessment Systems?<\/h2>\n\n<div class=\"wp-block-columns is-layout-flex wp-container-core-columns-is-layout-9d6595d7 wp-block-columns-is-layout-flex\">\n<div class=\"wp-block-column is-layout-flow wp-block-column-is-layout-flow\">\n<ul class=\"wp-block-list\">\n<li>Implementujeme medzin\u00e1rodn\u00e9 \u0161tandardy kvality<\/li>\n\n\n\n<li>Vyu\u017e\u00edvame panel medzin\u00e1rodn\u00fdch odborn\u00edkov<\/li>\n\n\n\n<li>M\u00e1me glok\u00e1lny pr\u00edstup<\/li>\n\n\n\n<li>Zlad\u00edme obchodn\u00e9 a talentov\u00e9 ciele<\/li>\n\n\n\n<li>Identifikujeme kritick\u00e9 role<\/li>\n<\/ul>\n<\/div>\n\n\n\n<div class=\"wp-block-column is-layout-flow wp-block-column-is-layout-flow\">\n<ul class=\"wp-block-list\">\n<li>Vyh\u013ead\u00e1vame kritick\u00e9 zru\u010dnosti<\/li>\n\n\n\n<li>Kladieme v\u00e4\u010d\u0161\u00ed d\u00f4raz na rozvoj<\/li>\n\n\n\n<li>Rozv\u00edjame glob\u00e1lne talenty<\/li>\n\n\n\n<li>Vieme, \u010do rob\u00ed dobr\u00e9ho l\u00eddra<\/li>\n\n\n\n<li>M\u00e1me 20 rokov sk\u00fasenost\u00ed s&nbsp;talentmi<\/li>\n<\/ul>\n<\/div>\n<\/div>\n<\/div><!--\/ .container -->\n<\/section><!--\/ .group -->\n","protected":false},"excerpt":{"rendered":"<p>Ak\u00e9 v\u00fdzvy je v tejto oblasti potrebn\u00e9 rie\u0161i\u0165 N\u00e1\u0161 &#8222;Talent program pre bud\u00facnos\u0165&#8220; vyu\u017eijete, pokia\u013e va\u0161a organiz\u00e1cia: Ako v\u00e1m pom\u00f4\u017eeme?&#8230;<\/p>\n","protected":false},"author":2,"featured_media":2167,"parent":5050,"menu_order":1,"comment_status":"closed","ping_status":"closed","template":"","meta":{"_acf_changed":false,"footnotes":""},"class_list":["post-5065","page","type-page","status-publish","has-post-thumbnail","hentry"],"acf":[],"_links":{"self":[{"href":"https:\/\/asystems-backup.mediagrafik.cz\/sk\/wp-json\/wp\/v2\/pages\/5065","targetHints":{"allow":["GET"]}}],"collection":[{"href":"https:\/\/asystems-backup.mediagrafik.cz\/sk\/wp-json\/wp\/v2\/pages"}],"about":[{"href":"https:\/\/asystems-backup.mediagrafik.cz\/sk\/wp-json\/wp\/v2\/types\/page"}],"author":[{"embeddable":true,"href":"https:\/\/asystems-backup.mediagrafik.cz\/sk\/wp-json\/wp\/v2\/users\/2"}],"replies":[{"embeddable":true,"href":"https:\/\/asystems-backup.mediagrafik.cz\/sk\/wp-json\/wp\/v2\/comments?post=5065"}],"version-history":[{"count":9,"href":"https:\/\/asystems-backup.mediagrafik.cz\/sk\/wp-json\/wp\/v2\/pages\/5065\/revisions"}],"predecessor-version":[{"id":18202,"href":"https:\/\/asystems-backup.mediagrafik.cz\/sk\/wp-json\/wp\/v2\/pages\/5065\/revisions\/18202"}],"up":[{"embeddable":true,"href":"https:\/\/asystems-backup.mediagrafik.cz\/sk\/wp-json\/wp\/v2\/pages\/5050"}],"wp:featuredmedia":[{"embeddable":true,"href":"https:\/\/asystems-backup.mediagrafik.cz\/sk\/wp-json\/wp\/v2\/media\/2167"}],"wp:attachment":[{"href":"https:\/\/asystems-backup.mediagrafik.cz\/sk\/wp-json\/wp\/v2\/media?parent=5065"}],"curies":[{"name":"wp","href":"https:\/\/api.w.org\/{rel}","templated":true}]}}