{"id":8835,"date":"2022-07-07T12:45:03","date_gmt":"2022-07-07T12:45:03","guid":{"rendered":"https:\/\/asystems-backup.mediagrafik.cz\/?page_id=8835"},"modified":"2025-02-04T06:39:32","modified_gmt":"2025-02-04T06:39:32","slug":"arnold","status":"publish","type":"page","link":"https:\/\/asystems-backup.mediagrafik.cz\/hu\/termekek-es-szolgaltatasok\/satisfaction-surveys\/arnold\/","title":{"rendered":"Arnold"},"content":{"rendered":"<section class=\"section is-style-section--pattern\">\n<div class=\"content content--regular global-style\">\n\n<div class=\"wp-block-columns is-layout-flex wp-container-core-columns-is-layout-9d6595d7 wp-block-columns-is-layout-flex\">\n<div class=\"wp-block-column is-layout-flow wp-block-column-is-layout-flow\" style=\"flex-basis:66.66%\">\n<h1 class=\"wp-block-heading\">Arnold<\/h1>\n<\/div>\n\n\n\n<div class=\"wp-block-column is-layout-flow wp-block-column-is-layout-flow\" style=\"flex-basis:33.33%\">\n<figure class=\"wp-block-image size-full\"><img decoding=\"async\" src=\"https:\/\/asystems-backup.mediagrafik.cz\/wp-content\/uploads\/2022\/07\/arnold-1.svg\" alt=\"\" class=\"wp-image-506\"\/><\/figure>\n<\/div>\n<\/div>\n<\/div><!--\/ .container -->\n<\/section><!--\/ .group -->\n\n\n<section class=\"section is-style-section--normal\">\n<div class=\"content content--regular global-style\">\n\n            <div class=\"buttons-menu-wrapper\">\n                    <a href=\"https:\/\/asystems-backup.mediagrafik.cz\/en\/tools-and-services\/satisfaction-surveys\/\" class=\"button-menu \">Satisfaction Surveys<\/a>                    <a href=\"https:\/\/asystems-backup.mediagrafik.cz\/en\/tools-and-services\/satisfaction-surveys\/arnold\/\" class=\"button-menu \">Arnold<\/a>            <\/div>\n        \n\n<h2 class=\"wp-block-heading\">Arnold \u2013 Munkav\u00e1llal\u00f3i felm\u00e9r\u00e9sek \u00fajragondolva<\/h2>\n\n<p>V\u00e9gezzen munkav\u00e1llal\u00f3i felm\u00e9r\u00e9seket k\u00f6nnyed\u00e9n, \u00e9s juttassa el az eredm\u00e9nyeket azonnal a megfelel\u0151 emberekhez! Adjon a csapatvezet\u0151inek betekint\u00e9st a csapataikba, \u00e9s seg\u00edtsen nekik fejl\u0151dni menedzserk\u00e9nt! T\u00e1mogassa szervezete menedzsmentj\u00e9t jobb d\u00f6nt\u00e9sek meghozatal\u00e1ban!<\/p>\n\n<div class=\"wp-block-columns is-layout-flex wp-container-core-columns-is-layout-9d6595d7 wp-block-columns-is-layout-flex\">\n<div class=\"wp-block-column is-layout-flow wp-block-column-is-layout-flow\">\n<p>Arnold egy olyan chat-bot-hoz hasonl\u00f3 alkalmaz\u00e1s, ami a munkav\u00e1llal\u00f3kkal val\u00f3 kommunik\u00e1ci\u00f3ra \u00e9s online munkav\u00e1llal\u00f3i felm\u00e9r\u00e9sek megval\u00f3s\u00edt\u00e1s\u00e1ra lett kifejlesztve. A f\u0151 c\u00e9lja az, hogy a munkav\u00e1llal\u00f3i visszajelz\u00e9seket hat\u00e9kony vezet\u0151i fejleszt\u00e9sekk\u00e9 alak\u00edtsa.<\/p>\n\n\n\n<h4 class=\"wp-block-heading\">TEGYE A MUNKAV\u00c1LLAL\u00d3I FELM\u00c9R\u00c9SEKET \u00c9RT\u00c9KESEBB\u00c9 A SZERVEZET \u00c9S A MUNKAV\u00c1LLAL\u00d3K SZ\u00c1M\u00c1RA<\/h4>\n\n\n\n<ul class=\"wp-block-list\">\n<li>Online munkav\u00e1llal\u00f3i felm\u00e9r\u00e9sek okostelefonra \u00e9s sz\u00e1m\u00edt\u00f3g\u00e9pre<\/li>\n\n\n\n<li>R\u00f6vid besz\u00e9lget\u00e9sek \u2013 \u00e9rt\u00e9kes adatok percek alatt<\/li>\n\n\n\n<li>Gyakorlatba azonnal \u00e1t\u00fcltethet\u0151 online riportok<\/li>\n\n\n\n<li>Megn\u00f6vekedett v\u00e1laszad\u00e1si ar\u00e1ny<\/li>\n<\/ul>\n\n\n\n<p>Haszn\u00e1lja Arnoldot rendszeres besz\u00e9lget\u00e9sek kezdem\u00e9nyez\u00e9s\u00e9re a munkav\u00e1llal\u00f3ival, \u00e9s ford\u00edtsa \u00e1t szervezeti \u00e9s vezet\u0151i fejleszt\u00e9ss\u00e9 a kapott riportokat!<\/p>\n<\/div>\n\n\n\n<div class=\"wp-block-column is-layout-flow wp-block-column-is-layout-flow\">\n<figure class=\"wp-block-image size-full\"><img decoding=\"async\" width=\"593\" height=\"421\" src=\"https:\/\/asystems-backup.mediagrafik.cz\/wp-content\/uploads\/2022\/07\/en_head_2020.png\" alt=\"\" class=\"wp-image-995\" srcset=\"https:\/\/asystems-backup.mediagrafik.cz\/wp-content\/uploads\/2022\/07\/en_head_2020.png 593w, https:\/\/asystems-backup.mediagrafik.cz\/wp-content\/uploads\/2022\/07\/en_head_2020-300x213.png 300w\" sizes=\"(max-width: 593px) 100vw, 593px\" \/><\/figure>\n<\/div>\n<\/div>\n\n<p><\/p>\n<\/div><!--\/ .container -->\n<\/section><!--\/ .group -->\n\n\n<section class=\"section is-style-section--pattern\">\n<div class=\"content content--regular global-style\">\n\n<h2 class=\"wp-block-heading\">MIBEN TUD SEG\u00cdTENI AZ ARNOLD<\/h2>\n\n                <div class=\"columns columns--4\">\n\n                            \n                                    <div class=\"columns__item\">\n                \n                    <div class=\"columns__left columns__left--number\">\n                                                    <div class=\"columns__number\">1<\/div>\n                                            <\/div>\n                    <div class=\"columns__content\">\n                                                    <h4 class=\"columns__title\">Jav\u00edtja a munkav\u00e1llal\u00f3i felm\u00e9r\u00e9sek v\u00e1laszad\u00e1si ar\u00e1ny\u00e1t<\/h4>\n                                                                            <div class=\"columns__text\"><div class=\"et_pb_column et_pb_column_1_4 et_pb_column_5  et_pb_css_mix_blend_mode_passthrough\">\n<div class=\"et_pb_module et_pb_blurb et_pb_blurb_0  et_pb_text_align_left  et_pb_blurb_position_top et_pb_bg_layout_light\">\n<div class=\"et_pb_blurb_content\">\n<div class=\"et_pb_blurb_container\">\n<div class=\"et_pb_blurb_description\">\n<p>mert a munkav\u00e1llal\u00f3k szeretnek engem. Az \u00e1tlagos v\u00e1laszad\u00e1si ar\u00e1ny 70-80%.<\/p>\n<\/div>\n<\/div>\n<\/div>\n<\/div>\n<\/div>\n<\/div>\n                                            <\/div>\n\n                                    <\/div>\n                \n                            \n                                    <div class=\"columns__item\">\n                \n                    <div class=\"columns__left columns__left--number\">\n                                                    <div class=\"columns__number\">2<\/div>\n                                            <\/div>\n                    <div class=\"columns__content\">\n                                                    <h4 class=\"columns__title\">Seg\u00edt a vezet\u0151knek a csapatuk vezet\u00e9s\u00e9ben<\/h4>\n                                                                            <div class=\"columns__text\"><div class=\"et_pb_column et_pb_column_1_4 et_pb_column_6  et_pb_css_mix_blend_mode_passthrough\">\n<div class=\"et_pb_module et_pb_blurb et_pb_blurb_1  et_pb_text_align_left  et_pb_blurb_position_top et_pb_bg_layout_light\">\n<div class=\"et_pb_blurb_content\">\n<div class=\"et_pb_blurb_container\">\n<div class=\"et_pb_blurb_description\">\n<p>mert r\u00f6vid id\u0151n bel\u00fcl k\u00e9zhez kapj\u00e1k saj\u00e1t csapatuk eredm\u00e9nyeit.<\/p>\n<\/div>\n<\/div>\n<\/div>\n<\/div>\n<\/div>\n<\/div>\n                                            <\/div>\n\n                                    <\/div>\n                \n                            \n                                    <div class=\"columns__item\">\n                \n                    <div class=\"columns__left columns__left--number\">\n                                                    <div class=\"columns__number\">3<\/div>\n                                            <\/div>\n                    <div class=\"columns__content\">\n                                                    <h4 class=\"columns__title\">Seg\u00edt a HR-nek egy jobb munkahely kialak\u00edt\u00e1s\u00e1ban<\/h4>\n                                                                            <div class=\"columns__text\"><div class=\"et_pb_column et_pb_column_1_4 et_pb_column_7  et_pb_css_mix_blend_mode_passthrough\">\n<div class=\"et_pb_module et_pb_blurb et_pb_blurb_2  et_pb_text_align_left  et_pb_blurb_position_top et_pb_bg_layout_light\">\n<div class=\"et_pb_blurb_content\">\n<div class=\"et_pb_blurb_container\">\n<div class=\"et_pb_blurb_description\">\n<p>mert \u0151k meg\u00e9rtik, hogy a munkav\u00e1llal\u00f3k mit gondolnak \u00e9s \u00e9reznek, \u00e9s ez\u00e9rt gyorsan tudnak a visszajelz\u00e9sekre reag\u00e1lni.<\/p>\n<\/div>\n<\/div>\n<\/div>\n<\/div>\n<\/div>\n<\/div>\n                                            <\/div>\n\n                                    <\/div>\n                \n                            \n                                    <div class=\"columns__item\">\n                \n                    <div class=\"columns__left columns__left--number\">\n                                                    <div class=\"columns__number\">4<\/div>\n                                            <\/div>\n                    <div class=\"columns__content\">\n                                                    <h4 class=\"columns__title\">Seg\u00edt a fels\u0151vezet\u0151knek jobb d\u00f6nt\u00e9seket hozni<\/h4>\n                                                                            <div class=\"columns__text\"><div class=\"et_pb_section et_pb_section_3 product-services-elements button100 et_pb_with_background et_section_regular\">\n<div class=\"et_pb_row et_pb_row_4 page-bottom-padding et_pb_equal_columns et_pb_row_4col\">\n<div class=\"et_pb_column et_pb_column_1_4 et_pb_column_8  et_pb_css_mix_blend_mode_passthrough et-last-child\">\n<div class=\"et_pb_module et_pb_blurb et_pb_blurb_3  et_pb_text_align_left  et_pb_blurb_position_top et_pb_bg_layout_light\">\n<div class=\"et_pb_blurb_content\">\n<div class=\"et_pb_blurb_container\">\n<div class=\"et_pb_blurb_description\">\n<p>mert nekik val\u00f3s idej\u0171 adataik vannak az eg\u00e9sz szervezetre \u00e9s az egyes csapatokra vonatkoz\u00f3an is.<\/p>\n<\/div>\n<\/div>\n<\/div>\n<\/div>\n<\/div>\n<\/div>\n<\/div>\n<\/div>\n                                            <\/div>\n\n                                    <\/div>\n                \n            \n        <\/div>\n    \n<\/div><!--\/ .container -->\n<\/section><!--\/ .group -->\n\n\n<section class=\"section is-style-section--normal\">\n<div class=\"content content--regular global-style\">\n\n<h2 class=\"wp-block-heading\">Hogy m\u0171k\u00f6dik Arnold?<\/h2>\n\n<ul class=\"wp-block-list is-style-two-columns-list\">\n<li>Arnold teljes m\u00e9rt\u00e9kben el\u00e9rhet\u0151 online \u00e9s m\u0171k\u00f6dik b\u00e1rmely b\u00f6ng\u00e9sz\u0151ben sz\u00e1m\u00edt\u00f3g\u00e9pr\u0151l vagy okostelefonr\u00f3l.<\/li>\n\n\n\n<li>25+ t\u00e9m\u00e1b\u00f3l v\u00e1laszthat, \u00e9s \u00fagy \u00fctemezheti \u0151ket, ahogy szeretn\u00e9.<\/li>\n\n\n\n<li>Arnold felveszi a kapcsolatot minden egyes munkat\u00e1rssal, \u00e9s r\u00f6vid besz\u00e9lget\u00e9st kezdem\u00e9nyez vel\u00fck.<\/li>\n\n\n\n<li>A menedzserek a csapatuk eredm\u00e9nyeit egy napon bel\u00fcl megkapj\u00e1k. Maga Arnold automatikusan k\u00fcldi a riportot.<\/li>\n\n\n\n<li>A HR \u00e9s a menedzsment \u00f6sszefoglal\u00f3 riportot kap a szervezet eg\u00e9sz\u00e9r\u0151l.<\/li>\n<\/ul>\n\n<h2 class=\"wp-block-heading\">Good to know about Arnold employee surveys<\/h2>\n\n<ul class=\"wp-block-list is-style-two-columns-list\">\n<li>A munkav\u00e1llal\u00f3k im\u00e1dj\u00e1k Arnoldot<\/li>\n\n\n\n<li>Egy besz\u00e9lget\u00e9s hossza 5 perc<\/li>\n\n\n\n<li>Az eredm\u00e9nyeket 1 perc alatt el lehet olvasni<\/li>\n\n\n\n<li>Minden csapatvezet\u0151 szem\u00e9lyre sz\u00f3l\u00f3 riportot kap<\/li>\n\n\n\n<li>Az eredm\u00e9nyek azonnal elk\u00e9sz\u00fclnek<\/li>\n\n\n\n<li>Arnold \u00fagy lett tervezve, hogy hat\u00e1st \u00e9rjen el<\/li>\n\n\n\n<li>V\u00e1laszthat\u00f3 t\u00e9m\u00e1k<\/li>\n\n\n\n<li>GDPR kompatibilis<\/li>\n\n\n\n<li>7 nyelven el\u00e9rhet\u0151<\/li>\n<\/ul>\n\n<p><\/p>\n<\/div><!--\/ .container -->\n<\/section><!--\/ .group -->\n\n\n\n                <div class=\"cta cta--blue\">\n            <div class=\"cta__content content content--regular\">\n\n                                    <div class=\"cta__text\">TUDJON MEG T\u00d6BBET \u00c9S K\u00c9RJEN INGYENES PR\u00d3B\u00c1T!<\/div>\n                \n                \n                                            <a href=\"https:\/\/hu.asystems.as\/kapcsolatfelvetel\/\" class=\"button\" target=\"_blank\" rel=\"noopener\">Kapcsolat<\/a>\n                    \n                \n            <\/div>\n        <\/div>\n    \n    \n","protected":false},"excerpt":{"rendered":"<p>Arnold Arnold \u2013 Munkav\u00e1llal\u00f3i felm\u00e9r\u00e9sek \u00fajragondolva V\u00e9gezzen munkav\u00e1llal\u00f3i felm\u00e9r\u00e9seket k\u00f6nnyed\u00e9n, \u00e9s juttassa el az eredm\u00e9nyeket azonnal a megfelel\u0151 emberekhez! Adjon&#8230;<\/p>\n","protected":false},"author":2,"featured_media":0,"parent":11288,"menu_order":0,"comment_status":"closed","ping_status":"closed","template":"","meta":{"_acf_changed":false,"footnotes":""},"class_list":["post-8835","page","type-page","status-publish","hentry"],"acf":[],"_links":{"self":[{"href":"https:\/\/asystems-backup.mediagrafik.cz\/hu\/wp-json\/wp\/v2\/pages\/8835","targetHints":{"allow":["GET"]}}],"collection":[{"href":"https:\/\/asystems-backup.mediagrafik.cz\/hu\/wp-json\/wp\/v2\/pages"}],"about":[{"href":"https:\/\/asystems-backup.mediagrafik.cz\/hu\/wp-json\/wp\/v2\/types\/page"}],"author":[{"embeddable":true,"href":"https:\/\/asystems-backup.mediagrafik.cz\/hu\/wp-json\/wp\/v2\/users\/2"}],"replies":[{"embeddable":true,"href":"https:\/\/asystems-backup.mediagrafik.cz\/hu\/wp-json\/wp\/v2\/comments?post=8835"}],"version-history":[{"count":3,"href":"https:\/\/asystems-backup.mediagrafik.cz\/hu\/wp-json\/wp\/v2\/pages\/8835\/revisions"}],"predecessor-version":[{"id":24881,"href":"https:\/\/asystems-backup.mediagrafik.cz\/hu\/wp-json\/wp\/v2\/pages\/8835\/revisions\/24881"}],"up":[{"embeddable":true,"href":"https:\/\/asystems-backup.mediagrafik.cz\/hu\/wp-json\/wp\/v2\/pages\/11288"}],"wp:attachment":[{"href":"https:\/\/asystems-backup.mediagrafik.cz\/hu\/wp-json\/wp\/v2\/media?parent=8835"}],"curies":[{"name":"wp","href":"https:\/\/api.w.org\/{rel}","templated":true}]}}