{"id":8698,"date":"2022-06-22T12:28:14","date_gmt":"2022-06-22T12:28:14","guid":{"rendered":"https:\/\/asystems-backup.mediagrafik.cz\/?page_id=8698"},"modified":"2025-02-04T06:32:22","modified_gmt":"2025-02-04T06:32:22","slug":"people-analytics","status":"publish","type":"page","link":"https:\/\/asystems-backup.mediagrafik.cz\/hu\/megoldasaink\/people-analytics\/","title":{"rendered":"People Analytics"},"content":{"rendered":"\n    \n    <div class=\"hero\">\n        <div class=\"hero__content content content--regular\">\n            <div class=\"hero__inside-wrapper\">\n\n                                    <p class=\"hero__subheading\">Fedezze fel a People Analytics erej\u00e9t a HR \u00e1talak\u00edt\u00e1s\u00e1ban<\/p>\n                \n                <h1 class=\"hero__title\">People Analytics<\/h1>\n\n                                    <p class=\"hero__text\">Ahogy azt \u00f6n is tudja az emberekkel kapcsolatos d\u00f6nt\u00e9sek meghozatala rendk\u00edv\u00fcl neh\u00e9z. People Analytics-re van sz\u00fcks\u00e9ge, hogy felt\u00e1rja a fontos \u00f6sszef\u00fcgg\u00e9seket \u00e9s mint\u00e1kat a HR adatokban, amelyek jobb munkaer\u0151piaci d\u00f6nt\u00e9sekhez vezetnek.<\/p>\n                \n                \n            <\/div>\n\n                            <img decoding=\"async\" src=\"https:\/\/asystems-backup.mediagrafik.cz\/wp-content\/themes\/asystems-new\/img\/svg\/slogan.svg\" alt=\"Slogan\" class=\"hero__slogan\">\n                    <\/div>\n\n                    <div class=\"hero__image\">\n                <img fetchpriority=\"high\" decoding=\"async\" width=\"1918\" height=\"700\" src=\"https:\/\/asystems-backup.mediagrafik.cz\/wp-content\/uploads\/2023\/09\/landing-page-background-1918x700.jpg\" class=\"absolute-image\" alt=\"\" loading=\"eager\" \/>            <\/div>\n        \n    <\/div>\n\n\n\n<section class=\"section is-style-section--normal\">\n<div class=\"content content--regular global-style\">\n\n<h2 class=\"wp-block-heading\">Az \u00d6n People Analytics kih\u00edv\u00e1sai<\/h2>\n\n<p>Modell\u00fcnk megv\u00e1ltoztatja a kiv\u00e1laszt\u00e1s, a teljes\u00edtm\u00e9ny m\u00e9r\u00e9s\u00e9nek, a kompenz\u00e1ci\u00f3 tervez\u00e9s\u00e9nek vagy a n\u00f6veked\u00e9s felt\u00e9rk\u00e9pez\u00e9s\u00e9nek m\u00f3dj\u00e1t, valamint a tanul\u00e1s \u00e9s a megtart\u00e1s jobb ir\u00e1ny\u00edt\u00e1s\u00e1t. Adatokat gy\u0171jt\u00fcnk, modelleket hozunk l\u00e9tre \u00e9s statisztikai modellez\u00e9ssel sz\u00e1molunk nagym\u00e9ret\u0171 mint\u00e1kon, hogy a sz\u00e1mok \u00e9s t\u00e9nyek seg\u00edts\u00e9g\u00e9vel felt\u00e1rjuk a trendeket \u00e9s az okokat.<\/p>\n\n<h2 class=\"wp-block-heading\">How we help you<\/h2>\n\n<p>Koncepci\u00f3nk egy nemzetk\u00f6zileg bev\u00e1lt folyamat, amely k\u00f6zvetlen kapcsolatot teremt az \u00d6n v\u00e1llalat\u00e1nak strat\u00e9giai ig\u00e9nyeihez az\u00e1ltal, hogy a k\u00fcl\u00f6nb\u00f6z\u0151 tehets\u00e9geket a j\u00f6v\u0151beni k\u00e9pess\u00e9gig\u00e9nyek fel\u00e9 fejleszti. A strat\u00e9gi\u00e1t emberekre ford\u00edtja le, hossz\u00fa t\u00e1von \u00e9rv\u00e9nyes k\u00e9pet ny\u00fajtva az \u00d6n tehets\u00e9geir\u0151l.<\/p>\n\n<p>A program modul\u00e1risan \u00e9p\u00fcl fel, hogy a lehet\u0151 legjobban illeszkedjen az \u00d6n egyedi szervezeti ig\u00e9nyeihez. A m\u00f3dszertan a legjobb tehets\u00e9g- \u00e9s vezet\u00e9sfejleszt\u00e9si gyakorlatainkon \u00e9s az \u00e9vtizedek alatt kifejlesztett tud\u00e1sunkon alapul.<\/p>\n<\/div><!--\/ .container -->\n<\/section><!--\/ .group -->\n\n\n\n                <div class=\"cta cta--blue\">\n            <div class=\"cta__content content content--regular\">\n\n                                    <div class=\"cta__text\">Alak\u00edtsa \u00e1t a HR-t a People Analytics seg\u00edts\u00e9g\u00e9vel!<\/div>\n                \n                \n                                            <a href=\"https:\/\/hu.asystems.as\/kapcsolatfelvetel\/\" class=\"button\" target=\"_blank\" rel=\"noopener\">Kapcsolat<\/a>\n                    \n                \n            <\/div>\n        <\/div>\n    \n    \n\n\n<section class=\"section is-style-section--normal\">\n<div class=\"content content--regular global-style\">\n\n<p>A predikt\u00edv people analytics szolg\u00e1ltat\u00e1sunk olyan paradigm\u00e1kon alapul, amelyek a statisztika \u00e9s m\u00e1s adat\u00e9rtelmez\u00e9si technik\u00e1k alkalmaz\u00e1s\u00e1val, strat\u00e9giai tervez\u00e9si \u00e9s v\u00e9grehajt\u00e1si folyamatokat lehet\u0151v\u00e9 tev\u0151, megval\u00f3s\u00edthat\u00f3 aj\u00e1nl\u00e1sokat ny\u00fajtanak.<\/p>\n\n<h2 class=\"wp-block-heading\">How People Analytics transforms HR<\/h2>\n\n        \n        <div class=\"model\">\n            <div class=\"model__left  model__left--3-columns\">\n\n                                                    <div class=\"model__item\">\n\n                                            <h4 class=\"model__title\">\u00c1talak\u00edtja a HR jelent\u00e9s\u00e9t \u00e9s feladatait<\/h4>\n                    \n                    \n                <\/div>\n\n                                                    <div class=\"model__item\">\n\n                                            <h4 class=\"model__title\">\u00c1talak\u00edtja a HR \u00fczleti interakci\u00f3it<\/h4>\n                    \n                    \n                <\/div>\n\n                                                    <div class=\"model__item\">\n\n                                            <h4 class=\"model__title\">N\u00f6veli a HR szeml\u00e9let min\u0151s\u00e9g\u00e9t<\/h4>\n                    \n                    \n                <\/div>\n\n                \n            <\/div>\n\n            \n        <\/div>\n\n    \n<\/div><!--\/ .container -->\n<\/section><!--\/ .group -->\n\n\n<section class=\"section is-style-section--pattern\">\n<div class=\"content content--regular global-style\">\n\n<h2 class=\"wp-block-heading\">People analytics modulok<\/h2>\n\n        \n        <div class=\"model\">\n            <div class=\"model__left \">\n\n                                                    <div class=\"model__item\">\n\n                                            <h4 class=\"model__title\">Kapcsolja a kiv\u00e1laszt\u00e1st az \u00fczleti tev\u00e9kenys\u00e9g\u00e9hez<\/h4>\n                    \n                                            <p>Hat\u00e1rozza meg, hogy a jel\u00f6ltek mely tulajdons\u00e1gai vezetnek bizony\u00edtottan sikeres kiv\u00e1laszt\u00e1shoz, \u00f6sszpontos\u00edtson az \u00fczletet el\u0151mozd\u00edt\u00f3 krit\u00e9riumokra<\/p>\n                    \n                <\/div>\n\n                                                    <div class=\"model__item\">\n\n                                            <h4 class=\"model__title\">Hangolja a k\u00e9szs\u00e9geket az \u00fczleti tev\u00e9kenys\u00e9g\u00e9hez<\/h4>\n                    \n                                            <p>A People Analytics a kulcsa annak, hogy megtudja, milyen k\u00e9szs\u00e9gekre, szerepekre \u00e9s kompetenci\u00e1kra van sz\u00fcks\u00e9ge a szervezet\u00e9nek.<\/p>\n                    \n                <\/div>\n\n                                                    <div class=\"model__item\">\n\n                                            <h4 class=\"model__title\">Fokozza a teljes\u00edtm\u00e9nyt<\/h4>\n                    \n                                            <p>Fedezze fel a cs\u00facsteljes\u00edtm\u00e9ny f\u0151 mozgat\u00f3rug\u00f3it, \u00e9s \u00e9p\u00edtse be \u0151ket a tehets\u00e9ggondoz\u00e1si folyamatokba<\/p>\n                    \n                <\/div>\n\n                                                    <div class=\"model__item\">\n\n                                            <h4 class=\"model__title\">Kezelje a fluktu\u00e1ci\u00f3t<\/h4>\n                    \n                                            <p>Azonos\u00edtsa a lehets\u00e9ges kil\u00e9p\u0151ket, \u00e9s akad\u00e1lyozza meg, hogy a legjobb tehets\u00e9gek t\u00e1vozzanak<\/p>\n                    \n                <\/div>\n\n                \n            <\/div>\n\n                            <div class=\"model__right\">\n                    <img decoding=\"async\" src=\"https:\/\/asystems-backup.mediagrafik.cz\/wp-content\/uploads\/2022\/06\/People-analytics-modules.svg\" class=\"attachment-full size-full\" alt=\"\" \/>                <\/div>\n            \n        <\/div>\n\n    \n\n<h2 class=\"wp-block-heading\">Mi\u00e9rt v\u00e1laszd az Assesment Systems-t?<\/h2>\n\n<ul class=\"wp-block-list\">\n<li>Nemzetk\u00f6zi min\u0151s\u00e9gi szabv\u00e1nyokat alkalmazunk<\/li>\n\n\n\n<li>Nemzetk\u00f6zi adatszak\u00e9rt\u0151ket alkalmazunk<\/li>\n\n\n\n<li>Nemzetk\u00f6zi ipar\u00e1gi benchmarkokat haszn\u00e1lunk<\/li>\n\n\n\n<li>3D modelleket haszn\u00e1lunk a teljes\u00edtm\u00e9nyhez<\/li>\n\n\n\n<li>Paradigm\u00e1kon alapul\u00f3 predikt\u00edv analitik\u00e1t haszn\u00e1lunk, nem mesters\u00e9ges intelligenci\u00e1t.<\/li>\n\n\n\n<li>Felfedezz\u00fck a legjobb teljes\u00edtm\u00e9nykrit\u00e9riumokat<\/li>\n\n\n\n<li>20 \u00e9ves tapasztalatunk van a siker forr\u00e1sainak azonos\u00edt\u00e1s\u00e1ban<\/li>\n<\/ul>\n<\/div><!--\/ .container -->\n<\/section><!--\/ .group -->\n\n\n<section class=\"section is-style-section--normal\">\n<div class=\"content content--regular global-style\">\n\n<h3 class=\"wp-block-heading\">Megk\u00f6zel\u00edt\u00e9s\u00fcnk sor\u00e1n a k\u00f6vetkez\u0151 eszk\u00f6z\u00f6ket \u00e9s szolg\u00e1ltat\u00e1sokat alkalmazzuk<\/h3>\n\n                <div class=\"tools splide js-tools\">\n            <div class=\"splide__track\">\n                <div class=\"splide__list\">\n\n                                                                    <div class=\"splide__slide\">\n                            <a href=\"https:\/\/hu.asystems.as\/tools-and-services\/assessment-center-es-development-center\/development-center\/\" class=\"tools__item\" target=\"_blank\" rel=\"noopener\">\n\n                                <div class=\"tools__image\">\n                                    <img decoding=\"async\" width=\"400\" height=\"160\" src=\"https:\/\/asystems-backup.mediagrafik.cz\/wp-content\/uploads\/2022\/06\/tools.jpg\" class=\"attachment-tools-services size-tools-services\" alt=\"\" srcset=\"https:\/\/asystems-backup.mediagrafik.cz\/wp-content\/uploads\/2022\/06\/tools.jpg 400w, https:\/\/asystems-backup.mediagrafik.cz\/wp-content\/uploads\/2022\/06\/tools-300x120.jpg 300w\" sizes=\"(max-width: 400px) 100vw, 400px\" \/>                                <\/div>\n\n                                <h4 class=\"tools__title\">Development center<\/h4>\n\n                                                                    <p class=\"tools__text\">A DC objekt\u00edv eszk\u00f6z a fejleszt\u00e9si alanyok kompetenci\u00e1inak megfigyel\u00e9s\u00e9re. A DC seg\u00edts\u00e9g\u00e9vel felt\u00e1rhat\u00f3k az er\u0151ss\u00e9gek \u00e9s a fejlesztend\u0151 ter\u00fcletek, amelyek &#8230;<\/p>\n                                                            <\/a>\n                        <\/div>\n                    \n                <\/div>\n            <\/div>\n        <\/div>\n    \n\n<h3 class=\"wp-block-heading\">Kapcsol\u00f3d\u00f3 bejegyz\u00e9sek<\/h3>\n        <div class=\"related-posts js-related-posts\">\n\n            <a href=\"https:\/\/asystems-backup.mediagrafik.cz\/hu\/inspirations\/tudatos-kivalasztas-hangzatos-kifejezes-de-mennyire-megvalosithato\/\" class=\"related-posts__item\">\n    <div class=\"related-posts__image\">\n        <img decoding=\"async\" width=\"400\" height=\"240\" src=\"https:\/\/asystems-backup.mediagrafik.cz\/wp-content\/uploads\/2023\/01\/Egysegben-az-ero-2-400x240.jpg\" class=\"attachment-thumbnail size-thumbnail wp-post-image\" alt=\"\" srcset=\"https:\/\/asystems-backup.mediagrafik.cz\/wp-content\/uploads\/2023\/01\/Egysegben-az-ero-2-400x240.jpg 400w, https:\/\/asystems-backup.mediagrafik.cz\/wp-content\/uploads\/2023\/01\/Egysegben-az-ero-2-550x330.jpg 550w\" sizes=\"(max-width: 400px) 100vw, 400px\" \/>    <\/div>\n    <h4 class=\"related-posts__title\">Tudatos kiv\u00e1laszt\u00e1s \u2013 hangzatos kifejez\u00e9s, de mennyire megval\u00f3s\u00edthat\u00f3?<\/h4>\n    <div class=\"related-posts__text\"><p>A vil\u00e1g m\u00e1r \u00e9ppen kil\u00e1badozott a Covid okozta neh\u00e9zs\u00e9gekb\u0151l, mikor mindemell\u00e9 tavaly tov\u00e1bbi gazdas\u00e1gi v\u00e1ls\u00e1ggal \u00e9s a ki\u00e9lezett vil\u00e1gpolitikai helyzettel&#8230;<\/p>\n<\/div>\n\n                <div class=\"related-posts__tags\">\n                            <div class=\"related-posts__tag\">Cikkek<\/div>\n                    <\/div>\n    <\/a><a href=\"https:\/\/asystems-backup.mediagrafik.cz\/hu\/inspirations\/interju-ryne-sherman-nal\/\" class=\"related-posts__item\">\n    <div class=\"related-posts__image\">\n        <img decoding=\"async\" width=\"400\" height=\"240\" src=\"https:\/\/asystems-backup.mediagrafik.cz\/wp-content\/uploads\/2022\/09\/099118124-cybersecurity-information-priv-1-400x240.jpeg\" class=\"attachment-thumbnail size-thumbnail wp-post-image\" alt=\"\" srcset=\"https:\/\/asystems-backup.mediagrafik.cz\/wp-content\/uploads\/2022\/09\/099118124-cybersecurity-information-priv-1-400x240.jpeg 400w, https:\/\/asystems-backup.mediagrafik.cz\/wp-content\/uploads\/2022\/09\/099118124-cybersecurity-information-priv-1-550x330.jpeg 550w\" sizes=\"(max-width: 400px) 100vw, 400px\" \/>    <\/div>\n    <h4 class=\"related-posts__title\">Interj\u00fa Ryne Sherman-nal<\/h4>\n    <div class=\"related-posts__text\"><p>A sikeres csapat els\u0151sz\u00e1m\u00fa alkot\u00f3eleme a bizalom! Ryne Sherman, Chief Science Officer, Hogan Assessments Az Assessment Systems egy \u00fajabb inspir\u00e1l\u00f3&#8230;<\/p>\n<\/div>\n\n                <div class=\"related-posts__tags\">\n                            <div class=\"related-posts__tag\">Cikkek<\/div>\n                    <\/div>\n    <\/a><a href=\"https:\/\/asystems-backup.mediagrafik.cz\/hu\/inspirations\/interju-dr-robert-hogannel\/\" class=\"related-posts__item\">\n    <div class=\"related-posts__image\">\n        <img decoding=\"async\" width=\"400\" height=\"240\" src=\"https:\/\/asystems-backup.mediagrafik.cz\/wp-content\/uploads\/2022\/09\/168203139-efficiency-businessman-presses-1-400x240.jpeg\" class=\"attachment-thumbnail size-thumbnail wp-post-image\" alt=\"\" srcset=\"https:\/\/asystems-backup.mediagrafik.cz\/wp-content\/uploads\/2022\/09\/168203139-efficiency-businessman-presses-1-400x240.jpeg 400w, https:\/\/asystems-backup.mediagrafik.cz\/wp-content\/uploads\/2022\/09\/168203139-efficiency-businessman-presses-1-550x330.jpeg 550w\" sizes=\"(max-width: 400px) 100vw, 400px\" \/>    <\/div>\n    <h4 class=\"related-posts__title\">Interj\u00fa Dr. Robert Hogannel<\/h4>\n    <div class=\"related-posts__text\"><p>Egy j\u00f3 vezet\u0151 k\u00e9pes tanulni a hib\u00e1ib\u00f3l. Dr. Robert Hogan, a vil\u00e1g pszichodiagnosztik\u00e1j\u00e1nak ikonja. Az Assessment Systems egy nagyon inspir\u00e1l\u00f3&#8230;<\/p>\n<\/div>\n\n                <div class=\"related-posts__tags\">\n                            <div class=\"related-posts__tag\">Cikkek<\/div>\n                    <\/div>\n    <\/a>\n        <\/div>\n\n                \n    \n<\/div><!--\/ .container -->\n<\/section><!--\/ .group -->\n","protected":false},"excerpt":{"rendered":"<p>Az \u00d6n People Analytics kih\u00edv\u00e1sai Modell\u00fcnk megv\u00e1ltoztatja a kiv\u00e1laszt\u00e1s, a teljes\u00edtm\u00e9ny m\u00e9r\u00e9s\u00e9nek, a kompenz\u00e1ci\u00f3 tervez\u00e9s\u00e9nek vagy a n\u00f6veked\u00e9s felt\u00e9rk\u00e9pez\u00e9s\u00e9nek m\u00f3dj\u00e1t,&#8230;<\/p>\n","protected":false},"author":2,"featured_media":0,"parent":5785,"menu_order":1,"comment_status":"closed","ping_status":"closed","template":"","meta":{"_acf_changed":false,"footnotes":""},"class_list":["post-8698","page","type-page","status-publish","hentry"],"acf":[],"_links":{"self":[{"href":"https:\/\/asystems-backup.mediagrafik.cz\/hu\/wp-json\/wp\/v2\/pages\/8698","targetHints":{"allow":["GET"]}}],"collection":[{"href":"https:\/\/asystems-backup.mediagrafik.cz\/hu\/wp-json\/wp\/v2\/pages"}],"about":[{"href":"https:\/\/asystems-backup.mediagrafik.cz\/hu\/wp-json\/wp\/v2\/types\/page"}],"author":[{"embeddable":true,"href":"https:\/\/asystems-backup.mediagrafik.cz\/hu\/wp-json\/wp\/v2\/users\/2"}],"replies":[{"embeddable":true,"href":"https:\/\/asystems-backup.mediagrafik.cz\/hu\/wp-json\/wp\/v2\/comments?post=8698"}],"version-history":[{"count":18,"href":"https:\/\/asystems-backup.mediagrafik.cz\/hu\/wp-json\/wp\/v2\/pages\/8698\/revisions"}],"predecessor-version":[{"id":24875,"href":"https:\/\/asystems-backup.mediagrafik.cz\/hu\/wp-json\/wp\/v2\/pages\/8698\/revisions\/24875"}],"up":[{"embeddable":true,"href":"https:\/\/asystems-backup.mediagrafik.cz\/hu\/wp-json\/wp\/v2\/pages\/5785"}],"wp:attachment":[{"href":"https:\/\/asystems-backup.mediagrafik.cz\/hu\/wp-json\/wp\/v2\/media?parent=8698"}],"curies":[{"name":"wp","href":"https:\/\/api.w.org\/{rel}","templated":true}]}}