{"id":8694,"date":"2022-06-22T11:54:49","date_gmt":"2022-06-22T11:54:49","guid":{"rendered":"https:\/\/asystems-backup.mediagrafik.cz\/?page_id=8694"},"modified":"2025-02-04T06:30:20","modified_gmt":"2025-02-04T06:30:20","slug":"outplacement","status":"publish","type":"page","link":"https:\/\/asystems-backup.mediagrafik.cz\/hu\/megoldasaink\/outplacement\/","title":{"rendered":"Outplacement"},"content":{"rendered":"\n    \n    <div class=\"hero\">\n        <div class=\"hero__content content content--regular\">\n            <div class=\"hero__inside-wrapper\">\n\n                                    <p class=\"hero__subheading\">Fedezze fel, hogyan seg\u00edtheti a kil\u00e9p\u0151 alkalmazottak siker\u00e9t, \u00e9s hogyan tarthatja meg azokat, akik maradnak<\/p>\n                \n                <h1 class=\"hero__title\">Outplacement<\/h1>\n\n                                    <p class=\"hero__text\">Ahogy azt \u00d6n is tudja az \u00e1tszervez\u00e9s nem k\u00f6nny\u0171. De a b\u00facs\u00faz\u00e1s m\u00f3dja fontos a kil\u00e9p\u0151k, a h\u00e1trahagyott csapat \u00e9s a munk\u00e1ltat\u00f3i m\u00e1rka szempontj\u00e1b\u00f3l is.<\/p>\n                \n                \n            <\/div>\n\n                            <img decoding=\"async\" src=\"https:\/\/asystems-backup.mediagrafik.cz\/wp-content\/themes\/asystems-new\/img\/svg\/slogan.svg\" alt=\"Slogan\" class=\"hero__slogan\">\n                    <\/div>\n\n                    <div class=\"hero__image\">\n                <img fetchpriority=\"high\" decoding=\"async\" width=\"509\" height=\"339\" src=\"https:\/\/asystems-backup.mediagrafik.cz\/wp-content\/uploads\/2022\/11\/istockphoto-1366137792-170667a.jpg\" class=\"absolute-image\" alt=\"BEI\" loading=\"eager\" srcset=\"https:\/\/asystems-backup.mediagrafik.cz\/wp-content\/uploads\/2022\/11\/istockphoto-1366137792-170667a.jpg 509w, https:\/\/asystems-backup.mediagrafik.cz\/wp-content\/uploads\/2022\/11\/istockphoto-1366137792-170667a-300x200.jpg 300w\" sizes=\"(max-width: 509px) 100vw, 509px\" \/>            <\/div>\n        \n    <\/div>\n\n\n\n<section class=\"section is-style-section--normal\">\n<div class=\"content content--regular global-style\">\n\n<h2 class=\"wp-block-heading\">Az \u00d6n Outplacement Kih\u00edv\u00e1sai<\/h2>\n\n<p>Az \u00f6n szervezete \u00e9rt\u00e9kelni fogja az Outplacment programunkat, ha:<\/p>\n\n<ul class=\"wp-block-list\">\n<li>v\u00e1ls\u00e1g, \u00e1tszervez\u00e9s vagy technol\u00f3giai&nbsp;<strong>v\u00e1ltoz\u00e1s idej\u00e9n le\u00e9p\u00edt\u00e9sre<\/strong>&nbsp;van sz\u00fcks\u00e9ge<\/li>\n\n\n\n<li><strong>p\u00e9nz\u00fcgyi megszor\u00edt\u00e1sok<\/strong>&nbsp;miatt cs\u00f6kkentenie kell a b\u00e9rk\u00f6lts\u00e9geket \u00e9s\/vagy az alkalmazottak l\u00e9tsz\u00e1m\u00e1t<\/li>\n\n\n\n<li><strong>k\u00fcls\u0151 er\u0151forr\u00e1sokra van sz\u00fcks\u00e9ge<\/strong>&nbsp;a kil\u00e9p\u0151 alkalmazottak t\u00e1mogat\u00e1s\u00e1hoz \u00e9s a HR-nek sz\u00fcks\u00e9ge van a bels\u0151 er\u0151forr\u00e1sokra<\/li>\n\n\n\n<li>elk\u00f6telezett amellett, hogy&nbsp;<strong>gondoskod\u00f3 elbocs\u00e1t\u00e1si program<\/strong>ot biztos\u00edtson a munkav\u00e1llal\u00f3k sz\u00e1m\u00e1ra<\/li>\n\n\n\n<li>Fontos \u00f6n\u00f6knek a&nbsp;<strong>munk\u00e1ltat\u00f3i m\u00e1rka \u00e9s a piaci h\u00edrn\u00e9v<\/strong><\/li>\n\n\n\n<li><strong>minimaliz\u00e1lni k\u00edv\u00e1nja a kock\u00e1zat\u00e1t<\/strong>&nbsp;a le\u00e9p\u00edt\u00e9si mor\u00e1lnak \u00e9s lehets\u00e9ges jogi l\u00e9p\u00e9seknek<\/li>\n\n\n\n<li>arra t\u00f6rekszik, hogy a megmaradt&nbsp;<strong>embereket elk\u00f6telezett\u00e9 tegye<\/strong><\/li>\n<\/ul>\n\n<h2 class=\"wp-block-heading\">Hogyan seg\u00edt\u00fcnk<\/h2>\n\n<p>Outplacement programunk az elbocs\u00e1t\u00e1sok \u00e1ltal \u00e9rintett munkav\u00e1llal\u00f3k szakmai aktiviz\u00e1l\u00e1s\u00e1t,&nbsp;<strong>szakmai fejl\u0151d\u00e9s<\/strong>\u00fck \u00e9s, biztons\u00e1g\u00e9rzet\u00fck,&nbsp;<strong>ment\u00e1lis t\u00e1mogat\u00e1s<\/strong>uk biztos\u00edt\u00e1s\u00e1t jelenti. A le\u00e9p\u00edt\u00e9s sor\u00e1n a szervezet minden szintj\u00e9t t\u00e1mogatjuk \u2013 a kil\u00e9p\u0151 \u00e9s a marad\u00f3 munkat\u00e1rsakat is.<\/p>\n<\/div><!--\/ .container -->\n<\/section><!--\/ .group -->\n\n\n\n                <div class=\"cta cta--blue\">\n            <div class=\"cta__content content content--regular\">\n\n                                    <div class=\"cta__text\">K\u00e9pess\u00e9 tessz\u00fck \u00d6nt arra, hogy megsz\u00fcntesse az elv\u00e1l\u00e1s negat\u00edv hat\u00e1sait!<\/div>\n                \n                \n                                            <a href=\"https:\/\/hu.asystems.as\/kapcsolatfelvetel\/\" class=\"button\" target=\"_blank\" rel=\"noopener\">Kapcsolat<\/a>\n                    \n                \n            <\/div>\n        <\/div>\n    \n    \n\n\n<section class=\"section is-style-section--pattern\">\n<div class=\"content content--regular global-style\">\n\n<h2 class=\"wp-block-heading\">Outplacement program modulok<\/h2>\n\n<ol class=\"wp-block-list\">\n<li><strong>Professzion\u00e1lis tan\u00e1csad\u00e1s<\/strong><\/li>\n\n\n\n<li><strong>Lelki tan\u00e1csad\u00e1s<\/strong><\/li>\n\n\n\n<li><strong>Karrier tan\u00e1csad\u00e1s<\/strong><\/li>\n\n\n\n<li><strong>HR T\u00e1mogat\u00e1s<\/strong><\/li>\n\n\n\n<li><strong>Menedzsment Workshopok<\/strong><\/li>\n<\/ol>\n\n<h2 class=\"wp-block-heading\">Mi\u00e9rt az Assesment Systems?<\/h2>\n\n<ul class=\"wp-block-list\">\n<li>Nemzetk\u00f6zi min\u0151s\u00e9gi szabv\u00e1nyokat alkalmazunk<\/li>\n\n\n\n<li>Nemzetk\u00f6zi szak\u00e9rt\u0151kb\u0151l \u00e1ll\u00f3 csoportot alkalmazunk<\/li>\n\n\n\n<li>Szakmai karrier-tan\u00e1csad\u00e1st ny\u00fajtunk a b\u00facs\u00faz\u00f3 embereknek<\/li>\n\n\n\n<li>Seg\u00edt\u00fcnk megel\u0151zni a ment\u00e1lis eg\u00e9szs\u00e9gre gyakorolt k\u00e1ros hat\u00e1sokat<\/li>\n\n\n\n<li>K\u00e9zzelfoghat\u00f3 hat\u00e1st gyakorolunk a marad\u00f3kra \u00e9s a t\u00e1voz\u00f3kra.<\/li>\n\n\n\n<li>Seg\u00edt\u00fcnk mindenkinek, minden szinten<\/li>\n\n\n\n<li>A m\u00e1rka h\u00edrnev\u00e9re \u00f6sszpontos\u00edtunk<\/li>\n\n\n\n<li>Szakmai \u00e9s ment\u00e1lis t\u00e1mogat\u00e1st ny\u00fajtunk<\/li>\n<\/ul>\n<\/div><!--\/ .container -->\n<\/section><!--\/ .group -->\n\n\n<section class=\"section is-style-section--normal\">\n<div class=\"content content--regular global-style\">\n\n<h3 class=\"wp-block-heading\">Megk\u00f6zel\u00edt\u00e9s\u00fcnk sor\u00e1n a k\u00f6vetkez\u0151 eszk\u00f6z\u00f6ket \u00e9s szolg\u00e1ltat\u00e1sokat alkalmazzuk<\/h3>\n\n                <div class=\"tools splide js-tools\">\n            <div class=\"splide__track\">\n                <div class=\"splide__list\">\n\n                                                                    <div class=\"splide__slide\">\n                            <a href=\"https:\/\/hu.asystems.as\/tools-and-services\/assessment-center-es-development-center\/development-center\/\" class=\"tools__item\" target=\"_blank\" rel=\"noopener\">\n\n                                <div class=\"tools__image\">\n                                    <img decoding=\"async\" width=\"400\" height=\"160\" src=\"https:\/\/asystems-backup.mediagrafik.cz\/wp-content\/uploads\/2022\/06\/tools.jpg\" class=\"attachment-tools-services size-tools-services\" alt=\"\" srcset=\"https:\/\/asystems-backup.mediagrafik.cz\/wp-content\/uploads\/2022\/06\/tools.jpg 400w, https:\/\/asystems-backup.mediagrafik.cz\/wp-content\/uploads\/2022\/06\/tools-300x120.jpg 300w\" sizes=\"(max-width: 400px) 100vw, 400px\" \/>                                <\/div>\n\n                                <h4 class=\"tools__title\">Development center<\/h4>\n\n                                                                    <p class=\"tools__text\">A DC objekt\u00edv eszk\u00f6z a fejleszt\u00e9si alanyok kompetenci\u00e1inak megfigyel\u00e9s\u00e9re. A DC seg\u00edts\u00e9g\u00e9vel felt\u00e1rhat\u00f3k az er\u0151ss\u00e9gek \u00e9s a fejlesztend\u0151 ter\u00fcletek, amelyek &#8230;<\/p>\n                                                            <\/a>\n                        <\/div>\n                    \n                <\/div>\n            <\/div>\n        <\/div>\n    \n\n<h3 class=\"wp-block-heading\">Kapcsol\u00f3d\u00f3 bejegyz\u00e9sek<\/h3>\n        <div class=\"related-posts js-related-posts\">\n\n            <a href=\"https:\/\/asystems-backup.mediagrafik.cz\/hu\/inspirations\/tudatos-kivalasztas-hangzatos-kifejezes-de-mennyire-megvalosithato\/\" class=\"related-posts__item\">\n    <div class=\"related-posts__image\">\n        <img decoding=\"async\" width=\"400\" height=\"240\" src=\"https:\/\/asystems-backup.mediagrafik.cz\/wp-content\/uploads\/2023\/01\/Egysegben-az-ero-2-400x240.jpg\" class=\"attachment-thumbnail size-thumbnail wp-post-image\" alt=\"\" srcset=\"https:\/\/asystems-backup.mediagrafik.cz\/wp-content\/uploads\/2023\/01\/Egysegben-az-ero-2-400x240.jpg 400w, https:\/\/asystems-backup.mediagrafik.cz\/wp-content\/uploads\/2023\/01\/Egysegben-az-ero-2-550x330.jpg 550w\" sizes=\"(max-width: 400px) 100vw, 400px\" \/>    <\/div>\n    <h4 class=\"related-posts__title\">Tudatos kiv\u00e1laszt\u00e1s \u2013 hangzatos kifejez\u00e9s, de mennyire megval\u00f3s\u00edthat\u00f3?<\/h4>\n    <div class=\"related-posts__text\"><p>A vil\u00e1g m\u00e1r \u00e9ppen kil\u00e1badozott a Covid okozta neh\u00e9zs\u00e9gekb\u0151l, mikor mindemell\u00e9 tavaly tov\u00e1bbi gazdas\u00e1gi v\u00e1ls\u00e1ggal \u00e9s a ki\u00e9lezett vil\u00e1gpolitikai helyzettel&#8230;<\/p>\n<\/div>\n\n                <div class=\"related-posts__tags\">\n                            <div class=\"related-posts__tag\">Cikkek<\/div>\n                    <\/div>\n    <\/a><a href=\"https:\/\/asystems-backup.mediagrafik.cz\/hu\/inspirations\/interju-ryne-sherman-nal\/\" class=\"related-posts__item\">\n    <div class=\"related-posts__image\">\n        <img decoding=\"async\" width=\"400\" height=\"240\" src=\"https:\/\/asystems-backup.mediagrafik.cz\/wp-content\/uploads\/2022\/09\/099118124-cybersecurity-information-priv-1-400x240.jpeg\" class=\"attachment-thumbnail size-thumbnail wp-post-image\" alt=\"\" srcset=\"https:\/\/asystems-backup.mediagrafik.cz\/wp-content\/uploads\/2022\/09\/099118124-cybersecurity-information-priv-1-400x240.jpeg 400w, https:\/\/asystems-backup.mediagrafik.cz\/wp-content\/uploads\/2022\/09\/099118124-cybersecurity-information-priv-1-550x330.jpeg 550w\" sizes=\"(max-width: 400px) 100vw, 400px\" \/>    <\/div>\n    <h4 class=\"related-posts__title\">Interj\u00fa Ryne Sherman-nal<\/h4>\n    <div class=\"related-posts__text\"><p>A sikeres csapat els\u0151sz\u00e1m\u00fa alkot\u00f3eleme a bizalom! Ryne Sherman, Chief Science Officer, Hogan Assessments Az Assessment Systems egy \u00fajabb inspir\u00e1l\u00f3&#8230;<\/p>\n<\/div>\n\n                <div class=\"related-posts__tags\">\n                            <div class=\"related-posts__tag\">Cikkek<\/div>\n                    <\/div>\n    <\/a><a href=\"https:\/\/asystems-backup.mediagrafik.cz\/hu\/inspirations\/interju-dr-robert-hogannel\/\" class=\"related-posts__item\">\n    <div class=\"related-posts__image\">\n        <img decoding=\"async\" width=\"400\" height=\"240\" src=\"https:\/\/asystems-backup.mediagrafik.cz\/wp-content\/uploads\/2022\/09\/168203139-efficiency-businessman-presses-1-400x240.jpeg\" class=\"attachment-thumbnail size-thumbnail wp-post-image\" alt=\"\" srcset=\"https:\/\/asystems-backup.mediagrafik.cz\/wp-content\/uploads\/2022\/09\/168203139-efficiency-businessman-presses-1-400x240.jpeg 400w, https:\/\/asystems-backup.mediagrafik.cz\/wp-content\/uploads\/2022\/09\/168203139-efficiency-businessman-presses-1-550x330.jpeg 550w\" sizes=\"(max-width: 400px) 100vw, 400px\" \/>    <\/div>\n    <h4 class=\"related-posts__title\">Interj\u00fa Dr. Robert Hogannel<\/h4>\n    <div class=\"related-posts__text\"><p>Egy j\u00f3 vezet\u0151 k\u00e9pes tanulni a hib\u00e1ib\u00f3l. Dr. Robert Hogan, a vil\u00e1g pszichodiagnosztik\u00e1j\u00e1nak ikonja. Az Assessment Systems egy nagyon inspir\u00e1l\u00f3&#8230;<\/p>\n<\/div>\n\n                <div class=\"related-posts__tags\">\n                            <div class=\"related-posts__tag\">Cikkek<\/div>\n                    <\/div>\n    <\/a>\n        <\/div>\n\n                \n    \n<\/div><!--\/ .container -->\n<\/section><!--\/ .group -->\n","protected":false},"excerpt":{"rendered":"<p>Az \u00d6n Outplacement Kih\u00edv\u00e1sai Az \u00f6n szervezete \u00e9rt\u00e9kelni fogja az Outplacment programunkat, ha: Hogyan seg\u00edt\u00fcnk Outplacement programunk az elbocs\u00e1t\u00e1sok \u00e1ltal&#8230;<\/p>\n","protected":false},"author":2,"featured_media":0,"parent":5785,"menu_order":1,"comment_status":"closed","ping_status":"closed","template":"","meta":{"_acf_changed":false,"footnotes":""},"class_list":["post-8694","page","type-page","status-publish","hentry"],"acf":[],"_links":{"self":[{"href":"https:\/\/asystems-backup.mediagrafik.cz\/hu\/wp-json\/wp\/v2\/pages\/8694","targetHints":{"allow":["GET"]}}],"collection":[{"href":"https:\/\/asystems-backup.mediagrafik.cz\/hu\/wp-json\/wp\/v2\/pages"}],"about":[{"href":"https:\/\/asystems-backup.mediagrafik.cz\/hu\/wp-json\/wp\/v2\/types\/page"}],"author":[{"embeddable":true,"href":"https:\/\/asystems-backup.mediagrafik.cz\/hu\/wp-json\/wp\/v2\/users\/2"}],"replies":[{"embeddable":true,"href":"https:\/\/asystems-backup.mediagrafik.cz\/hu\/wp-json\/wp\/v2\/comments?post=8694"}],"version-history":[{"count":14,"href":"https:\/\/asystems-backup.mediagrafik.cz\/hu\/wp-json\/wp\/v2\/pages\/8694\/revisions"}],"predecessor-version":[{"id":24873,"href":"https:\/\/asystems-backup.mediagrafik.cz\/hu\/wp-json\/wp\/v2\/pages\/8694\/revisions\/24873"}],"up":[{"embeddable":true,"href":"https:\/\/asystems-backup.mediagrafik.cz\/hu\/wp-json\/wp\/v2\/pages\/5785"}],"wp:attachment":[{"href":"https:\/\/asystems-backup.mediagrafik.cz\/hu\/wp-json\/wp\/v2\/media?parent=8694"}],"curies":[{"name":"wp","href":"https:\/\/api.w.org\/{rel}","templated":true}]}}