{"id":8686,"date":"2022-06-20T13:46:56","date_gmt":"2022-06-20T13:46:56","guid":{"rendered":"https:\/\/asystems-backup.mediagrafik.cz\/?page_id=8686"},"modified":"2023-03-14T09:23:23","modified_gmt":"2023-03-14T09:23:23","slug":"future-talent-program","status":"publish","type":"page","link":"https:\/\/asystems-backup.mediagrafik.cz\/hu\/megoldasaink\/future-talent-program\/","title":{"rendered":"Future Talent Program"},"content":{"rendered":"\n    \n    <div class=\"hero\">\n        <div class=\"hero__content content content--regular\">\n            <div class=\"hero__inside-wrapper\">\n\n                                    <p class=\"hero__subheading\">Fedezze fel a tehets\u00e9gekben rejl\u0151 lehet\u0151s\u00e9geket<\/p>\n                \n                <h1 class=\"hero__title\">Future Talent Program<\/h1>\n\n                                    <p class=\"hero__text\">Ahogy azt \u00d6n is tudja, a tehets\u00e9gek azok a kulcsemberek a szervezet\u00e9ben, akik a legink\u00e1bb hozz\u00e1j\u00e1rulnak annak siker\u00e9hez. J\u00f3l megtervezett tehets\u00e9gprogramra van sz\u00fcks\u00e9ge ahhoz, hogy felszabad\u00edtsa ezekben az egy\u00e9nekben rejl\u0151 er\u0151t, \u00e9s munk\u00e1ra b\u00edrja a benn\u00fck rejl\u0151 potenci\u00e1lt.<\/p>\n                \n                \n            <\/div>\n\n                            <img decoding=\"async\" src=\"https:\/\/asystems-backup.mediagrafik.cz\/wp-content\/themes\/asystems-new\/img\/svg\/slogan.svg\" alt=\"Slogan\" class=\"hero__slogan\">\n                    <\/div>\n\n                    <div class=\"hero__image\">\n                <img fetchpriority=\"high\" decoding=\"async\" width=\"1920\" height=\"700\" src=\"https:\/\/asystems-backup.mediagrafik.cz\/wp-content\/uploads\/2022\/06\/header-slider-bg-1920x700.jpg\" class=\"absolute-image\" alt=\"\" loading=\"eager\" srcset=\"https:\/\/asystems-backup.mediagrafik.cz\/wp-content\/uploads\/2022\/06\/header-slider-bg.jpg 1920w, https:\/\/asystems-backup.mediagrafik.cz\/wp-content\/uploads\/2022\/06\/header-slider-bg-300x109.jpg 300w, https:\/\/asystems-backup.mediagrafik.cz\/wp-content\/uploads\/2022\/06\/header-slider-bg-1024x373.jpg 1024w, https:\/\/asystems-backup.mediagrafik.cz\/wp-content\/uploads\/2022\/06\/header-slider-bg-768x280.jpg 768w, https:\/\/asystems-backup.mediagrafik.cz\/wp-content\/uploads\/2022\/06\/header-slider-bg-1536x560.jpg 1536w\" sizes=\"(max-width: 1920px) 100vw, 1920px\" \/>            <\/div>\n        \n    <\/div>\n\n\n\n<section class=\"section is-style-section--normal\">\n<div class=\"content content--regular global-style\">\n\n<h2 class=\"wp-block-heading\">A tehets\u00e9gekkel kapcsolatos kih\u00edv\u00e1sok megold\u00e1sa<\/h2>\n\n<p>A Future Talent Program el\u0151nyeit \u00e9lvezheti, ha az \u00d6n szervezete:<\/p>\n\n<ul class=\"wp-block-list\">\n<li>meg\u00e9rti a j<strong>\u00f6v\u0151beli vezet\u00e9s<\/strong>&nbsp;mik\u00e9ntj\u00e9nek&nbsp;<strong>sz\u00fcks\u00e9gess\u00e9g\u00e9t<\/strong>, \u00e9s k\u00e9szen \u00e1ll arra, hogy akt\u00edvan haladjon a j\u00f6v\u0151 fel\u00e9, ne a k\u00f6r\u00fclm\u00e9nyei vez\u00e9relj\u00e9k<\/li>\n\n\n\n<li>kultur\u00e1lis \u00e1talakul\u00e1s alatt \u00e1ll, \u00e9s biztos\u00edtani szeretn\u00e9, hogy&nbsp;<strong>a j\u00f6v\u0151 vezet\u0151i megfeleljenek a k\u00edv\u00e1nt \u00faj kultur\u00e1lis norm\u00e1knak<\/strong><\/li>\n\n\n\n<li>a technol\u00f3gia vagy a piaci v\u00e1ltoz\u00e1sok \u00e1ltal vez\u00e9relt, k\u00f6zelg\u0151&nbsp;<strong>gener\u00e1ci\u00f3v\u00e1lt\u00e1s el\u0151tt \u00e1ll<\/strong><\/li>\n\n\n\n<li><strong>fel akarja fedezni<\/strong>&nbsp;\u00e9s ki akarja akn\u00e1zni a tehets\u00e9gekben rejl\u0151&nbsp;<strong>\u00f6sszes lehet\u0151s\u00e9get<\/strong><\/li>\n\n\n\n<li><strong>meg akarja tartani a kulcsembereit<\/strong>&nbsp;\u2013 a legjobb teljes\u00edtm\u00e9nyt ny\u00fajt\u00f3kat \u00e9s a nagy potenci\u00e1llal rendelkez\u0151ket<\/li>\n\n\n\n<li>a tehets\u00e9geket a&nbsp;<strong>megfelel\u0151 szerepk\u00f6rh\u00f6z<\/strong>&nbsp;akarja rendelni<\/li>\n<\/ul>\n\n<h2 class=\"wp-block-heading\">Hogyan seg\u00edt\u00fcnk ebben<\/h2>\n\n<p>Koncepci\u00f3nk egy nemzetk\u00f6zileg bev\u00e1lt folyamat, amely k\u00f6zvetlen kapcsolatot teremt az \u00d6n v\u00e1llalat\u00e1nak strat\u00e9giai ig\u00e9nyeihez az\u00e1ltal, hogy tehets\u00e9geket fejleszt a j\u00f6v\u0151beli k\u00e9pess\u00e9gig\u00e9nyek fel\u00e9. A strat\u00e9gi\u00e1t leford\u00edtja emberekre, akik hossz\u00fa t\u00e1von hiteles k\u00e9pet adnak a tehets\u00e9g\u00fckr\u0151l.<\/p>\n\n<p>A program modulokb\u00f3l \u00e9p\u00fcl fel, hogy a lehet\u0151 legjobban illeszkedjen az egyedi szervezeti ig\u00e9nyekhez. A m\u00f3dszertan a legjobb tehets\u00e9g- \u00e9s vezet\u00e9sfejleszt\u00e9si gyakorlatainkon \u00e9s az \u00e9vtizedek alatt megszerzett tud\u00e1sunkon alapul.<\/p>\n<\/div><!--\/ .container -->\n<\/section><!--\/ .group -->\n\n\n\n                <div class=\"cta cta--blue\">\n            <div class=\"cta__content content content--regular\">\n\n                                    <div class=\"cta__text\">Haszn\u00e1ld ki a tehets\u00e9gekben rejl\u0151 lehet\u0151s\u00e9geket!<\/div>\n                \n                \n                                            <a href=\"https:\/\/hu.asystems.as\/kapcsolatfelvetel\/\" class=\"button\" target=\"_blank\" rel=\"noopener\">Kapcsolat<\/a>\n                    \n                \n            <\/div>\n        <\/div>\n    \n    \n\n\n<section class=\"section is-style-section--pattern\">\n<div class=\"content content--regular global-style\">\n\n<h2 class=\"wp-block-heading\">5A future talent model<\/h2>\n\n        \n        <div class=\"model\">\n            <div class=\"model__left \">\n\n                                                    <div class=\"model__item\">\n\n                                            <h4 class=\"model__title\">1 Architect<\/h4>\n                    \n                                            <p>Olyan koncepci\u00f3 l\u00e9trehoz\u00e1sa, amely k\u00f6zvetlen\u00fcl \u00f6sszekapcsolja a tehets\u00e9geket a strat\u00e9gi\u00e1val<\/p>\n                    \n                <\/div>\n\n                                                    <div class=\"model__item\">\n\n                                            <h4 class=\"model__title\">2 Assess<\/h4>\n                    \n                                            <p>Objekt\u00edv v\u00e9lem\u00e9ny a tehets\u00e9gekr\u0151l a nemzetk\u00f6zi referencia\u00e9rt\u00e9kekhez k\u00e9pest<\/p>\n                    \n                <\/div>\n\n                                                    <div class=\"model__item\">\n\n                                            <h4 class=\"model__title\">3 Activate<\/h4>\n                    \n                                            <p>A fejleszt\u00e9st a legfontosabb \u00e9rdekelt felek bevon\u00e1s\u00e1val tervezik meg<\/p>\n                    \n                <\/div>\n\n                                                    <div class=\"model__item\">\n\n                                            <h4 class=\"model__title\">4 Accelerate<\/h4>\n                    \n                                            <p>T\u00f6bbdimenzi\u00f3s fejleszt\u00e9si folyamat, a fejleszt\u00e9si ter\u00fcletekre \u00f6sszpontos\u00edtva<\/p>\n                    \n                <\/div>\n\n                                                    <div class=\"model__item\">\n\n                                            <h4 class=\"model__title\">5 Assure<\/h4>\n                    \n                                            <p>Az eredm\u00e9nyek \u00e9rt\u00e9kel\u00e9se a strat\u00e9giai c\u00e9lkit\u0171z\u00e9sekkel egy\u00fctt. Seg\u00edt fel\u00e9rt\u00e9kelni a tehets\u00e9get<\/p>\n                    \n                <\/div>\n\n                \n            <\/div>\n\n                            <div class=\"model__right\">\n                    <img decoding=\"async\" width=\"417\" height=\"417\" src=\"https:\/\/asystems-backup.mediagrafik.cz\/wp-content\/uploads\/2022\/06\/talent-model.png\" class=\"attachment-full size-full\" alt=\"\" srcset=\"https:\/\/asystems-backup.mediagrafik.cz\/wp-content\/uploads\/2022\/06\/talent-model.png 417w, https:\/\/asystems-backup.mediagrafik.cz\/wp-content\/uploads\/2022\/06\/talent-model-300x300.png 300w\" sizes=\"(max-width: 417px) 100vw, 417px\" \/>                <\/div>\n            \n        <\/div>\n\n    \n\n<h2 class=\"wp-block-heading\">Mi\u00e9rt v\u00e1laszd az Assesment Systems-t?<\/h2>\n\n<ul class=\"wp-block-list\">\n<li>Nemzetk\u00f6zi min\u0151s\u00e9gi szabv\u00e1nyokat alkalmazunk<\/li>\n\n\n\n<li>Nemzetk\u00f6zi szak\u00e9rt\u0151kb\u0151l \u00e1ll\u00f3 test\u00fcletet alkalmazunk<\/li>\n\n\n\n<li>Glok\u00e1lis megk\u00f6zel\u00edt\u00e9ssel dolgozunk<\/li>\n\n\n\n<li>\u00d6sszehangoljuk az \u00fczleti \u00e9s a tehets\u00e9ggel kapcsolatos c\u00e9lokat<\/li>\n\n\n\n<li>Azonos\u00edtjuk a kritikus szerepeket<\/li>\n\n\n\n<li>Megkeress\u00fck a kritikus k\u00e9szs\u00e9geket<\/li>\n\n\n\n<li>Nagyobb hangs\u00falyt fektet\u00fcnk a fejleszt\u00e9sre<\/li>\n\n\n\n<li>Glob\u00e1lis tehets\u00e9geket fejleszt\u00fcnk<\/li>\n\n\n\n<li>Tudjuk, mit\u0151l lesz j\u00f3 vezet\u0151<\/li>\n\n\n\n<li>20 \u00e9ves tehets\u00e9gkutat\u00f3i tapasztalatunk van<\/li>\n<\/ul>\n<\/div><!--\/ .container -->\n<\/section><!--\/ .group -->\n\n\n<section class=\"section is-style-section--normal\">\n<div class=\"content content--regular global-style\">\n\n<h3 class=\"wp-block-heading\">Megk\u00f6zel\u00edt\u00e9s\u00fcnk sor\u00e1n a k\u00f6vetkez\u0151 eszk\u00f6z\u00f6ket \u00e9s szolg\u00e1ltat\u00e1sokat alkalmazzuk<\/h3>\n\n                <div class=\"tools splide js-tools\">\n            <div class=\"splide__track\">\n                <div class=\"splide__list\">\n\n                                                                    <div class=\"splide__slide\">\n                            <a href=\"https:\/\/hu.asystems.as\/tools-and-services\/assessment-center-es-development-center\/development-center\/\" class=\"tools__item\" target=\"_blank\" rel=\"noopener\">\n\n                                <div class=\"tools__image\">\n                                    <img decoding=\"async\" width=\"400\" height=\"160\" src=\"https:\/\/asystems-backup.mediagrafik.cz\/wp-content\/uploads\/2022\/06\/tools.jpg\" class=\"attachment-tools-services size-tools-services\" alt=\"\" srcset=\"https:\/\/asystems-backup.mediagrafik.cz\/wp-content\/uploads\/2022\/06\/tools.jpg 400w, https:\/\/asystems-backup.mediagrafik.cz\/wp-content\/uploads\/2022\/06\/tools-300x120.jpg 300w\" sizes=\"(max-width: 400px) 100vw, 400px\" \/>                                <\/div>\n\n                                <h4 class=\"tools__title\">Development center<\/h4>\n\n                                                                    <p class=\"tools__text\">A DC objekt\u00edv eszk\u00f6z a fejleszt\u00e9si alanyok kompetenci\u00e1inak megfigyel\u00e9s\u00e9re. A DC seg\u00edts\u00e9g\u00e9vel felt\u00e1rhat\u00f3k az er\u0151ss\u00e9gek \u00e9s a fejlesztend\u0151 ter\u00fcletek, amelyek &#8230;<\/p>\n                                                            <\/a>\n                        <\/div>\n                    \n                <\/div>\n            <\/div>\n        <\/div>\n    \n\n<h3 class=\"wp-block-heading\">Kapcsol\u00f3d\u00f3 bejegyz\u00e9sek<\/h3>\n        <div class=\"related-posts js-related-posts\">\n\n            <a href=\"https:\/\/asystems-backup.mediagrafik.cz\/hu\/inspirations\/tudatos-kivalasztas-hangzatos-kifejezes-de-mennyire-megvalosithato\/\" class=\"related-posts__item\">\n    <div class=\"related-posts__image\">\n        <img decoding=\"async\" width=\"400\" height=\"240\" src=\"https:\/\/asystems-backup.mediagrafik.cz\/wp-content\/uploads\/2023\/01\/Egysegben-az-ero-2-400x240.jpg\" class=\"attachment-thumbnail size-thumbnail wp-post-image\" alt=\"\" srcset=\"https:\/\/asystems-backup.mediagrafik.cz\/wp-content\/uploads\/2023\/01\/Egysegben-az-ero-2-400x240.jpg 400w, https:\/\/asystems-backup.mediagrafik.cz\/wp-content\/uploads\/2023\/01\/Egysegben-az-ero-2-550x330.jpg 550w\" sizes=\"(max-width: 400px) 100vw, 400px\" \/>    <\/div>\n    <h4 class=\"related-posts__title\">Tudatos kiv\u00e1laszt\u00e1s \u2013 hangzatos kifejez\u00e9s, de mennyire megval\u00f3s\u00edthat\u00f3?<\/h4>\n    <div class=\"related-posts__text\"><p>A vil\u00e1g m\u00e1r \u00e9ppen kil\u00e1badozott a Covid okozta neh\u00e9zs\u00e9gekb\u0151l, mikor mindemell\u00e9 tavaly tov\u00e1bbi gazdas\u00e1gi v\u00e1ls\u00e1ggal \u00e9s a ki\u00e9lezett vil\u00e1gpolitikai helyzettel&#8230;<\/p>\n<\/div>\n\n                <div class=\"related-posts__tags\">\n                            <div class=\"related-posts__tag\">Cikkek<\/div>\n                    <\/div>\n    <\/a><a href=\"https:\/\/asystems-backup.mediagrafik.cz\/hu\/inspirations\/interju-ryne-sherman-nal\/\" class=\"related-posts__item\">\n    <div class=\"related-posts__image\">\n        <img decoding=\"async\" width=\"400\" height=\"240\" src=\"https:\/\/asystems-backup.mediagrafik.cz\/wp-content\/uploads\/2022\/09\/099118124-cybersecurity-information-priv-1-400x240.jpeg\" class=\"attachment-thumbnail size-thumbnail wp-post-image\" alt=\"\" srcset=\"https:\/\/asystems-backup.mediagrafik.cz\/wp-content\/uploads\/2022\/09\/099118124-cybersecurity-information-priv-1-400x240.jpeg 400w, https:\/\/asystems-backup.mediagrafik.cz\/wp-content\/uploads\/2022\/09\/099118124-cybersecurity-information-priv-1-550x330.jpeg 550w\" sizes=\"(max-width: 400px) 100vw, 400px\" \/>    <\/div>\n    <h4 class=\"related-posts__title\">Interj\u00fa Ryne Sherman-nal<\/h4>\n    <div class=\"related-posts__text\"><p>A sikeres csapat els\u0151sz\u00e1m\u00fa alkot\u00f3eleme a bizalom! Ryne Sherman, Chief Science Officer, Hogan Assessments Az Assessment Systems egy \u00fajabb inspir\u00e1l\u00f3&#8230;<\/p>\n<\/div>\n\n                <div class=\"related-posts__tags\">\n                            <div class=\"related-posts__tag\">Cikkek<\/div>\n                    <\/div>\n    <\/a><a href=\"https:\/\/asystems-backup.mediagrafik.cz\/hu\/inspirations\/interju-dr-robert-hogannel\/\" class=\"related-posts__item\">\n    <div class=\"related-posts__image\">\n        <img decoding=\"async\" width=\"400\" height=\"240\" src=\"https:\/\/asystems-backup.mediagrafik.cz\/wp-content\/uploads\/2022\/09\/168203139-efficiency-businessman-presses-1-400x240.jpeg\" class=\"attachment-thumbnail size-thumbnail wp-post-image\" alt=\"\" srcset=\"https:\/\/asystems-backup.mediagrafik.cz\/wp-content\/uploads\/2022\/09\/168203139-efficiency-businessman-presses-1-400x240.jpeg 400w, https:\/\/asystems-backup.mediagrafik.cz\/wp-content\/uploads\/2022\/09\/168203139-efficiency-businessman-presses-1-550x330.jpeg 550w\" sizes=\"(max-width: 400px) 100vw, 400px\" \/>    <\/div>\n    <h4 class=\"related-posts__title\">Interj\u00fa Dr. Robert Hogannel<\/h4>\n    <div class=\"related-posts__text\"><p>Egy j\u00f3 vezet\u0151 k\u00e9pes tanulni a hib\u00e1ib\u00f3l. Dr. Robert Hogan, a vil\u00e1g pszichodiagnosztik\u00e1j\u00e1nak ikonja. Az Assessment Systems egy nagyon inspir\u00e1l\u00f3&#8230;<\/p>\n<\/div>\n\n                <div class=\"related-posts__tags\">\n                            <div class=\"related-posts__tag\">Cikkek<\/div>\n                    <\/div>\n    <\/a>\n        <\/div>\n\n                \n    \n<\/div><!--\/ .container -->\n<\/section><!--\/ .group -->\n","protected":false},"excerpt":{"rendered":"<p>A tehets\u00e9gekkel kapcsolatos kih\u00edv\u00e1sok megold\u00e1sa A Future Talent Program el\u0151nyeit \u00e9lvezheti, ha az \u00d6n szervezete: Hogyan seg\u00edt\u00fcnk ebben Koncepci\u00f3nk egy&#8230;<\/p>\n","protected":false},"author":2,"featured_media":0,"parent":5785,"menu_order":1,"comment_status":"closed","ping_status":"closed","template":"","meta":{"_acf_changed":false,"footnotes":""},"class_list":["post-8686","page","type-page","status-publish","hentry"],"acf":[],"_links":{"self":[{"href":"https:\/\/asystems-backup.mediagrafik.cz\/hu\/wp-json\/wp\/v2\/pages\/8686","targetHints":{"allow":["GET"]}}],"collection":[{"href":"https:\/\/asystems-backup.mediagrafik.cz\/hu\/wp-json\/wp\/v2\/pages"}],"about":[{"href":"https:\/\/asystems-backup.mediagrafik.cz\/hu\/wp-json\/wp\/v2\/types\/page"}],"author":[{"embeddable":true,"href":"https:\/\/asystems-backup.mediagrafik.cz\/hu\/wp-json\/wp\/v2\/users\/2"}],"replies":[{"embeddable":true,"href":"https:\/\/asystems-backup.mediagrafik.cz\/hu\/wp-json\/wp\/v2\/comments?post=8686"}],"version-history":[{"count":8,"href":"https:\/\/asystems-backup.mediagrafik.cz\/hu\/wp-json\/wp\/v2\/pages\/8686\/revisions"}],"predecessor-version":[{"id":13179,"href":"https:\/\/asystems-backup.mediagrafik.cz\/hu\/wp-json\/wp\/v2\/pages\/8686\/revisions\/13179"}],"up":[{"embeddable":true,"href":"https:\/\/asystems-backup.mediagrafik.cz\/hu\/wp-json\/wp\/v2\/pages\/5785"}],"wp:attachment":[{"href":"https:\/\/asystems-backup.mediagrafik.cz\/hu\/wp-json\/wp\/v2\/media?parent=8686"}],"curies":[{"name":"wp","href":"https:\/\/api.w.org\/{rel}","templated":true}]}}