{"id":5805,"date":"2022-06-22T11:09:48","date_gmt":"2022-06-22T11:09:48","guid":{"rendered":"https:\/\/asystems-backup.mediagrafik.cz\/?page_id=5805"},"modified":"2023-01-24T14:05:24","modified_gmt":"2023-01-24T14:05:24","slug":"agile-accelerator","status":"publish","type":"page","link":"https:\/\/asystems-backup.mediagrafik.cz\/hu\/megoldasaink\/agile-accelerator\/","title":{"rendered":"Agile Accelerator"},"content":{"rendered":"\n    \n    <div class=\"hero\">\n        <div class=\"hero__content content content--regular\">\n            <div class=\"hero__inside-wrapper\">\n\n                                    <p class=\"hero__subheading\">Fedezze fel az agilis \u00e1talakul\u00e1s sikeress\u00e9g\u00e9t!<\/p>\n                \n                <h1 class=\"hero__title\">Agile Accelerator<\/h1>\n\n                                    <p class=\"hero__text\">You know what an agile organization is, and why it is important. But discovering how to put an agile transformation to work is the divider between success and fail.<\/p>\n                \n                \n            <\/div>\n\n                            <img decoding=\"async\" src=\"https:\/\/asystems-backup.mediagrafik.cz\/wp-content\/themes\/asystems-new\/img\/svg\/slogan.svg\" alt=\"Slogan\" class=\"hero__slogan\">\n                    <\/div>\n\n                    <div class=\"hero__image\">\n                <img fetchpriority=\"high\" decoding=\"async\" width=\"1920\" height=\"700\" src=\"https:\/\/asystems-backup.mediagrafik.cz\/wp-content\/uploads\/2022\/09\/166816665-coworkers-team-and-colleagues-1-1-1920x700.jpeg\" class=\"absolute-image\" alt=\"\" loading=\"eager\" \/>            <\/div>\n        \n    <\/div>\n\n\n\n<section class=\"section is-style-section--normal\">\n<div class=\"content content--regular global-style\">\n\n<h2 class=\"wp-block-heading\">Agilis kih\u00edv\u00e1sok, amelyeket meg kell oldania<\/h2>\n\n<p>\u00d6n is profit\u00e1lni fog az Agile people transformation accelerator m\u00f3dszertan\u00e1b\u00f3l, ha az \u00d6n szervezete::<\/p>\n\n<ul class=\"wp-block-list\">\n<li>az agilis \u00e1talakul\u00e1s folyamat\u00e1ban van, \u00e9s \u00d6n biztos\u00edtani szeretn\u00e9 annak siker\u00e9t.<\/li>\n\n\n\n<li>m\u00e1r \u00e1t\u00e1llt az agilis m\u0171k\u00f6d\u00e9si modellre, de kih\u00edv\u00e1st jelent az emberek gondolkod\u00e1sm\u00f3dj\u00e1nak megv\u00e1ltoztat\u00e1sa.<\/li>\n\n\n\n<li>az agilis \u00e1talakul\u00e1st t\u00f6bb r\u00e9szlegre is ki akarja terjeszteni, \u00e9s a gondolkod\u00e1sm\u00f3dv\u00e1lt\u00e1s neh\u00e9zs\u00e9geit \u00e9s akad\u00e1lyait azonos\u00edtotta.<\/li>\n\n\n\n<li>az agilit\u00e1st hossz\u00fa t\u00e1von fenn akarja tartani \u00e9s sk\u00e1l\u00e1zni, \u00e9s fel kell fedeznie, hogy mit\u0151l lesz sikeres.<\/li>\n<\/ul>\n\n<h2 class=\"wp-block-heading\">Megk\u00f6zel\u00edt\u00e9s\u00fcnk<\/h2>\n\n<p>Az agilis gondolkod\u00e1sm\u00f3d, legyen az emberi vagy szervezeti. A megfelel\u0151 gondolkod\u00e1sm\u00f3d n\u00e9lk\u00fcl az agilis oper\u00e1ci\u00f3s rendszer minden m\u00e1s r\u00e9sze a hely\u00e9n lehet, a v\u00e1llalatok m\u00e9gis kev\u00e9s hasznot fognak l\u00e1tni bel\u0151le.<\/p>\n<\/div><!--\/ .container -->\n<\/section><!--\/ .group -->\n\n\n<section class=\"section is-style-section--pattern\">\n<div class=\"content content--regular global-style\">\n\n<h2 class=\"wp-block-heading\">Leadership excellence model<\/h2>\n\n<div class=\"wp-block-columns is-layout-flex wp-container-core-columns-is-layout-9d6595d7 wp-block-columns-is-layout-flex\">\n<div class=\"wp-block-column is-layout-flow wp-block-column-is-layout-flow\">\n<h4 class=\"wp-block-heading\"><strong>GONDOLKOD\u00c1SM\u00d3D<\/strong><\/h4>\n\n\n\n<p><strong>Gyors\u00edtsa fel az emberek szeml\u00e9letv\u00e1lt\u00e1s\u00e1t.<\/strong><br>Az alkalmazottak azonos\u00edt\u00e1sa, \u00e1talak\u00edt\u00e1sa, fejleszt\u00e9se \u00e9s megtart\u00e1sa, hogy az emberek k\u00e9pess\u00e9 v\u00e1ljanak az agilis gondolkod\u00e1sra.<\/p>\n<\/div>\n\n\n\n<div class=\"wp-block-column is-layout-flow wp-block-column-is-layout-flow\"><div class=\"wp-block-image\">\n<figure class=\"aligncenter size-full is-resized\"><img decoding=\"async\" src=\"https:\/\/asystems-backup.mediagrafik.cz\/wp-content\/uploads\/2022\/06\/agile-approach-browser-01.svg\" alt=\"\" class=\"wp-image-165\" width=\"145\" height=\"145\"\/><\/figure>\n<\/div><\/div>\n\n\n\n<div class=\"wp-block-column is-layout-flow wp-block-column-is-layout-flow\">\n<h4 class=\"wp-block-heading\"><strong><strong>M\u0170VELET<\/strong><\/strong><\/h4>\n\n\n\n<p><strong>Az agilis m\u0171k\u00f6d\u00e9sre val\u00f3 k\u00e9pess\u00e9g megteremt\u00e9se.<\/strong><br>\u00daj folyamatok, technol\u00f3gia \u00e9s strukt\u00fara bevezet\u00e9se, hogy a szervezet k\u00e9pes legyen agilisan m\u0171k\u00f6dni.<\/p>\n<\/div>\n<\/div>\n<\/div><!--\/ .container -->\n<\/section><!--\/ .group -->\n\n\n<section class=\"section is-style-section--normal\">\n<div class=\"content content--regular global-style\">\n\n<h2 class=\"wp-block-heading\">Hogyan seg\u00edt\u00fcnk<\/h2>\n\n<p>Bizony\u00edtott m\u00f3dszertanunk a szervezeti v\u00e1ltoz\u00e1s legfontosabb aspektus\u00e1ra &#8211; az emberekre \u00e9s gondolkod\u00e1sm\u00f3djuk megv\u00e1ltoz\u00e1s\u00e1ra &#8211; \u00f6sszpontos\u00edt. Ez az el\u0151zetes figyelem garant\u00e1lja az agilis \u00e1talak\u00edt\u00e1s siker\u00e9t. A modul\u00e1ris agilis gyors\u00edt\u00e1si folyamatot a v\u00e1llalat egyedi ig\u00e9nyeihez \u00e9s a szervezeten bel\u00fcli agilis \u00e1talakul\u00e1s m\u00e9lys\u00e9g\u00e9hez igaz\u00edtjuk.<\/p>\n<\/div><!--\/ .container -->\n<\/section><!--\/ .group -->\n\n\n<section class=\"section is-style-section--pattern\">\n<div class=\"content content--regular global-style\">\n\n<h2 class=\"wp-block-heading\">Agile mindset accelerator model<\/h2>\n\n        \n        <div class=\"model\">\n            <div class=\"model__left \">\n\n                                                    <div class=\"model__item\">\n\n                                            <h4 class=\"model__title\">1 Meghat\u00e1roz\u00e1s<\/h4>\n                    \n                                            <p>Az agilis szerepek kompetenciaprofiljainak kialak\u00edt\u00e1sa<\/p>\n                    \n                <\/div>\n\n                                                    <div class=\"model__item\">\n\n                                            <h4 class=\"model__title\">2 \u00c9rt\u00e9kel\u00e9s<\/h4>\n                    \n                                            <p>\u00c9rt\u00e9kel\u00e9s k\u00e9t szinten (szem\u00e9lyes \u00e9s csapat)<\/p>\n                    \n                <\/div>\n\n                                                    <div class=\"model__item\">\n\n                                            <h4 class=\"model__title\">3 Felfedez\u00e9s<\/h4>\n                    \n                                            <p>Az emberek szerepekhez \u00e9s csapatokhoz val\u00f3 legmegfelel\u0151bb illeszt\u00e9se<\/p>\n                    \n                <\/div>\n\n                                                    <div class=\"model__item\">\n\n                                            <h4 class=\"model__title\">4 Aktiv\u00e1l\u00e1s<\/h4>\n                    \n                                            <p>A fejleszt\u00e9si ter\u00fcletek megjel\u00f6l\u00e9se az agilis illeszked\u00e9s \u00e9rdek\u00e9ben<\/p>\n                    \n                <\/div>\n\n                                                    <div class=\"model__item\">\n\n                                            <h4 class=\"model__title\">5 N\u00f6veked\u00e9s<\/h4>\n                    \n                                            <p>Az el\u0151re meghat\u00e1rozott ter\u00fcletekhez igazod\u00f3 emberek fejleszt\u00e9se<\/p>\n                    \n                <\/div>\n\n                                                    <div class=\"model__item\">\n\n                                            <h4 class=\"model__title\">6 Valid\u00e1l\u00e1s<\/h4>\n                    \n                                            <p>A profilok hiteles\u00edt\u00e9se \u00e9s finomhangol\u00e1sa<\/p>\n                    \n                <\/div>\n\n                \n            <\/div>\n\n                            <div class=\"model__right\">\n                    <img decoding=\"async\" src=\"https:\/\/asystems-backup.mediagrafik.cz\/wp-content\/uploads\/2022\/06\/agile-success-model.svg\" class=\"attachment-full size-full\" alt=\"\" \/>                <\/div>\n            \n        <\/div>\n\n    \n\n<h2 class=\"wp-block-heading\">Mi\u00e9rt v\u00e1laszd az Assesment Systems-t?<\/h2>\n\n<ul class=\"wp-block-list\">\n<li>Seg\u00edt\u00fcnk az agilis gondolkod\u00e1sm\u00f3dv\u00e1lt\u00e1sban<\/li>\n\n\n\n<li>Objekt\u00edven meghat\u00e1rozzuk az agilis \u00e1talakul\u00e1s akad\u00e1lyait<\/li>\n\n\n\n<li>Seg\u00edt\u00fcnk azonos\u00edtani a kritikus szerepeket<\/li>\n\n\n\n<li>K\u00e9zzelfoghat\u00f3 fejleszt\u00e9si ter\u00fcleteket k\u00edn\u00e1lunk<\/li>\n\n\n\n<li>Felgyors\u00edtjuk az \u00e1talakul\u00e1st a &#8222;soft&#8221; elemekre \u00f6sszpontos\u00edtva<\/li>\n\n\n\n<li>20 \u00e9ves tapasztalatunk van a tehets\u00e9gek kinevel\u00e9s\u00e9ben<\/li>\n\n\n\n<li>Nemzetk\u00f6zi szak\u00e9rt\u0151kb\u0151l \u00e1ll\u00f3 test\u00fcletet haszn\u00e1lunk<\/li>\n<\/ul>\n<\/div><!--\/ .container -->\n<\/section><!--\/ .group -->\n\n\n\n                <div class=\"cta cta--blue\">\n            <div class=\"cta__content content content--regular\">\n\n                                    <div class=\"cta__text\">Haszn\u00e1ld ki a tehets\u00e9gedben rejl\u0151 lehet\u0151s\u00e9geket!<\/div>\n                \n                \n                                            <a href=\"https:\/\/hu.asystems.as\/kapcsolatfelvetel\/\" class=\"button\" target=\"_blank\" rel=\"noopener\">Kapcsolat<\/a>\n                    \n                \n            <\/div>\n        <\/div>\n    \n    \n\n\n<section class=\"section is-style-section--normal\">\n<div class=\"content content--regular global-style\">\n\n<h3 class=\"wp-block-heading\">Megk\u00f6zel\u00edt\u00e9s\u00fcnk sor\u00e1n a k\u00f6vetkez\u0151 eszk\u00f6z\u00f6ket \u00e9s szolg\u00e1ltat\u00e1sokat alkalmazzuk<\/h3>\n\n                <div class=\"tools splide js-tools\">\n            <div class=\"splide__track\">\n                <div class=\"splide__list\">\n\n                                                                    <div class=\"splide__slide\">\n                            <a href=\"https:\/\/hu.asystems.as\/tools-and-services\/assessment-center-es-development-center\/development-center\/\" class=\"tools__item\" target=\"_blank\" rel=\"noopener\">\n\n                                <div class=\"tools__image\">\n                                    <img decoding=\"async\" width=\"400\" height=\"160\" src=\"https:\/\/asystems-backup.mediagrafik.cz\/wp-content\/uploads\/2022\/06\/tools.jpg\" class=\"attachment-tools-services size-tools-services\" alt=\"\" srcset=\"https:\/\/asystems-backup.mediagrafik.cz\/wp-content\/uploads\/2022\/06\/tools.jpg 400w, https:\/\/asystems-backup.mediagrafik.cz\/wp-content\/uploads\/2022\/06\/tools-300x120.jpg 300w\" sizes=\"(max-width: 400px) 100vw, 400px\" \/>                                <\/div>\n\n                                <h4 class=\"tools__title\">Development center<\/h4>\n\n                                                                    <p class=\"tools__text\">A Development Center (DC) egy megb\u00edzhat\u00f3, modern eszk\u00f6z a munkat\u00e1rsak er\u0151ss\u00e9geink \u00e9s fejlesztend\u0151 ter\u00fcleteinek felt\u00e9rk\u00e9pez\u00e9s\u00e9re, amely k\u00e9s\u0151bb fejleszt\u00e9si terv alapj\u00e1ul szolg\u00e1lhat.<\/p>\n                                                            <\/a>\n                        <\/div>\n                                                                    <div class=\"splide__slide\">\n                            <a href=\"https:\/\/hu.asystems.as\/tools-and-services\/assessment-center-es-development-center\/assessment-center\/\" class=\"tools__item\" target=\"_blank\" rel=\"noopener\">\n\n                                <div class=\"tools__image\">\n                                    <img decoding=\"async\" width=\"400\" height=\"160\" src=\"https:\/\/asystems-backup.mediagrafik.cz\/wp-content\/uploads\/2022\/06\/tools.jpg\" class=\"attachment-tools-services size-tools-services\" alt=\"\" srcset=\"https:\/\/asystems-backup.mediagrafik.cz\/wp-content\/uploads\/2022\/06\/tools.jpg 400w, https:\/\/asystems-backup.mediagrafik.cz\/wp-content\/uploads\/2022\/06\/tools-300x120.jpg 300w\" sizes=\"(max-width: 400px) 100vw, 400px\" \/>                                <\/div>\n\n                                <h4 class=\"tools__title\">Assessment Center<\/h4>\n\n                                                                    <p class=\"tools__text\">Az assessment center (AC) a legmegb\u00edzhat\u00f3bb m\u00f3dszer a legmagasabb potenci\u00e1llal rendelkez\u0151 munkav\u00e1llal\u00f3k kiv\u00e1laszt\u00e1s\u00e1ra az adott munka elv\u00e9gz\u00e9s\u00e9hez.<\/p>\n                                                            <\/a>\n                        <\/div>\n                    \n                <\/div>\n            <\/div>\n        <\/div>\n    \n\n<h3 class=\"wp-block-heading\">Kapcsol\u00f3d\u00f3 bejegyz\u00e9sek<\/h3>\n        <div class=\"related-posts js-related-posts\">\n\n            <a href=\"https:\/\/asystems-backup.mediagrafik.cz\/hu\/inspirations\/tudatos-kivalasztas-hangzatos-kifejezes-de-mennyire-megvalosithato\/\" class=\"related-posts__item\">\n    <div class=\"related-posts__image\">\n        <img decoding=\"async\" width=\"400\" height=\"240\" src=\"https:\/\/asystems-backup.mediagrafik.cz\/wp-content\/uploads\/2023\/01\/Egysegben-az-ero-2-400x240.jpg\" class=\"attachment-thumbnail size-thumbnail wp-post-image\" alt=\"\" srcset=\"https:\/\/asystems-backup.mediagrafik.cz\/wp-content\/uploads\/2023\/01\/Egysegben-az-ero-2-400x240.jpg 400w, https:\/\/asystems-backup.mediagrafik.cz\/wp-content\/uploads\/2023\/01\/Egysegben-az-ero-2-550x330.jpg 550w\" sizes=\"(max-width: 400px) 100vw, 400px\" \/>    <\/div>\n    <h4 class=\"related-posts__title\">Tudatos kiv\u00e1laszt\u00e1s \u2013 hangzatos kifejez\u00e9s, de mennyire megval\u00f3s\u00edthat\u00f3?<\/h4>\n    <div class=\"related-posts__text\"><p>A vil\u00e1g m\u00e1r \u00e9ppen kil\u00e1badozott a Covid okozta neh\u00e9zs\u00e9gekb\u0151l, mikor mindemell\u00e9 tavaly tov\u00e1bbi gazdas\u00e1gi v\u00e1ls\u00e1ggal \u00e9s a ki\u00e9lezett vil\u00e1gpolitikai helyzettel&#8230;<\/p>\n<\/div>\n\n                <div class=\"related-posts__tags\">\n                            <div class=\"related-posts__tag\">Cikkek<\/div>\n                    <\/div>\n    <\/a><a href=\"https:\/\/asystems-backup.mediagrafik.cz\/hu\/inspirations\/interju-ryne-sherman-nal\/\" class=\"related-posts__item\">\n    <div class=\"related-posts__image\">\n        <img decoding=\"async\" width=\"400\" height=\"240\" src=\"https:\/\/asystems-backup.mediagrafik.cz\/wp-content\/uploads\/2022\/09\/099118124-cybersecurity-information-priv-1-400x240.jpeg\" class=\"attachment-thumbnail size-thumbnail wp-post-image\" alt=\"\" srcset=\"https:\/\/asystems-backup.mediagrafik.cz\/wp-content\/uploads\/2022\/09\/099118124-cybersecurity-information-priv-1-400x240.jpeg 400w, https:\/\/asystems-backup.mediagrafik.cz\/wp-content\/uploads\/2022\/09\/099118124-cybersecurity-information-priv-1-550x330.jpeg 550w\" sizes=\"(max-width: 400px) 100vw, 400px\" \/>    <\/div>\n    <h4 class=\"related-posts__title\">Interj\u00fa Ryne Sherman-nal<\/h4>\n    <div class=\"related-posts__text\"><p>A sikeres csapat els\u0151sz\u00e1m\u00fa alkot\u00f3eleme a bizalom! Ryne Sherman, Chief Science Officer, Hogan Assessments Az Assessment Systems egy \u00fajabb inspir\u00e1l\u00f3&#8230;<\/p>\n<\/div>\n\n                <div class=\"related-posts__tags\">\n                            <div class=\"related-posts__tag\">Cikkek<\/div>\n                    <\/div>\n    <\/a><a href=\"https:\/\/asystems-backup.mediagrafik.cz\/hu\/inspirations\/interju-dr-robert-hogannel\/\" class=\"related-posts__item\">\n    <div class=\"related-posts__image\">\n        <img decoding=\"async\" width=\"400\" height=\"240\" src=\"https:\/\/asystems-backup.mediagrafik.cz\/wp-content\/uploads\/2022\/09\/168203139-efficiency-businessman-presses-1-400x240.jpeg\" class=\"attachment-thumbnail size-thumbnail wp-post-image\" alt=\"\" srcset=\"https:\/\/asystems-backup.mediagrafik.cz\/wp-content\/uploads\/2022\/09\/168203139-efficiency-businessman-presses-1-400x240.jpeg 400w, https:\/\/asystems-backup.mediagrafik.cz\/wp-content\/uploads\/2022\/09\/168203139-efficiency-businessman-presses-1-550x330.jpeg 550w\" sizes=\"(max-width: 400px) 100vw, 400px\" \/>    <\/div>\n    <h4 class=\"related-posts__title\">Interj\u00fa Dr. Robert Hogannel<\/h4>\n    <div class=\"related-posts__text\"><p>Egy j\u00f3 vezet\u0151 k\u00e9pes tanulni a hib\u00e1ib\u00f3l. Dr. Robert Hogan, a vil\u00e1g pszichodiagnosztik\u00e1j\u00e1nak ikonja. Az Assessment Systems egy nagyon inspir\u00e1l\u00f3&#8230;<\/p>\n<\/div>\n\n                <div class=\"related-posts__tags\">\n                            <div class=\"related-posts__tag\">Cikkek<\/div>\n                    <\/div>\n    <\/a>\n        <\/div>\n\n                \n    \n<\/div><!--\/ .container -->\n<\/section><!--\/ .group -->\n","protected":false},"excerpt":{"rendered":"<p>Agilis kih\u00edv\u00e1sok, amelyeket meg kell oldania \u00d6n is profit\u00e1lni fog az Agile people transformation accelerator m\u00f3dszertan\u00e1b\u00f3l, ha az \u00d6n szervezete::&#8230;<\/p>\n","protected":false},"author":2,"featured_media":8336,"parent":5785,"menu_order":1,"comment_status":"closed","ping_status":"closed","template":"","meta":{"_acf_changed":false,"footnotes":""},"class_list":["post-5805","page","type-page","status-publish","has-post-thumbnail","hentry"],"acf":[],"_links":{"self":[{"href":"https:\/\/asystems-backup.mediagrafik.cz\/hu\/wp-json\/wp\/v2\/pages\/5805","targetHints":{"allow":["GET"]}}],"collection":[{"href":"https:\/\/asystems-backup.mediagrafik.cz\/hu\/wp-json\/wp\/v2\/pages"}],"about":[{"href":"https:\/\/asystems-backup.mediagrafik.cz\/hu\/wp-json\/wp\/v2\/types\/page"}],"author":[{"embeddable":true,"href":"https:\/\/asystems-backup.mediagrafik.cz\/hu\/wp-json\/wp\/v2\/users\/2"}],"replies":[{"embeddable":true,"href":"https:\/\/asystems-backup.mediagrafik.cz\/hu\/wp-json\/wp\/v2\/comments?post=5805"}],"version-history":[{"count":11,"href":"https:\/\/asystems-backup.mediagrafik.cz\/hu\/wp-json\/wp\/v2\/pages\/5805\/revisions"}],"predecessor-version":[{"id":11762,"href":"https:\/\/asystems-backup.mediagrafik.cz\/hu\/wp-json\/wp\/v2\/pages\/5805\/revisions\/11762"}],"up":[{"embeddable":true,"href":"https:\/\/asystems-backup.mediagrafik.cz\/hu\/wp-json\/wp\/v2\/pages\/5785"}],"wp:featuredmedia":[{"embeddable":true,"href":"https:\/\/asystems-backup.mediagrafik.cz\/hu\/wp-json\/wp\/v2\/media\/8336"}],"wp:attachment":[{"href":"https:\/\/asystems-backup.mediagrafik.cz\/hu\/wp-json\/wp\/v2\/media?parent=5805"}],"curies":[{"name":"wp","href":"https:\/\/api.w.org\/{rel}","templated":true}]}}