{"id":5780,"date":"2022-07-22T07:34:48","date_gmt":"2022-07-22T07:34:48","guid":{"rendered":"https:\/\/asystems-backup.mediagrafik.cz\/?page_id=5780"},"modified":"2023-01-04T16:49:07","modified_gmt":"2023-01-04T16:49:07","slug":"adatvedelmi-szabalyzat","status":"publish","type":"page","link":"https:\/\/asystems-backup.mediagrafik.cz\/hu\/adatvedelmi-szabalyzat\/","title":{"rendered":"Adatv\u00e9delmi Szab\u00e1lyzat\ufffc"},"content":{"rendered":"\n<p><\/p>\n\n\n<section class=\"section is-style-section--normal\">\n<div class=\"content content--regular global-style\">\n\n<h2 class=\"wp-block-heading\">Assessment Systems Adatv\u00e9delmi Szab\u00e1lyzat<\/h2>\n\n<p><strong>1. Preambulum<\/strong><\/p>\n\n<p>Az Assessment Systems International \u00e9s a V\u00e1llalatcsoport valamennyi v\u00e1llalata, amelyek mindegyike \u00f6n\u00e1ll\u00f3 jogi szem\u00e9lyis\u00e9g (a tov\u00e1bbiakban \u201cASI\u201d) meg\u00e9rti, hogy \u00d6n t\u00f6r\u0151dik azzal, hogyan haszn\u00e1lj\u00e1k \u00e9s kezelik az \u00d6n szem\u00e9lyes adatait, nagyra \u00e9rt\u00e9kelj\u00fck a bel\u00e9nk vetett bizalm\u00e1t, miszerint adatait k\u00f6r\u00fcltekint\u00e9ssel \u00e9s bizalmasan kezelj\u00fck. Elk\u00f6telezettek vagyunk az \u00e1ltalunk gy\u0171jt\u00f6tt inform\u00e1ci\u00f3 biztons\u00e1ga, el\u00e9rhet\u0151s\u00e9ge, titkoss\u00e1ga \u00e9s az adatfeldolgoz\u00e1s \u00e1tl\u00e1that\u00f3s\u00e1ga ir\u00e1nt. Ez az Adatv\u00e9delmi Szab\u00e1lyzat az ASI \u00e1ltal m\u0171k\u00f6dtetett \u00f6sszes szabadon el\u00e9rhet\u0151 online fel\u00fcletre vonatkozik, bele\u00e9rtve a weboldalakat, term\u00e9keket, adminisztrat\u00edv eszk\u00f6z\u00f6ket, online k\u00e9rd\u0151\u00edveket \u00e9s feliratkoz\u00f3 oldalakat. Ennek eredm\u00e9nyek\u00e9ppen az ASI b\u00e1rmelyik weboldal\u00e1t megl\u00e1togatva \u00d6n elfogadja azokat az ir\u00e1nyelveket, melyek az Adatv\u00e9delmi Szab\u00e1lyzatban r\u00f6gz\u00edt\u00e9sre ker\u00fcltek.<\/p>\n\n<p>Az Adatv\u00e9delmi Szab\u00e1lyzatunk rendelkez\u00e9seinek kialak\u00edt\u00e1sakor figyelembe vett\u00fck az Eur\u00f3pai Parlament \u00e9s a Tan\u00e1cs 2016\/679 Rendelet\u00e9ben (\u201e\u00c1ltal\u00e1nos Adatv\u00e9delmi Rendelet\u201d vagy \u201eGDPR\u201d), az inform\u00e1ci\u00f3s \u00f6nrendelkez\u00e9si jogr\u00f3l \u00e9s az inform\u00e1ci\u00f3szabads\u00e1gr\u00f3l sz\u00f3l\u00f3 2011. \u00e9vi CXII. t\u00f6rv\u00e9ny (\u201eInfotv.\u201d), a Polg\u00e1ri T\u00f6rv\u00e9nyk\u00f6nyvr\u0151l sz\u00f3l\u00f3 2013. \u00e9vi V. t\u00f6rv\u00e9ny (\u201ePtk.\u201d), tov\u00e1bb\u00e1 a gazdas\u00e1gi rekl\u00e1mtev\u00e9kenys\u00e9g alapvet\u0151 felt\u00e9teleir\u0151l \u00e9s egyes korl\u00e1tair\u00f3l sz\u00f3l\u00f3 2008. \u00e9vi XLVIII. t\u00f6rv\u00e9ny (\u201eGrtv.\u201d) rendelkez\u00e9seit.<\/p>\n\n<p><strong>2. Adatkezel\u00e9s<\/strong><\/p>\n\n<p>Az ASI inform\u00e1ci\u00f3t \u00e9s szem\u00e9lyes adatokat gy\u0171jthet a felhaszn\u00e1l\u00f3kr\u00f3l, amikor azok elk\u00e9sz\u00edtik felhaszn\u00e1l\u00f3i fi\u00f3kjukat a Weboldalainkon, let\u00f6ltik online el\u00e9rhet\u0151 kiadv\u00e1nyainkat, \u00e9s tov\u00e1bbi inform\u00e1ci\u00f3t keresnek a szolg\u00e1ltat\u00e1sainkr\u00f3l vagy munkalehet\u0151s\u00e9geinkr\u0151l, illetve, ha regisztr\u00e1lnak konferenci\u00e1inkra \u00e9s egy\u00e9b, az ASI \u00e1ltal t\u00e1mogatott esem\u00e9nyekre. Az ASI regisztr\u00e1ci\u00f3s, feliratkoz\u00e1si, fi\u00f3k-be\u00e1ll\u00edt\u00e1si \u00e9s egy\u00e9b \u0171rlapjai k\u00f6z\u00fcl n\u00e9h\u00e1ny felk\u00e9rheti a felhaszn\u00e1l\u00f3kat, hogy adjanak meg szem\u00e9lyes adatokat, \u00e9rdekl\u0151d\u00e9si ter\u00fcleteket \u00e9s\/vagy demogr\u00e1fiai adatokat. Az ASI felhaszn\u00e1lhatja ezeket a szem\u00e9lyes adatokat (az \u00d6n neve, c\u00edme, e-mail el\u00e9rhet\u0151s\u00e9ge, telefonsz\u00e1ma, \u00e9rdekl\u0151d\u00e9si ter\u00fcletei, stb.), hogy szem\u00e9lyre szabja a Weboldalainkon a l\u00e1togat\u00f3i \u00e9lm\u00e9nyt, felvegye \u00d6nnel a kapcsolatot, amennyiben \u00d6n ezt kifejezetten k\u00e9rte vagy, adott esetben (\u00e1ll\u00e1sjelentkez\u00e9skor), hogy \u00e9rt\u00e9kelje az \u00d6n jelentkez\u00e9s\u00e9ben szerepl\u0151 k\u00e9pes\u00edt\u00e9seket \u00e9s el\u0151zm\u00e9nyeket.<\/p>\n\n<p><em><strong>2.1 Weboldalaink haszn\u00e1lata<\/strong><\/em><\/p>\n\n<p>Webhelyeink haszn\u00e1lata sor\u00e1n kezelj\u00fck technikai adatait weboldalaink megfelel\u0151 technikai m\u0171k\u00f6dtet\u00e9se \u00e9rdek\u00e9ben, valamint amikor inform\u00e1ci\u00f3t k\u00f6zl\u00fcnk term\u00e9keinkr\u0151l, szolg\u00e1ltat\u00e1sainkr\u00f3l \u00e9s megold\u00e1sainkr\u00f3l, hogy meg\u00e9rts\u00fck az \u00d6n ig\u00e9nyeit, elv\u00e1r\u00e1sait. Technikai adatait a GDPR 6. cikke (1) bekezd\u00e9s\u00e9nek f) pontj\u00e1val \u00f6sszhangban kezelj\u00fck.<\/p>\n\n<p><em><strong>2.2 Kapcsolatfelv\u00e9tel, regisztr\u00e1ci\u00f3 esem\u00e9nyekre \u00e9s ingyenes login oldalak<\/strong><\/em><\/p>\n\n<p>Amikor kapcsolatba l\u00e9p vel\u00fcnk (a weboldalaink b\u00e1rmelyik kapcsolati \u0171rlapj\u00e1nak haszn\u00e1lat\u00e1val) kezelj\u00fck m\u0171szaki \u00e9s kapcsolati adatait, ahol ezt \u00d6n k\u00e9rte (p\u00e9ld\u00e1ul: \u201cKapcsolat\u201d, \u201eIngyenes login ig\u00e9nyl\u00e9se\u201d,\u201dEsem\u00e9nyre jelentkez\u00e9s\u201d), valamint, hogy lehet\u0151v\u00e9 tegy\u00fck az \u00d6n sz\u00e1m\u00e1ra, \u00e9rdekl\u0151d\u00e9s\u00e9vel kapcsolatos anyagok let\u00f6lt\u00e9s\u00e9t. A technikai \u00e9s kapcsolati adatait a GDPR 6. cikke (1) bekezd\u00e9s\u00e9nek f) pontja szerint kezelj\u00fck. A jobb felhaszn\u00e1l\u00f3i \u00e9lm\u00e9ny \u00e9s a biztons\u00e1gosabb kommunik\u00e1ci\u00f3 \u00e9rdek\u00e9ben a HubSpot f\u00fcggetlen szolg\u00e1ltat\u00f3 megold\u00e1sait haszn\u00e1ljuk (tov\u00e1bbi inform\u00e1ci\u00f3t a HubSpot adatv\u00e9delelmi ir\u00e1nyelveir\u0151l \u00e9s jogi megfelel\u00e9s\u00e9r\u0151l a k\u00f6vetkez\u0151 linken:&nbsp;<a href=\"http:\/\/legal.hubspot.com\/privacy-policy\" target=\"_blank\" rel=\"noreferrer noopener\">http:\/\/legal.hubspot.com\/privacy-policy<\/a>&nbsp;tal\u00e1l). Nem t\u00e1roljuk szem\u00e9lyes adatait a sz\u00fcks\u00e9gesn\u00e9l tov\u00e1bb, \u00e9s az \u00d6n szem\u00e9lyes adatait automatikusan t\u00f6r\u00f6lj\u00fck rendszer\u00fcnkb\u0151l \u00e9s a HubSpot adatb\u00e1zis\u00e1b\u00f3l egy meghat\u00e1rozott id\u0151 ut\u00e1n (tov\u00e1bbi adatokat k\u00e9rhet adatv\u00e9delmi k\u00e9pvisel\u0151nkt\u0151l a k\u00f6vetkez\u0151 e-mail c\u00edmen:&nbsp;<a href=\"mailto:dpo@asystems.as\">dpo@asystems.as<\/a>.<\/p>\n\n<p><em><strong>2.3 Karrier<\/strong><\/em><\/p>\n\n<p>Ha \u00f6nk\u00e9nt jelentkezik a webhelyeinken el\u00e9rhet\u0151 b\u00e1rmelyik \u00e1ll\u00e1saj\u00e1nlatra, feldolgozzuk m\u0171szaki adatait, el\u00e9rhet\u0151s\u00e9geit \u00e9s munkat\u00f6rt\u00e9net\u00e9t (k\u00f6zvetlen\u00fcl e-mailben k\u00fcldve sz\u00e1munkra), hogy megk\u00f6nny\u00edts\u00fck a felv\u00e9teli elj\u00e1r\u00e1st. A szem\u00e9lyes adatokat a GDPR 6. cikke (1) bekezd\u00e9s\u00e9nek b) pontja szerint kezelj\u00fck.<\/p>\n\n<p><em><strong>2.4 H\u00edrlev\u00e9l<\/strong><\/em><\/p>\n\n<p>Ha \u00d6n ig\u00e9nyli \u00e9s err\u0151l nyilatkozik is, akkor elk\u00fcldj\u00fck \u00d6nnek h\u00edrleveleinket \u00e9s \/ vagy prom\u00f3ci\u00f3s anyagainkat (\u00fagy, mint megh\u00edv\u00f3kat szemin\u00e1riumokra, workshopokra \u00e9s m\u00e1s esem\u00e9nyekre, valamint k\u00e9rd\u0151\u00edveink kit\u00f6lt\u00e9s\u00e9re k\u00e9rhetj\u00fck vagy egy\u00e9b inform\u00e1ci\u00f3t ny\u00fajthatunk az ASI \u00e1ltal k\u00edn\u00e1lt k\u00fcl\u00f6nb\u00f6z\u0151 szolg\u00e1ltat\u00e1sokhoz kapcsol\u00f3d\u00f3an), ezzel kapcsolatban kezelj\u00fck m\u0171szaki adatait \u00e9s kapcsolati adatait. \u00d6n b\u00e1rmikor visszavonhatja a beleegyez\u00e9s\u00e9t a h\u00edrlev\u00e9l \u00e9s \/ vagy prom\u00f3ci\u00f3s anyagok fogad\u00e1s\u00e1hoz egyszer\u0171en a h\u00edrlev\u00e9l leiratkoz\u00e1si linkj\u00e9re kattintva, vagy a&nbsp;<a href=\"mailto:marketing@asystems.as\">marketing@asystems.as<\/a>&nbsp;c\u00edmre t\u00f6rt\u00e9n\u0151 leiratkoz\u00e1si k\u00e9relem elk\u00fcld\u00e9s\u00e9vel. A szem\u00e9lyes adatait a GDPR 6. cikke (1) bekezd\u00e9s\u00e9nek a) pontja szerint dolgozzuk fel. A h\u00edrleveleink kik\u00fcld\u00e9s\u00e9hez a MailChimp-et haszn\u00e1ljuk. Amennyiben feliratkozik a h\u00edrlevel\u00fcnkre, \u00d6n elfogadja, hogy szem\u00e9lyes kapcsolati adatait a MailChimp-nek tov\u00e1bb\u00edtjuk \u00e9s a MailChimp szerverein t\u00e1roljuk. Tov\u00e1bbi inform\u00e1ci\u00f3 a MailChimp adatv\u00e9delmi ir\u00e1nyelveir\u0151l a k\u00f6vetkez\u0151 linken tal\u00e1lhat\u00f3:&nbsp;<a href=\"http:\/\/mailchimp.com\/legal\/privacy\/\" target=\"_blank\" rel=\"noreferrer noopener\">http:\/\/mailchimp.com\/legal\/privacy\/<\/a>.<\/p>\n\n<p>Nem \u00e9rt\u00e9kes\u00edtj\u00fck, osztjuk meg, adjuk b\u00e9rbe vagy m\u00e1s egy\u00e9b m\u00f3don sem bocs\u00e1jtjuk m\u00e1sok rendelkez\u00e9s\u00e9re az \u00d6n szem\u00e9lyes adatait, kiv\u00e9ve, ha k\u00f6zz\u00e9tehetj\u00fck harmadik f\u00e9l sz\u00e1m\u00e1ra az adatokat, akik sz\u00e1munkra szolg\u00e1ltat\u00e1st ny\u00fajtanak \u00e9s sz\u00fcks\u00e9g van az eml\u00edtett szolg\u00e1ltat\u00e1sokkal kapcsolatos inform\u00e1ci\u00f3khoz val\u00f3 hozz\u00e1f\u00e9r\u00e9sre. Amennyiben b\u00e1rmilyen k\u00e9rd\u00e9se van az adatkezel\u00e9ssel kapcsolatban forduljon hozz\u00e1nk bizalommal az al\u00e1bbi (13. pont) lehet\u0151s\u00e9gek egyik\u00e9n.<\/p>\n\n<p><strong>3. Nemzetk\u00f6zi inform\u00e1ci\u00f3\u00e1tad\u00e1s<\/strong><\/p>\n\n<p>Az ASI egy nemzetk\u00f6zi szervezet, a weboldalainkon vagy egy\u00e9b m\u00f3don gy\u0171jt\u00f6tt inform\u00e1ci\u00f3k id\u0151r\u0151l-id\u0151re tov\u00e1bb\u00edt\u00e1sra ker\u00fclnek az ASI irod\u00e1i vagy dolgoz\u00f3i k\u00f6z\u00f6tt, bele\u00e9rtve az Eur\u00f3pai Gazdas\u00e1gi T\u00e9rs\u00e9gen k\u00edv\u00fcl tal\u00e1lhat\u00f3 irod\u00e1kat is. Weboldalaink l\u00e1togathat\u00f3k b\u00e1rhonnan \u00e9s ig\u00e9nybe vehet\u00fcnk b\u00e1rhol webt\u00e1rhely szolg\u00e1ltat\u00e1st, bele\u00e9rtve azokat az orsz\u00e1gokat is, amelyek nem rendelkeznek olyan jogszab\u00e1lyokkal, amelyek szab\u00e1lyozz\u00e1k a szem\u00e9ly azonos\u00edt\u00e1sra alkalmas adatok haszn\u00e1lat\u00e1t \u00e9s \u00e1tad\u00e1s\u00e1t. Az ASI megfelel az \u00c1ltal\u00e1nos Adatv\u00e9delmi Rendeletnek (General Data Protection Regulation 2016\/679 (\u201cGDPR\u201d), \u00e9s biztos\u00edtja, hogy Felhaszn\u00e1l\u00f3ink szem\u00e9lyes adatait nem adjuk \u00e1t harmadik f\u00e9lnek az ASI v\u00e1llalatcsoporton k\u00edv\u00fcl, csak akkor, ha (a) \u00d6n \u00f6nk\u00e9nt beleegyezik az ilyen jelleg\u0171 nemzetk\u00f6zi inform\u00e1ci\u00f3 \u00e1tvitelhez \u00e9s fogad\u00e1shoz, vagy (b) \u00d6nt t\u00e1j\u00e9koztatt\u00e1k \u00e9s elfogadta az adat\u00e1tvitelt az Adatv\u00e9delmi Szab\u00e1lyzatunk elolvas\u00e1s\u00e1val. Csak akkor osztjuk meg szem\u00e9lyes adatait, ha az az adatfeldolgoz\u00e1s c\u00e9lj\u00e1b\u00f3l sz\u00fcks\u00e9ges.<\/p>\n\n<p><\/p>\n\n<p><strong>4. S\u00fctik \u00e9s nem-s\u00fcti alap\u00fa tracking technol\u00f3gi\u00e1k<\/strong><\/p>\n\n<p>Az ASI \u201eb\u00f6ng\u00e9sz\u0151 s\u00fctiket\u201d haszn\u00e1lhat weboldalain, hogy nyomon k\u00f6vethesse l\u00e1togat\u00e1sait. A \u201cs\u00fcti\u201d kis mennyis\u00e9g\u0171 sz\u00f6veges adat, melyet a kiszolg\u00e1l\u00f3 a b\u00f6ng\u00e9sz\u0151j\u00e9nek k\u00fcld \u00e9s a sz\u00e1m\u00edt\u00f3g\u00e9pe merevlemez\u00e9n t\u00e1rol\u00f3dik. A s\u00fctik haszn\u00e1lata lehet\u0151v\u00e9 teszi sz\u00e1munkra, hogy magasabb sz\u00ednvonal\u00fa \u00e9s megb\u00edzhat\u00f3bb felhaszn\u00e1l\u00f3i \u00e9lm\u00e9nyt ny\u00fajtsunk. A s\u00fctik haszn\u00e1lata lehet\u0151v\u00e9 teheti sz\u00e1munkra, hogy automatiz\u00e1ljuk weboldalaink jelsz\u00f3val v\u00e9dett r\u00e9szeit, \u00edgy nem kell minden alkalommal be\u00edrnia jelszav\u00e1t, amikor megl\u00e1togatja weboldalainkat. S\u00fctiket haszn\u00e1lhatunk annak \u00e9rdek\u00e9ben is, hogy meg\u00e1llap\u00edtsuk, weboldalaink mely ter\u00fcletei a legn\u00e9pszer\u0171bbek a felhaszn\u00e1l\u00f3ink k\u00f6r\u00e9ben, illetve, hogy jobban megismerj\u00fck webhely\u00fcnk haszn\u00e1lat\u00e1t.&nbsp;<strong>A legt\u00f6bb internetes b\u00f6ng\u00e9sz\u0151 lehet\u0151v\u00e9 teszi az \u00d6n sz\u00e1m\u00e1ra, hogy t\u00f6r\u00f6lje a s\u00fctiket a sz\u00e1m\u00edt\u00f3g\u00e9pe merevlemez\u00e9r\u0151l, blokkolja a s\u00fctiket vagy figyelmeztet\u00e9st kapjon miel\u0151tt egy weboldal s\u00fctit helyezne el a sz\u00e1m\u00edt\u00f3g\u00e9p\u00e9n. K\u00e9rj\u00fck, gondosan tanulm\u00e1nyozza a b\u00f6ng\u00e9sz\u0151je kapcsol\u00f3d\u00f3 utas\u00edt\u00e1sait, illetve a s\u00fag\u00f3j\u00e1t, ahol t\u00f6bbet megtudhat ezekr\u0151l a funkci\u00f3kr\u00f3l \u00e9s azok haszn\u00e1lat\u00e1r\u00f3l.<\/strong>&nbsp;K\u00e9rj\u00fck, vegye figyelembe, hogy a weboldal bizonyos r\u00e9szei vagy funkci\u00f3i el\u00e9rhetetlenek lehetnek, ha a b\u00f6ng\u00e9sz\u0151je nem fogad el s\u00fctiket. A s\u00fctik kezel\u00e9s\u00e9re vonatkoz\u00f3 r\u00e9szletes inform\u00e1ci\u00f3k\u00e9rt (angolul) l\u00e1togasson el a&nbsp;<a href=\"http:\/\/www.allaboutcookies.org\/\" target=\"_blank\" rel=\"noreferrer noopener\">www.allaboutcookies.org<\/a>&nbsp;weboldalra.<\/p>\n\n<p>Egyes \u00e1ltalunk haszn\u00e1lt s\u00fctik harmadik f\u00e9lt\u0151l sz\u00e1rmaznak, ilyen partnereink a Hubspot \u00e9s a Google, mely partnerek weboldalelemz\u00e9st \u00e9s betekint\u00e9st ny\u00fajtanak webhelyeink haszn\u00e1lat\u00e1r\u00f3l. Ezek a v\u00e1llalatok programk\u00f3dot haszn\u00e1lnak, hogy adatot gy\u0171jtsenek az \u00d6n interakci\u00f3ir\u00f3l a webhelyeinkkel, p\u00e9ld\u00e1ul az \u00d6n \u00e1ltal l\u00e1togatott oldalakr\u00f3l, az \u00d6n \u00e1ltal megnyitott linkekr\u0151l \u00e9s a weboldalainkon elt\u00f6lt\u00f6tt id\u0151r\u0151l. Ha t\u00f6bbet szeretne tudni arr\u00f3l, hogy ezek a v\u00e1llalatok mik\u00e9nt gy\u0171jtik \u00e9s haszn\u00e1lj\u00e1k az adatokat a mi nev\u00fcnkben, k\u00e9rj\u00fck, olvassa el az adatv\u00e9delmi ir\u00e1nyelveiket a k\u00f6vetkez\u0151 linkeken: a&nbsp;<a href=\"http:\/\/legal.hubspot.com\/privacy-policy\" target=\"_blank\" rel=\"noreferrer noopener\">Hubspot Adatv\u00e9delmi Ir\u00e1nyelvei<\/a>&nbsp;(angolul) \u00e9s a&nbsp;<a href=\"http:\/\/policies.google.com\/privacy?hl=hu\" target=\"_blank\" rel=\"noreferrer noopener\">Google Adatv\u00e9delmi Ir\u00e1nyelvei<\/a>. Az ASI weboldalai a Google Analytics \u2013 a Google Inc. (\u201cGoogle\u201d) \u2013 webes elemz\u00e9si szolg\u00e1ltat\u00e1s\u00e1t haszn\u00e1lj\u00e1k. A Google Analytics \u201cs\u00fctiket\u201d haszn\u00e1l, amelyek sz\u00f6veges f\u00e1jlokat helyeznek el a sz\u00e1m\u00edt\u00f3g\u00e9p\u00e9n, hogy seg\u00edts\u00e9g\u00fcnkre legyenek a webhelyeink haszn\u00e1lat\u00e1nak elemez\u00e9s\u00e9ben. A s\u00fctik \u00e1ltal gener\u00e1lt inform\u00e1ci\u00f3kat a weboldal haszn\u00e1lat\u00e1r\u00f3l (bele\u00e9rtve az IP-c\u00edmet is) a Google az Egyes\u00fclt \u00c1llamokban tal\u00e1lhat\u00f3 szervereire tov\u00e1bb\u00edtja, \u00e9s azokon t\u00e1rolja. A Google az inform\u00e1ci\u00f3k alapj\u00e1n \u00e9rt\u00e9keli ki a weboldal haszn\u00e1lat\u00e1t, illetve jelent\u00e9seket k\u00e9sz\u00edt a weboldal \u00fczemeltet\u0151i sz\u00e1m\u00e1ra, valamint az internethaszn\u00e1lattal kapcsolatos egy\u00e9b szolg\u00e1ltat\u00e1sok biztos\u00edt\u00e1s\u00e1ra. A Google ezeket az inform\u00e1ci\u00f3kat harmadik f\u00e9lnek is tov\u00e1bb\u00edthatja, amennyiben erre t\u00f6rv\u00e9ny k\u00f6telezi, illetve, ha a harmadik f\u00e9l az adatokat a Google nev\u00e9ben feldolgozza. A Google nem t\u00e1rs\u00edtja az IP-c\u00edm\u00e9t a Google \u00e1ltal t\u00e1rolt egy\u00e9b adatokhoz. A jelen Weboldal haszn\u00e1lat\u00e1val \u00d6n beleegyezik abba, hogy a HubSpot \u00e9s a Google a fentiekben le\u00edrt m\u00f3don \u00e9s c\u00e9lokra kezelje az \u00d6nnel kapcsolatos adatokat. Tov\u00e1bbi inform\u00e1ci\u00f3k\u00e9rt a Google Analyticsr\u0151l kattintson a k\u00f6vetkez\u0151 linkre:&nbsp;<a href=\"http:\/\/support.google.com\/analytics\/answer\/6004245?hl=hu\" target=\"_blank\" rel=\"noreferrer noopener\">http:\/\/support.google.com\/analytics\/answer\/6004245?hl=hu<\/a>.<\/p>\n\n<p>Az ASI haszn\u00e1lhat m\u00e9g \u201cweb beacon\u201d-\u00f6ket (\u00fagynevezett konverzi\u00f3s pixeleket) vagy m\u00e1s hasonl\u00f3 c\u00e9lokra haszn\u00e1latos technol\u00f3gi\u00e1kat, ezeket integr\u00e1lhatjuk a weboldalainkba \u00e9s a h\u00edrleveleinkbe \u00e9s\/vagy prom\u00f3ci\u00f3s anyagainkba, annak meghat\u00e1roz\u00e1s\u00e1ra, hogy az \u00fczeneteinket a felhaszn\u00e1l\u00f3k megnyitott\u00e1k-e \u00e9s r\u00e1kattintottak-e a benn\u00fck szerepl\u0151 linkekre. A web beacon-\u00f6k nem helyeznek el adatot\/f\u00e1jlokat az \u00d6n eszk\u00f6zein. Partnereink k\u00f6z\u00fcl a MailChimp haszn\u00e1lja ezt a technol\u00f3gi\u00e1t a h\u00edrleveleink kik\u00fcld\u00e9sekor. Amennyiben t\u00f6bbet szeretne megtudni a web beacon-\u00f6kr\u0151l k\u00e9rj\u00fck olvassa el a MailChimp&nbsp;<a href=\"http:\/\/mailchimp.com\/legal\/privacy\/\" target=\"_blank\" rel=\"noreferrer noopener\">Adatv\u00e9delmi Ir\u00e1nyelveit<\/a>(angolul).<\/p>\n\n<p><strong>5. Adatbiztons\u00e1g<\/strong><\/p>\n\n<p>Az ASI olyan technol\u00f3giai \u00e9s operat\u00edv biztons\u00e1gi folyamatokat haszn\u00e1l, amelyek v\u00e9dik a szem\u00e9lyazonos\u00edt\u00e1sra alkalmas inform\u00e1ci\u00f3kat az adatv\u00e9delmi incidensekt\u0151l. Csak az enged\u00e9llyel rendelkez\u0151 alkalmazottak \u00e9s partnerek f\u00e9rhetnek hozz\u00e1 az \u00d6n \u00e1ltal megadott adatokhoz, \u00e9s ez a hozz\u00e1f\u00e9r\u00e9s csak meghat\u00e1rozott \u00e9s k\u00f6r\u00fclhat\u00e1rolt alkalmakra korl\u00e1toz\u00f3dik. Minden olyan alkalmazott vagy szerz\u0151d\u00e9ses partner, aki hozz\u00e1f\u00e9rhet b\u00e1rmely szem\u00e9lyesen azonos\u00edthat\u00f3 adathoz, k\u00f6teles annak titkoss\u00e1g\u00e1t fenntartani. Az \u00d6n\u00f6k jogaira figyelemmel, a kock\u00e1zatok felm\u00e9r\u00e9s\u00e9vel megfelel\u0151 technikai \u00e9s szervez\u00e9si int\u00e9zked\u00e9seket tesz\u00fcnk annak \u00e9rdek\u00e9ben, hogy a kock\u00e1zatok m\u00e9rt\u00e9k\u00e9nek megfelel\u0151 szint\u0171 adatbiztons\u00e1got tudjuk garant\u00e1lni.<\/p>\n\n<p><strong>6. K\u00fcls\u0151 linkek \u00e9s b\u0151v\u00edtm\u00e9nyek<\/strong><\/p>\n\n<p>Az ASI nem v\u00e1llal felel\u0151ss\u00e9get az olyan nem ASI weboldalak adatv\u00e9delmi gyakorlat\u00e1hoz vagy tartalm\u00e1hoz, amelyek k\u00fcls\u0151 linkjeihez \u00e9s \/ vagy b\u0151v\u00edtm\u00e9nyeihez (\u00e1ltal\u00e1ban a k\u00f6z\u00f6ss\u00e9gi m\u00e9di\u00e1ban haszn\u00e1latosakat) hozz\u00e1f\u00e9r\u00e9st biztos\u00edtunk. Ha ilyenre kattint, szem\u00e9lyes adatai megoszt\u00e1sra ker\u00fclhetnek a vonatkoz\u00f3 k\u00fcls\u0151 webhelyen. Miut\u00e1n elhagyta ezt a weboldalt, a szem\u00e9lyes adatok kezel\u00e9s\u00e9t m\u00e1r nem szab\u00e1lyozza jelen Adatv\u00e9delmi Szab\u00e1lyzat. Ahol b\u00e1rmilyen k\u00f6z\u00f6ss\u00e9gi m\u00e9dia plugin-ra kattint (melyet megfelel\u0151 szimb\u00f3lum jelez), szem\u00e9lyes adatai megoszt\u00e1sra ker\u00fclhetnek az adott f\u00e9llel. A k\u00fcls\u0151 linkekre \u00e9s pluginekre val\u00f3 kattint\u00e1s teljesen \u00f6nk\u00e9ntes, ez\u00e9rt, ha nem szeretn\u00e9, hogy szem\u00e9lyes adatait ilyen m\u00f3don dolgozz\u00e1k fel, akkor k\u00e9rj\u00fck ne kattintson ezekre a linkekre.<\/p>\n\n<p><strong>7. Adatmeg\u0151rz\u00e9s<\/strong><\/p>\n\n<p>Az \u00d6n szem\u00e9lyes adatait csak olyan id\u0151intervallumban t\u00e1roljuk, amely a feldolgoz\u00e1s szempontj\u00e1b\u00f3l \u00e9s \/ vagy a helyi ter\u00fcleten \u00e9rv\u00e9nyes t\u00f6rv\u00e9nyek \u00e1ltal el\u0151\u00edrt id\u0151n bel\u00fcl \u00e9sszer\u0171. Adatait nem kezelj\u00fck tov\u00e1bb, mint amennyi ideig az szolg\u00e1ltat\u00e1saink megfelel\u0151 sz\u00ednvonal\u00fa ell\u00e1t\u00e1sa szempontj\u00e1b\u00f3l sz\u00fcks\u00e9ges.<\/p>\n\n<p>Ha t\u00f6bbet szeretne megtudni a meg\u0151rz\u00e9si id\u0151szakokr\u00f3l, k\u00e9rj\u00fck, l\u00e9pjen kapcsolatba az Adatv\u00e9delmi Tisztvisel\u0151nkkel a k\u00f6vetkez\u0151 e-mail c\u00edmen:&nbsp;<a href=\"mailto:dpo@asystems.as\">dpo@asystems.as<\/a>.<\/p>\n\n<p><strong>8. Szem\u00e9lyes adatainak kezel\u00e9se<\/strong><\/p>\n\n<p>Az ASI nem tov\u00e1bb\u00edtja szem\u00e9lyes adatait harmadik feleknek (kiv\u00e9ve a 2. pontban eml\u00edtett b\u00e1rmely k\u00fcls\u0151 felet), hacsak nem rendelkez\u00fcnk az \u00d6n enged\u00e9ly\u00e9vel, vagy erre vonatkoz\u00f3 t\u00f6rv\u00e9nyi el\u0151\u00edr\u00e1ssal. \u00d6n jogosult kik\u00e9rni az ASI \u00e1ltal t\u00e1rolt szem\u00e9lyes adatainak r\u00e9szleteit. Annak \u00e9rdek\u00e9ben, hogy meggy\u0151z\u0151dj\u00f6n arr\u00f3l, hogy szem\u00e9lyes adatait megfelel\u0151en kezelt\u00fck rendszer\u00fcnkben, vagy hogy hozz\u00e1f\u00e9rjen szem\u00e9lyes adataihoz, k\u00e9rj\u00fck, k\u00fcldje el e-mailben a k\u00e9r\u00e9s\u00e9t a&nbsp;<a href=\"mailto:dpo@asystems.as\">dpo@asystems.as<\/a>.<\/p>\n\n<p><strong>9. Adathelyesb\u00edt\u00e9s vagy m\u00f3dos\u00edt\u00e1s, adatt\u00f6rl\u00e9s, adatkezel\u00e9s korl\u00e1toz\u00e1sa vagy az adatai hordozhat\u00f3s\u00e1ga<\/strong><\/p>\n\n<p>Annak \u00e9rdek\u00e9ben, hogy ellen\u0151rizze szem\u00e9lyes adatai pontoss\u00e1g\u00e1t \u00e9s aktualit\u00e1s\u00e1t, k\u00e9rv\u00e9nyezze adatai helyesb\u00edt\u00e9s\u00e9t vagy m\u00f3dos\u00edt\u00e1s\u00e1t, adatai t\u00f6rl\u00e9s\u00e9t, korl\u00e1tozza az adatkezel\u00e9st vagy hordozhat\u00f3 m\u00e1solatot ig\u00e9nyeljen adatair\u00f3l, k\u00e9rj\u00fck l\u00e9pjen vel\u00fcnk kapcsolatba az al\u00e1bbi (13. pont) lehet\u0151s\u00e9gek egyik\u00e9n.<\/p>\n\n<p><strong>10. Jog\u00e9rv\u00e9nyes\u00edt\u00e9s<\/strong><\/p>\n\n<p>Ha aggodalm\u00e1t szeretn\u00e9 kifejezi ki az Adatv\u00e9delmi T\u00f6rv\u00e9ny vagy egy\u00e9b szab\u00e1lyoz\u00e1s megs\u00e9rt\u00e9s\u00e9vel kapcsolatban, l\u00e9pjen vel\u00fcnk kapcsolatba, az al\u00e1bbiak (13. pont) szerint. Az ASI Adatv\u00e9delmi Tisztvisel\u0151je megvizsg\u00e1lja a panasz\u00e1t, \u00e9s t\u00e1j\u00e9koztat\u00e1st ny\u00fajt arr\u00f3l, hogy hogyan fogjuk kezelni.<\/p>\n\n<p>Amennyiben nem el\u00e9gedett azzal, ahogy az adatkezel\u00e9ssel kapcsolatos panasz\u00e1t kezelt\u00fck, k\u00f6zvetlen\u00fcl a Nemzeti Adatv\u00e9delmi \u00e9s Inform\u00e1ci\u00f3szabads\u00e1g Hat\u00f3s\u00e1ghoz (c\u00edm: 1125 Budapest, Szil\u00e1gyi Erzs\u00e9bet fasor 22\/c.; telefon: +36-1-391-1400; e-mail:&nbsp;<a href=\"mailto:ugyfelszolgalat@naih.hu\">ugyfelszolgalat@naih.hu<\/a>; honlap:&nbsp;<a href=\"http:\/\/www.naih.hu\/\" target=\"_blank\" rel=\"noreferrer noopener\">www.naih.hu<\/a>) is fordulhat..<\/p>\n\n<p><strong>11.Az Adatv\u00e9delmi Szab\u00e1lyzat m\u00f3dos\u00edt\u00e1sai<\/strong><\/p>\n\n<p>Az ASI fenntartja mag\u00e1nak a jogot, hogy a jelen Adatv\u00e9delmi Szab\u00e1lyzatot egyoldal\u00fa d\u00f6nt\u00e9s\u00e9vel b\u00e1rmikor m\u00f3dos\u00edtsa. A felhaszn\u00e1l\u00f3 k\u00f6vetkez\u0151 bel\u00e9p\u00e9s\u00e9vel elfogadja az Adatv\u00e9delmi Szab\u00e1lyzat mindenkor hat\u00e1lyos rendelkez\u00e9seit, ezen t\u00falmen\u0151en az egyes felhaszn\u00e1l\u00f3k beleegyez\u00e9s\u00e9nek kik\u00e9r\u00e9s\u00e9re nincs sz\u00fcks\u00e9g. Javasoljuk, hogy rendszeresen ellen\u0151rizze az Adatv\u00e9delmi Szab\u00e1lyzatot a m\u00f3dos\u00edt\u00e1sok vagy friss\u00edt\u00e9sek tekintet\u00e9ben.<\/p>\n\n<p><strong>12. ASI weboldalainak haszn\u00e1lata<\/strong><\/p>\n\n<p>Weboldalaink haszn\u00e1lata \u00f6nk\u00e9ntes. Ha nem szeretn\u00e9, hogy a szem\u00e9lyes adatait a fent eml\u00edtett m\u00f3dok valamelyik\u00e9n kezelj\u00fck, ne l\u00e1togassa weboldalainkat. A weboldal el\u00e9r\u00e9se \u00e9s haszn\u00e1lata bizonyos felt\u00e9telek \u00e9s kik\u00f6t\u00e9sek hat\u00e1lya al\u00e1 esik, amelyeket a&nbsp;<a href=\"http:\/\/hu.asystems.as\/altalanos-szerzodesi-feltetelek\/\" target=\"_blank\" rel=\"noreferrer noopener\">\u00c1ltal\u00e1nos Szerz\u0151d\u00e9si Felt\u00e9telek<\/a>&nbsp;foglalnak \u00f6ssze.<\/p>\n\n<p><strong>13. Kapcsolat<\/strong><\/p>\n\n<p>Ha b\u00e1rmilyen k\u00e9rd\u00e9se van az Adatv\u00e9delmi Szab\u00e1lyzatunkkal, vagy az ASI adatgy\u0171jt\u00e9s\u00e9vel \u00e9s adatkezel\u00e9s\u00e9vel kapcsolatban, k\u00e9rj\u00fck, vegye fel vel\u00fcnk a kapcsolatot&nbsp;<a href=\"http:\/\/hu.asystems.as\/kapcsolatfelvetel\" target=\"_blank\" rel=\"noreferrer noopener\">webformunkon kereszt\u00fcl<\/a>&nbsp;vagy \u00edrjon nek\u00fcnk e-mailt a&nbsp;<a href=\"mailto:dpo@asystems.as\">dpo@asystems.as<\/a>&nbsp;c\u00edmre.<\/p>\n<\/div><!--\/ .container -->\n<\/section><!--\/ .group -->\n","protected":false},"excerpt":{"rendered":"<p>Assessment Systems Adatv\u00e9delmi Szab\u00e1lyzat 1. Preambulum Az Assessment Systems International \u00e9s a V\u00e1llalatcsoport valamennyi v\u00e1llalata, amelyek mindegyike \u00f6n\u00e1ll\u00f3 jogi szem\u00e9lyis\u00e9g&#8230;<\/p>\n","protected":false},"author":2,"featured_media":0,"parent":0,"menu_order":1,"comment_status":"closed","ping_status":"closed","template":"","meta":{"_acf_changed":false,"footnotes":""},"class_list":["post-5780","page","type-page","status-publish","hentry"],"acf":[],"_links":{"self":[{"href":"https:\/\/asystems-backup.mediagrafik.cz\/hu\/wp-json\/wp\/v2\/pages\/5780","targetHints":{"allow":["GET"]}}],"collection":[{"href":"https:\/\/asystems-backup.mediagrafik.cz\/hu\/wp-json\/wp\/v2\/pages"}],"about":[{"href":"https:\/\/asystems-backup.mediagrafik.cz\/hu\/wp-json\/wp\/v2\/types\/page"}],"author":[{"embeddable":true,"href":"https:\/\/asystems-backup.mediagrafik.cz\/hu\/wp-json\/wp\/v2\/users\/2"}],"replies":[{"embeddable":true,"href":"https:\/\/asystems-backup.mediagrafik.cz\/hu\/wp-json\/wp\/v2\/comments?post=5780"}],"version-history":[{"count":1,"href":"https:\/\/asystems-backup.mediagrafik.cz\/hu\/wp-json\/wp\/v2\/pages\/5780\/revisions"}],"predecessor-version":[{"id":11261,"href":"https:\/\/asystems-backup.mediagrafik.cz\/hu\/wp-json\/wp\/v2\/pages\/5780\/revisions\/11261"}],"wp:attachment":[{"href":"https:\/\/asystems-backup.mediagrafik.cz\/hu\/wp-json\/wp\/v2\/media?parent=5780"}],"curies":[{"name":"wp","href":"https:\/\/api.w.org\/{rel}","templated":true}]}}