{"id":11308,"date":"2022-07-05T11:07:28","date_gmt":"2022-07-05T11:07:28","guid":{"rendered":"https:\/\/asystems-backup.mediagrafik.cz\/?page_id=11308"},"modified":"2025-02-04T06:55:04","modified_gmt":"2025-02-04T06:55:04","slug":"assessment-center","status":"publish","type":"page","link":"https:\/\/asystems-backup.mediagrafik.cz\/hu\/termekek-es-szolgaltatasok\/ac-dc\/assessment-center\/","title":{"rendered":"Assessment Center"},"content":{"rendered":"<section class=\"section is-style-section--pattern\">\n<div class=\"content content--regular global-style\">\n\n            <div class=\"buttons-menu-wrapper\">\n                    <a href=\"https:\/\/asystems-backup.mediagrafik.cz\/en\/tools-and-services\/ac-dc\/assessment-center\/\" class=\"button-menu \">Assessment Center<\/a>                    <a href=\"https:\/\/asystems-backup.mediagrafik.cz\/hu\/termekek-es-szolgaltatasok\/ac-dc\/development-center\/\" class=\"button-menu \">Development Center<\/a>                    <a href=\"https:\/\/asystems-backup.mediagrafik.cz\/hu\/termekek-es-szolgaltatasok\/ac-dc\/business-simulation\/\" class=\"button-menu \">Business simulation<\/a>            <\/div>\n        \n\n<p><\/p>\n\n<h6 class=\"wp-block-heading\">Betekint\u00e9s a kompetenci\u00e1kba.<\/h6>\n\n<h2 class=\"wp-block-heading\">Mi az Assessment Center?<\/h2>\n\n<p>Assessment centert \u00e1ltal\u00e1ban azokban a helyzetekben javasoljuk, amikor a munk\u00e1ltat\u00f3nak meg kell gy\u0151z\u0151dnie arr\u00f3l, hogy a megfelel\u0151 embert v\u00e1lasztj\u00e1k-e egy bizonyos munk\u00e1ra, vagyis amikor ennek a munk\u00e1nak a rossz teljes\u00edt\u00e9se jelent\u0151s kock\u00e1zatot jelent a v\u00e1llalat sz\u00e1m\u00e1ra.<\/p>\n\n<p>Az assessment center (AC) a legmegb\u00edzhat\u00f3bb m\u00f3dszer a legmagasabb potenci\u00e1llal rendelkez\u0151 munkav\u00e1llal\u00f3k kiv\u00e1laszt\u00e1s\u00e1ra az adott munka elv\u00e9gz\u00e9s\u00e9hez. Ez a m\u00f3dszer k\u00fcl\u00f6nf\u00e9le helyzeteket \u00e9s feladatokat \u00f6tv\u00f6z, amelyek megfelelnek az adott poz\u00edci\u00f3ban val\u00f3 sikeress\u00e9ghez sz\u00fcks\u00e9ges kompetenci\u00e1knak. Az Assessment Centert \u00e1ltal\u00e1ban egynapos programk\u00e9nt tervezik. A feladatok magukban foglalhatnak egy adott t\u00e9m\u00e1ban tartott el\u0151ad\u00e1st, szerepj\u00e1t\u00e9kot, csoportos feladatokat vagy esettanulm\u00e1nyokat. A pszichometriai tesztel\u00e9s szint\u00e9n fontos r\u00e9sze a kiv\u00e1laszt\u00e1si folyamatnak.<\/p>\n\n<p>Az AC feladatok megfelel\u0151 megtervez\u00e9se \u00e9rdek\u00e9ben r\u00e9szletes elemz\u00e9st kell v\u00e9gezni az adott munka sikeres elv\u00e9gz\u00e9s\u00e9hez sz\u00fcks\u00e9ges jelenlegi \u00e9s j\u00f6v\u0151beli k\u00f6vetelm\u00e9nyekr\u0151l. A v\u00e9gs\u0151 d\u00f6nt\u00e9s objektivit\u00e1s\u00e1t az biztos\u00edtja, hogy t\u00f6bb megfigyel\u0151 van, akik k\u00fcl\u00f6nb\u00f6z\u0151 m\u00f3dszereket alkalmaznak, \u00e9s \u00f6sszehasonl\u00edtj\u00e1k \u00e9szrev\u00e9teleiket \u00e9s \u00e9rt\u00e9kel\u00e9seiket az AC ut\u00e1n.<\/p>\n\n<h2 class=\"wp-block-heading\">Hogyan m\u0171k\u00f6dik az Assessment Center?<\/h2>\n\n<p>A jelentkez\u0151ket t\u00f6bb egy\u00e9ni \u00e9s csoportos helyzetben (munkahelyi pszichodiagnosztika, teljes\u00edtm\u00e9nytesztek, modellhelyzetek, esettanulm\u00e1nyok, szerepj\u00e1t\u00e9kok) figyelik meg, amelyek megfelelnek a szervezeten bel\u00fcl az adott poz\u00edci\u00f3ban a sikerhez sz\u00fcks\u00e9ges kompetenci\u00e1knak.<\/p>\n\n<figure class=\"wp-block-image size-full\"><img decoding=\"async\" src=\"https:\/\/asystems-backup.mediagrafik.cz\/wp-content\/uploads\/2022\/07\/implementation-process-ENG.svg\" alt=\"\" class=\"wp-image-836\"\/><\/figure>\n\n<ul class=\"wp-block-list\">\n<li><strong>Egy\u00e9ni AC <\/strong>a vezet\u0151i szerepre vagy a vezet\u0151i feladatokra p\u00e1ly\u00e1z\u00f3k vezet\u0151i potenci\u00e1lj\u00e1nak felm\u00e9r\u00e9se<\/li>\n\n\n\n<li><strong>Csoportos AC <\/strong>a szak\u00e9rt\u0151i szerepek speci\u00e1lis kompetenci\u00e1inak felm\u00e9r\u00e9se<\/li>\n<\/ul>\n\n<ul class=\"wp-block-list\">\n<li>A k\u00fcls\u0151 \u00e9s bels\u0151 jel\u00f6ltek potenci\u00e1lj\u00e1nak felm\u00e9r\u00e9se<\/li>\n\n\n\n<li>Tehets\u00e9gprogram r\u00e9sztvev\u0151inek kiv\u00e1laszt\u00e1sa<\/li>\n<\/ul>\n<\/div><!--\/ .container -->\n<\/section><!--\/ .group -->\n\n\n<section class=\"section is-style-section--normal\">\n<div class=\"content content--regular global-style\">\n\n<h2 class=\"wp-block-heading\">Milyen el\u0151ny\u00f6kkel j\u00e1r az Assessment Center?<\/h2>\n\n<div class=\"wp-block-columns are-vertically-aligned-top is-layout-flex wp-container-core-columns-is-layout-9d6595d7 wp-block-columns-is-layout-flex\">\n<div class=\"wp-block-column is-vertically-aligned-top is-layout-flow wp-block-column-is-layout-flow\">\n<h3 class=\"wp-block-heading\">El\u0151ny\u00f6k a munk\u00e1ltat\u00f3 sz\u00e1m\u00e1ra<\/h3>\n\n\n\n<ul class=\"wp-block-list\">\n<li>Az AC rendk\u00edv\u00fcl relev\u00e1ns inform\u00e1ci\u00f3kat ny\u00fajt a jelentkez\u0151k er\u0151ss\u00e9geir\u0151l \u00e9s gyenges\u00e9geir\u0151l, amelyeket m\u00e1s m\u00f3dszerekkel nem lehetne felfedezni.<\/li>\n\n\n\n<li>Az AC a szervezeten bel\u00fcli adott poz\u00edci\u00f3ban m\u00e9ri a sikerhez sz\u00fcks\u00e9ges kompetenci\u00e1kat.<\/li>\n\n\n\n<li>Az AC \u00f6sszehasonl\u00edtja a jel\u00f6lteket.<\/li>\n\n\n\n<li>Az AC tisztess\u00e9ges \u00e9s jogilag igazolhat\u00f3 m\u00f3dszer az alkalmazottak kiv\u00e1laszt\u00e1s\u00e1ra.<\/li>\n\n\n\n<li>Az AC jav\u00edtja a bels\u0151 \u00e9rt\u00e9kel\u0151k kompetenci\u00e1j\u00e1t \u00e9s szakmai szeml\u00e9let\u00e9t.<\/li>\n<\/ul>\n<\/div>\n\n\n\n<div class=\"wp-block-column is-vertically-aligned-top is-layout-flow wp-block-column-is-layout-flow\">\n<h3 class=\"wp-block-heading\">El\u0151ny\u00f6k a jel\u00f6ltek sz\u00e1m\u00e1ra<\/h3>\n\n\n\n<ul class=\"wp-block-list\">\n<li>Az AC fel\u00e9p\u00edt\u00e9se \u00e9s l\u00e9gk\u00f6re t\u00fckr\u00f6zi a munk\u00e1ltat\u00f3 szervezet\u00e9nek kult\u00far\u00e1j\u00e1t, \u00e9s \u00edgy a jel\u00f6ltek k\u00e9pet kapnak arr\u00f3l, milyen lenne az adott szervezetn\u00e9l dolgozni<\/li>\n\n\n\n<li>Az AC \u00e9rdekes fejl\u0151d\u00e9si tapasztalat a r\u00e9sztvev\u0151k sz\u00e1m\u00e1ra<\/li>\n\n\n\n<li>AC tisztess\u00e9ges kiv\u00e1laszt\u00e1si m\u00f3dszer<\/li>\n\n\n\n<li>Az AC \u00e9letszer\u0171 helyzeteket szimul\u00e1l, amely izgalmasak a r\u00e9sztvev\u0151k sz\u00e1m\u00e1ra<\/li>\n<\/ul>\n<\/div>\n<\/div>\n<\/div><!--\/ .container -->\n<\/section><!--\/ .group -->\n\n\n<section class=\"section is-style-section--pattern\">\n<div class=\"content content--regular global-style\">\n\n<h2 class=\"wp-block-heading\">Az Assessment Center el\u0151nyei<\/h2>\n\n                <div class=\"columns columns--3\">\n\n                            \n                                    <div class=\"columns__item\">\n                \n                    <div class=\"columns__left columns__left--icon\">\n                                                    <img decoding=\"async\" src=\"https:\/\/asystems-backup.mediagrafik.cz\/wp-content\/uploads\/2022\/07\/ready-to-use-competencies-1.svg\" class=\"attachment-full size-full\" alt=\"\" \/>                                            <\/div>\n                    <div class=\"columns__content\">\n                                                    <h4 class=\"columns__title\">HASZN\u00c1LATRA K\u00c9SZ KOMPETENCIA-SZETT<\/h4>\n                                                                            <div class=\"columns__text\"><p>J\u00f3l el\u0151k\u00e9sz\u00edtett, valid\u00e1lt kompetencia-k\u00e9szletek \u00e1llnak rendelkez\u00e9sre a poz\u00edci\u00f3 konkr\u00e9t k\u00f6vetelm\u00e9nyeihez.<\/p>\n<p>&nbsp;<\/p>\n<\/div>\n                                            <\/div>\n\n                                    <\/div>\n                \n                            \n                                    <div class=\"columns__item\">\n                \n                    <div class=\"columns__left columns__left--icon\">\n                                                    <img decoding=\"async\" src=\"https:\/\/asystems-backup.mediagrafik.cz\/wp-content\/uploads\/2022\/07\/customizable.svg\" class=\"attachment-full size-full\" alt=\"\" \/>                                            <\/div>\n                    <div class=\"columns__content\">\n                                                    <h4 class=\"columns__title\">TESTRESZABHAT\u00d3 KOMPETENCIAMODELL<\/h4>\n                                                                            <div class=\"columns__text\"><div class=\"et_pb_column et_pb_column_1_5 et_pb_column_13  et_pb_css_mix_blend_mode_passthrough\">\n<div class=\"et_pb_module et_pb_blurb et_pb_blurb_3  et_pb_text_align_center  et_pb_blurb_position_top et_pb_bg_layout_dark\">\n<div class=\"et_pb_blurb_content\">\n<div class=\"et_pb_blurb_container\">\n<div class=\"et_pb_blurb_description\">\n<p>Rugalmasak vagyunk. A kompetenciak\u00e9szleteket egyszer\u0171en a v\u00e1llalati m\u00e9rc\u00e9hez lehet igaz\u00edtani.<\/p>\n<\/div>\n<\/div>\n<\/div>\n<\/div>\n<\/div>\n<div class=\"et_pb_column et_pb_column_1_5 et_pb_column_14  et_pb_css_mix_blend_mode_passthrough\">\n<div class=\"et_pb_module et_pb_blurb et_pb_blurb_4  et_pb_text_align_center  et_pb_blurb_position_top et_pb_bg_layout_dark\">\n<div class=\"et_pb_blurb_content\">\n<div class=\"et_pb_main_blurb_image\"><\/div>\n<\/div>\n<\/div>\n<\/div>\n<\/div>\n                                            <\/div>\n\n                                    <\/div>\n                \n                            \n                                    <div class=\"columns__item\">\n                \n                    <div class=\"columns__left columns__left--icon\">\n                                                    <img decoding=\"async\" src=\"https:\/\/asystems-backup.mediagrafik.cz\/wp-content\/uploads\/2022\/07\/branded-report-blue.svg\" class=\"attachment-full size-full\" alt=\"\" \/>                                            <\/div>\n                    <div class=\"columns__content\">\n                                                    <h4 class=\"columns__title\">LOG\u00d3ZOTT RIPORTOK<\/h4>\n                                                                            <div class=\"columns__text\"><div class=\"et_pb_column et_pb_column_1_5 et_pb_column_14  et_pb_css_mix_blend_mode_passthrough\">\n<div class=\"et_pb_module et_pb_blurb et_pb_blurb_4  et_pb_text_align_center  et_pb_blurb_position_top et_pb_bg_layout_dark\">\n<div class=\"et_pb_blurb_content\">\n<div class=\"et_pb_blurb_container\">\n<div class=\"et_pb_blurb_description\">\n<p>Az egy\u00e9ni \u00e9s csoportos riportokat az \u00d6n c\u00e9g\u00e9nek log\u00f3j\u00e1val lehet ell\u00e1tni.<\/p>\n<\/div>\n<\/div>\n<\/div>\n<\/div>\n<\/div>\n<\/div>\n                                            <\/div>\n\n                                    <\/div>\n                \n                            \n                                    <div class=\"columns__item\">\n                \n                    <div class=\"columns__left columns__left--icon\">\n                                                    <img decoding=\"async\" src=\"https:\/\/asystems-backup.mediagrafik.cz\/wp-content\/uploads\/2022\/07\/individual-group-lightbg.svg\" class=\"attachment-full size-full\" alt=\"\" \/>                                            <\/div>\n                    <div class=\"columns__content\">\n                                                    <h4 class=\"columns__title\">\u00c9RTHET\u0150 EGY\u00c9NI \u00c9S CSOPORTOS JELENT\u00c9SEK<\/h4>\n                                                                            <div class=\"columns__text\"><div class=\"et_pb_column et_pb_column_1_5 et_pb_column_15  et_pb_css_mix_blend_mode_passthrough\">\n<div class=\"et_pb_module et_pb_blurb et_pb_blurb_5  et_pb_text_align_center  et_pb_blurb_position_top et_pb_bg_layout_dark\">\n<div class=\"et_pb_blurb_content\">\n<div class=\"et_pb_blurb_container\">\n<div class=\"et_pb_blurb_description\">\n<p>Jelent\u00e9seink j\u00f3l megtervezettek \u00e9s k\u00f6nnyen \u00e9rthet\u0151k. R\u00e9szletes inform\u00e1ci\u00f3k tal\u00e1lhat\u00f3k a jel\u00f6ltek potenci\u00e1lj\u00e1r\u00f3l.<\/p>\n<\/div>\n<\/div>\n<\/div>\n<\/div>\n<\/div>\n<\/div>\n                                            <\/div>\n\n                                    <\/div>\n                \n                            \n                                    <div class=\"columns__item\">\n                \n                    <div class=\"columns__left columns__left--icon\">\n                                                    <img decoding=\"async\" src=\"https:\/\/asystems-backup.mediagrafik.cz\/wp-content\/uploads\/2022\/07\/multi-language-blue.svg\" class=\"attachment-full size-full\" alt=\"\" \/>                                            <\/div>\n                    <div class=\"columns__content\">\n                                                    <h4 class=\"columns__title\">T\u00d6BBNYELV\u0170 <\/h4>\n                                                                            <div class=\"columns__text\"><div class=\"et_pb_row et_pb_row_9 page-bottom-padding et_pb_row_5col\">\n<div class=\"et_pb_column et_pb_column_1_5 et_pb_column_16  et_pb_css_mix_blend_mode_passthrough et-last-child\">\n<div class=\"et_pb_module et_pb_blurb et_pb_blurb_6  et_pb_text_align_center  et_pb_blurb_position_top et_pb_bg_layout_dark\">\n<div class=\"et_pb_blurb_content\">\n<div class=\"et_pb_blurb_container\">\n<div class=\"et_pb_blurb_description\">\n<p>K\u00e9pesek vagyunk AC-t tartani t\u00f6bb nyelven is, \u00edgy k\u00f6nnyen haszn\u00e1lhat\u00f3 b\u00e1rmely nemzetk\u00f6zi v\u00e1llalatn\u00e1l vil\u00e1gszerte.<\/p>\n<\/div>\n<\/div>\n<\/div>\n<\/div>\n<\/div>\n<\/div>\n<\/div>\n                                            <\/div>\n\n                                    <\/div>\n                \n                            \n                                    <div class=\"columns__item\">\n                \n                    <div class=\"columns__left columns__left--icon\">\n                                                    <img decoding=\"async\" src=\"https:\/\/asystems-backup.mediagrafik.cz\/wp-content\/uploads\/2022\/07\/wide-range-activities.svg\" class=\"attachment-full size-full\" alt=\"\" \/>                                            <\/div>\n                    <div class=\"columns__content\">\n                                                    <h4 class=\"columns__title\">TEV\u00c9KENYS\u00c9GEK SZ\u00c9LES SK\u00c1L\u00c1JA<\/h4>\n                                                                            <div class=\"columns__text\"><div class=\"et_pb_column et_pb_column_1_5 et_pb_column_17  et_pb_css_mix_blend_mode_passthrough\">\n<div class=\"et_pb_module et_pb_blurb et_pb_blurb_7  et_pb_text_align_center  et_pb_blurb_position_top et_pb_bg_layout_dark\">\n<div class=\"et_pb_blurb_content\">\n<div class=\"et_pb_blurb_container\">\n<div class=\"et_pb_blurb_description\">\n<p>Tev\u00e9kenys\u00e9geinket mindig az \u00fcgyf\u00e9l egyedi ig\u00e9nyeire szabjuk, a tev\u00e9kenys\u00e9gek sz\u00e9les v\u00e1laszt\u00e9k\u00e1val a k\u00fcl\u00f6nb\u00f6z\u0151 munkak\u00f6r\u00f6kh\u00f6z, poz\u00edci\u00f3khoz \u00e9s ipar\u00e1gakhoz.<\/p>\n<\/div>\n<\/div>\n<\/div>\n<\/div>\n<\/div>\n<\/div>\n                                            <\/div>\n\n                                    <\/div>\n                \n                            \n                                    <div class=\"columns__item\">\n                \n                    <div class=\"columns__left columns__left--icon\">\n                                                    <img decoding=\"async\" src=\"https:\/\/asystems-backup.mediagrafik.cz\/wp-content\/uploads\/2022\/07\/quality-psychometric-methods-1.svg\" class=\"attachment-full size-full\" alt=\"\" \/>                                            <\/div>\n                    <div class=\"columns__content\">\n                                                    <h4 class=\"columns__title\">MAGAS MIN\u0150S\u00c9G\u0170 PSZICHOMETRIAI M\u00d3DSZEREK<\/h4>\n                                                                            <div class=\"columns__text\"><div class=\"et_pb_column et_pb_column_1_5 et_pb_column_18  et_pb_css_mix_blend_mode_passthrough\">\n<div class=\"et_pb_module et_pb_blurb et_pb_blurb_8  et_pb_text_align_center  et_pb_blurb_position_top et_pb_bg_layout_dark\">\n<div class=\"et_pb_blurb_content\">\n<div class=\"et_pb_blurb_container\">\n<div class=\"et_pb_blurb_description\">\n<p>K\u00fcl\u00f6nb\u00f6z\u0151 \u00e9rt\u00e9kel\u00e9si m\u00f3dszerek alkalmaz\u00e1sa biztos\u00edtja az \u00e9rt\u00e9kel\u00e9s min\u0151s\u00e9g\u00e9t \u00e9s elker\u00fcli az eredm\u00e9nyek szubjektivit\u00e1s\u00e1t.<\/p>\n<\/div>\n<\/div>\n<\/div>\n<\/div>\n<\/div>\n<div class=\"et_pb_column et_pb_column_1_5 et_pb_column_19  et_pb_css_mix_blend_mode_passthrough\">\n<div class=\"et_pb_module et_pb_blurb et_pb_blurb_9  et_pb_text_align_center  et_pb_blurb_position_top et_pb_bg_layout_dark\">\n<div class=\"et_pb_blurb_content\">\n<div class=\"et_pb_main_blurb_image\"><\/div>\n<\/div>\n<\/div>\n<\/div>\n<\/div>\n                                            <\/div>\n\n                                    <\/div>\n                \n                            \n                                    <div class=\"columns__item\">\n                \n                    <div class=\"columns__left columns__left--icon\">\n                                                    <img decoding=\"async\" src=\"https:\/\/asystems-backup.mediagrafik.cz\/wp-content\/uploads\/2022\/07\/professional-assessors-1.svg\" class=\"attachment-full size-full\" alt=\"\" \/>                                            <\/div>\n                    <div class=\"columns__content\">\n                                                    <h4 class=\"columns__title\">SZAKMAI \u00c9RT\u00c9KEL\u0150K<\/h4>\n                                                                            <div class=\"columns__text\"><p>\u00c9rt\u00e9kel\u0151ink szak\u00e9rtelm\u00e9t az AC-ek egyik legfontosabb r\u00e9sz\u00e9nek tartjuk. A megfigyel\u00e9s magas sz\u00ednvonal\u00e1nak biztos\u00edt\u00e1sa \u00e9rdek\u00e9ben a bels\u0151 \u00fcgyfelek \u00e9rt\u00e9kel\u0151i sz\u00e1m\u00e1ra k\u00e9pz\u00e9st kell biztos\u00edtani.<\/p>\n<\/div>\n                                            <\/div>\n\n                                    <\/div>\n                \n                            \n                                    <div class=\"columns__item\">\n                \n                    <div class=\"columns__left columns__left--icon\">\n                                                    <img decoding=\"async\" src=\"https:\/\/asystems-backup.mediagrafik.cz\/wp-content\/uploads\/2022\/07\/professional-consultancy-1.svg\" class=\"attachment-full size-full\" alt=\"\" \/>                                            <\/div>\n                    <div class=\"columns__content\">\n                                                    <h4 class=\"columns__title\">SZAKMAI TAN\u00c1CSAD\u00c1S<\/h4>\n                                                                            <div class=\"columns__text\"><div class=\"et_pb_section et_pb_section_5 product-services-elements button100 et_pb_with_background et_section_regular\">\n<div class=\"et_pb_row et_pb_row_10 page-bottom-padding et_pb_row_5col\">\n<div class=\"et_pb_column et_pb_column_1_5 et_pb_column_20  et_pb_css_mix_blend_mode_passthrough\">\n<div class=\"et_pb_module et_pb_blurb et_pb_blurb_10  et_pb_text_align_center  et_pb_blurb_position_top et_pb_bg_layout_dark\">\n<div class=\"et_pb_blurb_content\">\n<div class=\"et_pb_blurb_container\">\n<div class=\"et_pb_blurb_description\">\n<p>Az \u00fcgyf\u00e9l \u00e9s tan\u00e1csad\u00f3ink k\u00f6z\u00f6tti egy\u00fcttm\u0171k\u00f6d\u00e9s a kiv\u00e1laszt\u00e1si folyamat sor\u00e1n minden \u00f6sszef\u00fcgg\u00e9sben lefedhet\u0151 a szolg\u00e1ltat\u00e1s magas \u00e9rt\u00e9k\u00e9nek biztos\u00edt\u00e1sa \u00e9rdek\u00e9ben.<\/p>\n<\/div>\n<\/div>\n<\/div>\n<\/div>\n<\/div>\n<\/div>\n<\/div>\n<div class=\"et_pb_section et_pb_section_6 cta-contact-us et_pb_with_background et_section_regular\">\n<div class=\"et_pb_row et_pb_row_11 et_pb_row_fullwidth et_pb_row_3-4_1-4\">\n<div class=\"et_pb_column et_pb_column_3_4 et_pb_column_22  et_pb_css_mix_blend_mode_passthrough\">\n<div class=\"et_pb_module et_pb_text et_pb_text_12  et_pb_text_align_left et_pb_bg_layout_dark\">\n<div class=\"et_pb_text_inner\"><\/div>\n<\/div>\n<\/div>\n<\/div>\n<\/div>\n<\/div>\n                                            <\/div>\n\n                                    <\/div>\n                \n            \n        <\/div>\n    \n<\/div><!--\/ .container -->\n<\/section><!--\/ .group -->\n\n\n\n                <div class=\"cta cta--orange\">\n            <div class=\"cta__content content content--regular\">\n\n                                    <div class=\"cta__text\">Szeretne t\u00f6bbet megtudni arr\u00f3l, hogyan seg\u00edthet az Assessment Systems az \u00d6n szervezet\u00e9nek kiemelked\u0151 Assessmenet Centerek \u00e9s m\u0171k\u00f6dtet\u00e9s\u00e9ben?<\/div>\n                \n                \n                                            <a href=\"https:\/\/hu.asystems.as\/kapcsolatfelvetel\/\" class=\"button\" target=\"_blank\" rel=\"noopener\">Kapcsolat<\/a>\n                    \n                \n            <\/div>\n        <\/div>\n    \n    \n","protected":false},"excerpt":{"rendered":"<p>Betekint\u00e9s a kompetenci\u00e1kba. Mi az Assessment Center? Assessment centert \u00e1ltal\u00e1ban azokban a helyzetekben javasoljuk, amikor a munk\u00e1ltat\u00f3nak meg kell gy\u0151z\u0151dnie&#8230;<\/p>\n","protected":false},"author":2,"featured_media":0,"parent":8791,"menu_order":1,"comment_status":"closed","ping_status":"closed","template":"","meta":{"_acf_changed":false,"footnotes":""},"class_list":["post-11308","page","type-page","status-publish","hentry"],"acf":[],"_links":{"self":[{"href":"https:\/\/asystems-backup.mediagrafik.cz\/hu\/wp-json\/wp\/v2\/pages\/11308","targetHints":{"allow":["GET"]}}],"collection":[{"href":"https:\/\/asystems-backup.mediagrafik.cz\/hu\/wp-json\/wp\/v2\/pages"}],"about":[{"href":"https:\/\/asystems-backup.mediagrafik.cz\/hu\/wp-json\/wp\/v2\/types\/page"}],"author":[{"embeddable":true,"href":"https:\/\/asystems-backup.mediagrafik.cz\/hu\/wp-json\/wp\/v2\/users\/2"}],"replies":[{"embeddable":true,"href":"https:\/\/asystems-backup.mediagrafik.cz\/hu\/wp-json\/wp\/v2\/comments?post=11308"}],"version-history":[{"count":9,"href":"https:\/\/asystems-backup.mediagrafik.cz\/hu\/wp-json\/wp\/v2\/pages\/11308\/revisions"}],"predecessor-version":[{"id":24891,"href":"https:\/\/asystems-backup.mediagrafik.cz\/hu\/wp-json\/wp\/v2\/pages\/11308\/revisions\/24891"}],"up":[{"embeddable":true,"href":"https:\/\/asystems-backup.mediagrafik.cz\/hu\/wp-json\/wp\/v2\/pages\/8791"}],"wp:attachment":[{"href":"https:\/\/asystems-backup.mediagrafik.cz\/hu\/wp-json\/wp\/v2\/media?parent=11308"}],"curies":[{"name":"wp","href":"https:\/\/api.w.org\/{rel}","templated":true}]}}