{"id":11258,"date":"2022-07-07T11:54:40","date_gmt":"2022-07-07T11:54:40","guid":{"rendered":"https:\/\/asystems-backup.mediagrafik.cz\/?page_id=11258"},"modified":"2023-01-26T13:12:51","modified_gmt":"2023-01-26T13:12:51","slug":"munkaero-analitika","status":"publish","type":"page","link":"https:\/\/asystems-backup.mediagrafik.cz\/hu\/termekek-es-szolgaltatasok\/munkaero-analitika\/","title":{"rendered":"Munkaer\u0151-analitika"},"content":{"rendered":"<section class=\"section is-style-section--normal\">\n<div class=\"content content--regular global-style\">\n\n<h6 class=\"wp-block-heading\">Intelligens Team Riport<\/h6>\n\n<h1 class=\"wp-block-heading\">Munkaer\u0151-analitika<\/h1>\n\n<p><\/p>\n\n<p><\/p>\n\n<h2 class=\"wp-block-heading\">Mi az Intelligens Team Riport?<\/h2>\n\n<p>Az ITR az \u00fczleti, HR \u00e9s pszichometriai adatokat egyes\u00edti, hogy seg\u00edtse a vezet\u0151ket abban, hogy jobb emberekkel kapcsolatos d\u00f6nt\u00e9seket hozzanak a munkaer\u0151-toborz\u00e1s, az elhelyez\u00e9s, az el\u0151l\u00e9ptet\u00e9s \u00e9s a fejleszt\u00e9s ter\u00fclet\u00e9n, m\u00e9rhet\u0151 hat\u00e1ssal a v\u00e1llalat teljes\u00edtm\u00e9ny\u00e9re. HR analitikai megold\u00e1sunk a HR-adatokat haszn\u00e1lja fel \u00e9s kapcsolja \u00f6ssze a v\u00e9geredm\u00e9nnyel.<\/p>\n\n<h2 class=\"wp-block-heading\">Mit fedezhetsz fel az ITR seg\u00edts\u00e9g\u00e9vel?<\/h2>\n\n<div class=\"wp-block-columns is-layout-flex wp-container-core-columns-is-layout-9d6595d7 wp-block-columns-is-layout-flex\">\n<div class=\"wp-block-column is-layout-flow wp-block-column-is-layout-flow\">\n<p>Betekint\u00e9s az \u00fczleti\/m\u0171k\u00f6d\u00e9ssel kapcsolatos v\u00e1ltoz\u00f3k emberekkel kapcsolatos el\u0151rejelz\u0151ibe, amelyek k\u00f6zvetlen hat\u00e1ssal vannak a v\u00e1llalat teljes\u00edtm\u00e9ny\u00e9re (\u00e9rt\u00e9kes\u00edt\u00e9s, balesetek, megtart\u00e1s, \u00fcgyfelek el\u00e9gedetts\u00e9ge, \u00fcgyfelekkel t\u00f6lt\u00f6tt \u00f3r\u00e1k stb.)<\/p>\n<\/div>\n\n\n\n<div class=\"wp-block-column is-layout-flow wp-block-column-is-layout-flow\">\n<p>A v\u00e1llalat\/csapat viselked\u00e9si trendjeinek le\u00edr\u00e1sa &#8211; inform\u00e1ci\u00f3k a napi viselked\u00e9sr\u0151l, a kult\u00far\u00e1r\u00f3l, a kisikl\u00f3kr\u00f3l, a d\u00f6nt\u00e9shozatali st\u00edlusokr\u00f3l, a fejleszt\u00e9si ig\u00e9nyekr\u0151l \u00e9s er\u0151forr\u00e1sokr\u00f3l stb.<\/p>\n<\/div>\n\n\n\n<div class=\"wp-block-column is-layout-flow wp-block-column-is-layout-flow\">\n<p>Inform\u00e1ci\u00f3k az egyes alkalmazottak saj\u00e1toss\u00e1gair\u00f3l, mint p\u00e9ld\u00e1ul tipikus viselked\u00e9si mint\u00e1ik, motiv\u00e1ci\u00f3s &#8222;gombjaik&#8221;, vakfoltjaik, csapatszerepek, probl\u00e9mamegold\u00f3 st\u00edlusuk, a v\u00e1llalat elhagy\u00e1s\u00e1nak relat\u00edv kock\u00e1zata, a k\u00fcl\u00f6nb\u00f6z\u0151 kompetenci\u00e1k \u00e9s munkak\u00f6r\u00f6k bet\u00f6lt\u00e9s\u00e9ben rejl\u0151 lehet\u0151s\u00e9geik stb.<\/p>\n<\/div>\n<\/div>\n<\/div><!--\/ .container -->\n<\/section><!--\/ .group -->\n\n\n<section class=\"section is-style-section--pattern\">\n<div class=\"content content--regular global-style\">\n\n<h2 class=\"wp-block-heading\">ITR az \u00d6n adataival dolgozik<\/h2>\n\n<p><strong>Az ITR (Intelligens Team Riport) a v\u00e1llalat alkalmazottair\u00f3l rendelkez\u00e9sre \u00e1ll\u00f3 adatok b\u00e1ny\u00e1sz\u00e1s\u00e1n alapul. Nem kell minden olyan adattal rendelkeznie, amellyel a jelent\u00e9s dolgozik, mindazon\u00e1ltal min\u00e9l t\u00f6bb adatot tud az ITR rendelkez\u00e9s\u00e9re bocs\u00e1tani, ann\u00e1l t\u00f6bb potenci\u00e1lisan hasznos felismer\u00e9sre sz\u00e1m\u00edthat. Az ITR m\u00e1r k\u00e9pes olyan adatk\u00e9szletekkel dolgozni, amelyek a TELSES\u00cdTM\u00c9NY, HIRDET\u00c9S \u00e9s POTENCI\u00c1LIS teljes\u00edtm\u00e9ny h\u00e1rom kulcsfontoss\u00e1g\u00fa m\u00e9r\u0151sz\u00e1m\u00e1b\u00f3l kett\u0151 b\u00e1rmely kombin\u00e1ci\u00f3j\u00e1b\u00f3l \u00e1llnak. Az eredm\u00e9nyek felhaszn\u00e1lhat\u00f3k az olyan strat\u00e9giai v\u00e1llalati kezdem\u00e9nyez\u00e9sek t\u00e1mogat\u00e1s\u00e1ra, mint az egyes\u00fcl\u00e9st k\u00f6vet\u0151 integr\u00e1ci\u00f3, a digit\u00e1lis \u00e1talakul\u00e1s \u00e9s a hat\u00e9konys\u00e1gi \u00e1talakul\u00e1s.<\/strong><\/p>\n<\/div><!--\/ .container -->\n<\/section><!--\/ .group -->\n\n\n<section class=\"section is-style-section--normal\">\n<div class=\"content content--regular global-style\">\n\n<h2 class=\"wp-block-heading\">HR-elemz\u00e9s sor\u00e1n az ITR a k\u00f6vetkez\u0151 eszk\u00f6z\u00f6kkel dolgozik<\/h2>\n\n<ul class=\"wp-block-list\">\n<li><strong>TELJES\u00cdTM\u00c9NY M\u00c9R\u00c9SEK <\/strong>(b\u00e1rmely, a v\u00e1llalatn\u00e1l haszn\u00e1lt KPI)<\/li>\n\n\n\n<li><strong>REPUT\u00c1CI\u00d3 M\u00e9r\u00e9sek <\/strong>(a v\u00e1llalatn\u00e1l haszn\u00e1lt b\u00e1rmely 360\u00b0-os eszk\u00f6z kimenete vagy a felettesek \u00e9rt\u00e9kel\u00e9sei)<\/li>\n\n\n\n<li><strong>POTENCI\u00c1LIS M\u00c9R\u00c9SEK <\/strong>(a v\u00e1llalatn\u00e1l haszn\u00e1lt b\u00e1rmely relev\u00e1ns pszichometriai \u00e9s kognit\u00edv eszk\u00f6z eredm\u00e9nyei)<\/li>\n\n\n\n<li><strong>HR &amp; \u00dcZLETI ADATOK <\/strong>(beoszt\u00e1s, a v\u00e1llalatn\u00e1l t\u00f6lt\u00f6tt h\u00f3napok, elv\u00e9gzett k\u00e9pz\u00e9sek, az utols\u00f3 el\u0151l\u00e9ptet\u00e9st\u0151l eltelt id\u0151, balesetek, t\u00fal\u00f3r\u00e1k, \u00fcgyfelekkel t\u00f6lt\u00f6tt id\u0151, \u00fcgyf\u00e9lel\u00e9gedetts\u00e9g, nyeres\u00e9gess\u00e9g, b\u00f3nuszok stb.)<\/li>\n\n\n\n<li><strong>SZOCIODEMOGR\u00c1FIAI ADATOK<\/strong> (nem, \u00e9letkor, iskolai v\u00e9gzetts\u00e9g stb.)<\/li>\n<\/ul>\n<div class=\"wp-block-image\">\n<figure class=\"aligncenter size-large\"><img decoding=\"async\" width=\"950\" height=\"676\" src=\"https:\/\/asystems-backup.mediagrafik.cz\/wp-content\/uploads\/2022\/07\/irt_-_sample-1080x769-1-950x676.png\" alt=\"\" class=\"wp-image-976\" srcset=\"https:\/\/asystems-backup.mediagrafik.cz\/wp-content\/uploads\/2022\/07\/irt_-_sample-1080x769-1-950x676.png 950w, https:\/\/asystems-backup.mediagrafik.cz\/wp-content\/uploads\/2022\/07\/irt_-_sample-1080x769-1-300x214.png 300w, https:\/\/asystems-backup.mediagrafik.cz\/wp-content\/uploads\/2022\/07\/irt_-_sample-1080x769-1-768x547.png 768w, https:\/\/asystems-backup.mediagrafik.cz\/wp-content\/uploads\/2022\/07\/irt_-_sample-1080x769-1.png 1080w\" sizes=\"(max-width: 950px) 100vw, 950px\" \/><\/figure>\n<\/div>\n<h2 class=\"wp-block-heading\">N\u00e9zze meg, hogyan t\u00e1mogatja az ITR a cselekv\u00e9sorient\u00e1lt d\u00f6nt\u00e9seket<\/h2>\n\n<div class=\"wp-block-columns is-layout-flex wp-container-core-columns-is-layout-9d6595d7 wp-block-columns-is-layout-flex\">\n<div class=\"wp-block-column is-layout-flow wp-block-column-is-layout-flow\">\n<h6 class=\"has-text-align-center wp-block-heading\"><em>Alice Talent<\/em><\/h6>\n\n\n<div class=\"wp-block-image\">\n<figure class=\"aligncenter size-full\"><img decoding=\"async\" width=\"323\" height=\"313\" src=\"https:\/\/asystems-backup.mediagrafik.cz\/wp-content\/uploads\/2022\/07\/alice_talent.png\" alt=\"\" class=\"wp-image-982\" srcset=\"https:\/\/asystems-backup.mediagrafik.cz\/wp-content\/uploads\/2022\/07\/alice_talent.png 323w, https:\/\/asystems-backup.mediagrafik.cz\/wp-content\/uploads\/2022\/07\/alice_talent-300x291.png 300w\" sizes=\"(max-width: 323px) 100vw, 323px\" \/><\/figure>\n<\/div><\/div>\n\n\n\n<div class=\"wp-block-column is-layout-flow wp-block-column-is-layout-flow\">\n<h6 class=\"has-text-align-center wp-block-heading\"><em>Potential, Reputation and Performance results<\/em><\/h6>\n\n\n<div class=\"wp-block-image\">\n<figure class=\"aligncenter size-full\"><img decoding=\"async\" width=\"304\" height=\"146\" src=\"https:\/\/asystems-backup.mediagrafik.cz\/wp-content\/uploads\/2022\/07\/Snimek-obrazovky-2022-07-07-141139.png\" alt=\"\" class=\"wp-image-983\" srcset=\"https:\/\/asystems-backup.mediagrafik.cz\/wp-content\/uploads\/2022\/07\/Snimek-obrazovky-2022-07-07-141139.png 304w, https:\/\/asystems-backup.mediagrafik.cz\/wp-content\/uploads\/2022\/07\/Snimek-obrazovky-2022-07-07-141139-300x144.png 300w\" sizes=\"(max-width: 304px) 100vw, 304px\" \/><\/figure>\n<\/div><\/div>\n\n\n\n<div class=\"wp-block-column is-layout-flow wp-block-column-is-layout-flow\">\n<h6 class=\"has-text-align-center wp-block-heading\"><em>Suggestion<\/em><\/h6>\n\n\n\n<figure class=\"wp-block-image size-full\"><img decoding=\"async\" width=\"706\" height=\"655\" src=\"https:\/\/asystems-backup.mediagrafik.cz\/wp-content\/uploads\/2022\/07\/support.png\" alt=\"\" class=\"wp-image-984\" srcset=\"https:\/\/asystems-backup.mediagrafik.cz\/wp-content\/uploads\/2022\/07\/support.png 706w, https:\/\/asystems-backup.mediagrafik.cz\/wp-content\/uploads\/2022\/07\/support-300x278.png 300w\" sizes=\"(max-width: 706px) 100vw, 706px\" \/><\/figure>\n<\/div>\n<\/div>\n<\/div><!--\/ .container -->\n<\/section><!--\/ .group -->\n\n\n<section class=\"section is-style-section--pattern\">\n<div class=\"content content--regular global-style\">\n\n<h2 class=\"wp-block-heading\">Hogyan seg\u00edt\u00fcnk<\/h2>\n\n<div class=\"wp-block-columns is-layout-flex wp-container-core-columns-is-layout-9d6595d7 wp-block-columns-is-layout-flex\">\n<div class=\"wp-block-column is-layout-flow wp-block-column-is-layout-flow\">\n            <div class=\"accordition\">\n                                <div class=\"accordition__item\">\n                <h5 class=\"accordition__title js-accordition-title\">MEGTART\u00c1S<\/h5>\n                <div class=\"accordition__content js-accordition-content\">\n                    <div class=\"accordition__content-inside\">\n                        <div class=\"et_pb_module et_pb_toggle et_pb_toggle_0 et_pb_toggle_item et_pb_toggle_open\">\n<div class=\"et_pb_toggle_content clearfix\">\n<p>Nem sz\u00e1m\u00edt, milyen korl\u00e1taid vannak, sikerrel j\u00e1rt\u00e1l, \u00e9s az emberek ezt \u00e9rt\u00e9kelik.<\/p>\n<\/div>\n<\/div>\n                    <\/div>\n                <\/div>\n            <\/div>\n\n                                <div class=\"accordition__item\">\n                <h5 class=\"accordition__title js-accordition-title\">MEGFIGYEL<\/h5>\n                <div class=\"accordition__content js-accordition-content\">\n                    <div class=\"accordition__content-inside\">\n                        <p>Megvan az oka annak, hogy nem felelsz meg a teljes\u00edtm\u00e9nyk\u00f6vetelm\u00e9nyeknek, de az embereket nem \u00e9rdekli, \u00e9s m\u00e9gis kedvelnek t\u00e9ged.<\/p>\n                    <\/div>\n                <\/div>\n            <\/div>\n\n                                <div class=\"accordition__item\">\n                <h5 class=\"accordition__title js-accordition-title\">ELVISEL<\/h5>\n                <div class=\"accordition__content js-accordition-content\">\n                    <div class=\"accordition__content-inside\">\n                        <p>T\u00falsz\u00e1rnyalod az elv\u00e1r\u00e1sokat \u00e9s produkt\u00edv vagy, de senki sem veszi \u00e9szre. Dolgozz az imidzseden.<\/p>\n                    <\/div>\n                <\/div>\n            <\/div>\n\n                                <div class=\"accordition__item\">\n                <h5 class=\"accordition__title js-accordition-title\">KICSER\u00c9L<\/h5>\n                <div class=\"accordition__content js-accordition-content\">\n                    <div class=\"accordition__content-inside\">\n                        <p>Ez val\u00f3sz\u00edn\u0171leg j\u00f3 alkalom lenne arra, hogy felk\u00e9sz\u00fclj\u00f6n a k\u00f6vetkez\u0151 karrier\u00e9p\u00edt\u00e9sre.<\/p>\n                    <\/div>\n                <\/div>\n            <\/div>\n\n            <\/div>\n    \n    \n<\/div>\n\n\n\n<div class=\"wp-block-column is-layout-flow wp-block-column-is-layout-flow\">\n            <div class=\"accordition\">\n                                <div class=\"accordition__item\">\n                <h5 class=\"accordition__title js-accordition-title\">EL\u0150L\u00c9PTET\u00c9S<\/h5>\n                <div class=\"accordition__content js-accordition-content\">\n                    <div class=\"accordition__content-inside\">\n                        <p>Nagyszer\u0171 k\u00e9pess\u00e9geid vannak, nagy szt\u00e1r vagy, \u00e9s ezt mindenki tudja.<\/p>\n                    <\/div>\n                <\/div>\n            <\/div>\n\n                                <div class=\"accordition__item\">\n                <h5 class=\"accordition__title js-accordition-title\">T\u00c1MOGAT<\/h5>\n                <div class=\"accordition__content js-accordition-content\">\n                    <div class=\"accordition__content-inside\">\n                        <p>Lehetn\u00e9l szt\u00e1r, \u00e9s ezt mindenki tudja, csak be kell bizony\u00edtanod azzal, hogy produkt\u00edvv\u00e1 v\u00e1lsz.<\/p>\n                    <\/div>\n                <\/div>\n            <\/div>\n\n                                <div class=\"accordition__item\">\n                <h5 class=\"accordition__title js-accordition-title\">MEGV\u00c9D<\/h5>\n                <div class=\"accordition__content js-accordition-content\">\n                    <div class=\"accordition__content-inside\">\n                        <p>K\u00e9pzett \u00e9s produkt\u00edv vagy, de jobban egy\u00fctt kell dolgoznod a k\u00f6r\u00fcl\u00f6tted l\u00e9v\u0151kkel.<\/p>\n                    <\/div>\n                <\/div>\n            <\/div>\n\n                                <div class=\"accordition__item\">\n                <h5 class=\"accordition__title js-accordition-title\">FELR\u00c1Z<\/h5>\n                <div class=\"accordition__content js-accordition-content\">\n                    <div class=\"accordition__content-inside\">\n                        <p>Lehet, hogy j\u00f3 vagy, de senki sem tudja, mert m\u00e9g nem mutattad meg.<\/p>\n                    <\/div>\n                <\/div>\n            <\/div>\n\n            <\/div>\n    \n    \n<\/div>\n<\/div>\n<\/div><!--\/ .container -->\n<\/section><!--\/ .group -->\n\n\n\n                <div class=\"cta cta--blue\">\n            <div class=\"cta__content content content--regular\">\n\n                                    <div class=\"cta__text\">Ha \u00e9rdekli HR analitikai megold\u00e1sunk, gy\u0151z\u0151dj\u00f6n meg r\u00f3la, hogy az Intelligens csapatjelent\u00e9s \u00f6sszes k\u00e9pess\u00e9g\u00e9t megn\u00e9zi a mint\u00e1nkban. Tov\u00e1bbi inform\u00e1ci\u00f3k\u00e9rt \u00e9s az ITR alkalmaz\u00e1s\u00e1val kapcsolatos \u00e1raj\u00e1nlatok\u00e9rt vegye fel a kapcsolatot irod\u00e1nkkal.<\/div>\n                \n                \n                                            <a href=\"https:\/\/hu.asystems.as\/kapcsolatfelvetel\/\" class=\"button\" target=\"_blank\" rel=\"noopener\">Kapcsolat<\/a>\n                    \n                \n            <\/div>\n        <\/div>\n    \n    \n","protected":false},"excerpt":{"rendered":"<p>Intelligens Team Riport Munkaer\u0151-analitika Mi az Intelligens Team Riport? Az ITR az \u00fczleti, HR \u00e9s pszichometriai adatokat egyes\u00edti, hogy seg\u00edtse&#8230;<\/p>\n","protected":false},"author":2,"featured_media":0,"parent":8717,"menu_order":6,"comment_status":"closed","ping_status":"closed","template":"","meta":{"_acf_changed":false,"footnotes":""},"class_list":["post-11258","page","type-page","status-publish","hentry"],"acf":[],"_links":{"self":[{"href":"https:\/\/asystems-backup.mediagrafik.cz\/hu\/wp-json\/wp\/v2\/pages\/11258","targetHints":{"allow":["GET"]}}],"collection":[{"href":"https:\/\/asystems-backup.mediagrafik.cz\/hu\/wp-json\/wp\/v2\/pages"}],"about":[{"href":"https:\/\/asystems-backup.mediagrafik.cz\/hu\/wp-json\/wp\/v2\/types\/page"}],"author":[{"embeddable":true,"href":"https:\/\/asystems-backup.mediagrafik.cz\/hu\/wp-json\/wp\/v2\/users\/2"}],"replies":[{"embeddable":true,"href":"https:\/\/asystems-backup.mediagrafik.cz\/hu\/wp-json\/wp\/v2\/comments?post=11258"}],"version-history":[{"count":4,"href":"https:\/\/asystems-backup.mediagrafik.cz\/hu\/wp-json\/wp\/v2\/pages\/11258\/revisions"}],"predecessor-version":[{"id":11837,"href":"https:\/\/asystems-backup.mediagrafik.cz\/hu\/wp-json\/wp\/v2\/pages\/11258\/revisions\/11837"}],"up":[{"embeddable":true,"href":"https:\/\/asystems-backup.mediagrafik.cz\/hu\/wp-json\/wp\/v2\/pages\/8717"}],"wp:attachment":[{"href":"https:\/\/asystems-backup.mediagrafik.cz\/hu\/wp-json\/wp\/v2\/media?parent=11258"}],"curies":[{"name":"wp","href":"https:\/\/api.w.org\/{rel}","templated":true}]}}